{"id":1020,"date":"2022-10-04T15:46:44","date_gmt":"2022-10-04T15:46:44","guid":{"rendered":"https:\/\/apaliceovalencia.com\/?post_type=mkt-anuncios&#038;p=1020"},"modified":"2022-10-04T15:46:44","modified_gmt":"2022-10-04T15:46:44","slug":"recuperer-et-garder-vos-enfants","status":"publish","type":"mkt-anuncios","link":"https:\/\/apaliceovalencia.com\/fr\/mkt-anuncios\/recuperer-et-garder-vos-enfants\/","title":{"rendered":"R\u00e9cup\u00e9rer et garder vos enfants"},"content":{"rendered":"<p>Je suis disponible pour venir r\u00e9cup\u00e9rer et garder vos enfants apr\u00e8s l\u2019\u00e9cole.<\/p>\n<p>Je suis fran\u00e7aise, je parle espagnol et anglais.<\/p>\n<p>Ancienne animatrice BAFA et actuellement professeure de basket au lyc\u00e9e fran\u00e7ais je peux les aider dans leurs devoirs, proposer des activit\u00e9s, des jeux ou les faire sortir au parc.<\/p>\n<p>N\u2019h\u00e9sitez pas \u00e0 me contacter au +33781509242 ou par mail \u00e0 l\u2019adresse juliette.vallee.etude@gmail.com<\/p>\n","protected":false},"featured_media":0,"template":"","mkt_categoria":[37],"class_list":["post-1020","mkt-anuncios","type-mkt-anuncios","status-publish","hentry","mkt_categoria-baby-sitter-au-pair-fr"],"acf":[],"yoast_head":"<!-- This site is optimized with the Yoast SEO plugin v27.1.1 - https:\/\/yoast.com\/product\/yoast-seo-wordpress\/ -->\n<title>R\u00e9cup\u00e9rer et garder vos enfants - APAE Liceo Franc\u00e9s Val\u00e8ncia<\/title>\n<meta name=\"robots\" content=\"index, follow, max-snippet:-1, max-image-preview:large, max-video-preview:-1\" \/>\n<link rel=\"canonical\" href=\"https:\/\/apaliceovalencia.com\/fr\/mkt-anuncios\/recuperer-et-garder-vos-enfants\/\" \/>\n<meta property=\"og:locale\" content=\"fr_FR\" \/>\n<meta property=\"og:type\" content=\"article\" \/>\n<meta property=\"og:title\" content=\"R\u00e9cup\u00e9rer et garder vos enfants - APAE Liceo Franc\u00e9s Val\u00e8ncia\" \/>\n<meta property=\"og:description\" content=\"Je suis disponible pour venir r\u00e9cup\u00e9rer et garder vos enfants apr\u00e8s l\u2019\u00e9cole. Je suis fran\u00e7aise, je parle espagnol et anglais. Ancienne animatrice BAFA et actuellement professeure de basket au lyc\u00e9e [&hellip;]\" \/>\n<meta property=\"og:url\" content=\"https:\/\/apaliceovalencia.com\/fr\/mkt-anuncios\/recuperer-et-garder-vos-enfants\/\" \/>\n<meta property=\"og:site_name\" content=\"APAE Liceo Franc\u00e9s Val\u00e8ncia\" \/>\n<meta name=\"twitter:card\" content=\"summary_large_image\" \/>\n<script type=\"application\/ld+json\" class=\"yoast-schema-graph\">{\"@context\":\"https:\/\/schema.org\",\"@graph\":[{\"@type\":\"WebPage\",\"@id\":\"https:\/\/apaliceovalencia.com\/fr\/mkt-anuncios\/recuperer-et-garder-vos-enfants\/\",\"url\":\"https:\/\/apaliceovalencia.com\/fr\/mkt-anuncios\/recuperer-et-garder-vos-enfants\/\",\"name\":\"R\u00e9cup\u00e9rer et garder vos enfants - APAE Liceo Franc\u00e9s Val\u00e8ncia\",\"isPartOf\":{\"@id\":\"https:\/\/apaliceovalencia.com\/fr\/#website\"},\"datePublished\":\"2022-10-04T15:46:44+00:00\",\"breadcrumb\":{\"@id\":\"https:\/\/apaliceovalencia.com\/fr\/mkt-anuncios\/recuperer-et-garder-vos-enfants\/#breadcrumb\"},\"inLanguage\":\"fr-FR\",\"potentialAction\":[{\"@type\":\"ReadAction\",\"target\":[\"https:\/\/apaliceovalencia.com\/fr\/mkt-anuncios\/recuperer-et-garder-vos-enfants\/\"]}]},{\"@type\":\"BreadcrumbList\",\"@id\":\"https:\/\/apaliceovalencia.com\/fr\/mkt-anuncios\/recuperer-et-garder-vos-enfants\/#breadcrumb\",\"itemListElement\":[{\"@type\":\"ListItem\",\"position\":1,\"name\":\"Home\",\"item\":\"https:\/\/apaliceovalencia.com\/fr\/\"},{\"@type\":\"ListItem\",\"position\":2,\"name\":\"Anuncios\",\"item\":\"https:\/\/apaliceovalencia.com\/fr\/mkt-anuncios\/\"},{\"@type\":\"ListItem\",\"position\":3,\"name\":\"R\u00e9cup\u00e9rer et garder vos enfants\"}]},{\"@type\":\"WebSite\",\"@id\":\"https:\/\/apaliceovalencia.com\/fr\/#website\",\"url\":\"https:\/\/apaliceovalencia.com\/fr\/\",\"name\":\"APAE Liceo Franc\u00e9s Val\u00e8ncia\",\"description\":\"Asocaci\u00f3n de padres de alumnos Lyc\u00e9e Fran\u00e7ais de Val\u00e8ncia\",\"potentialAction\":[{\"@type\":\"SearchAction\",\"target\":{\"@type\":\"EntryPoint\",\"urlTemplate\":\"https:\/\/apaliceovalencia.com\/fr\/?s={search_term_string}\"},\"query-input\":{\"@type\":\"PropertyValueSpecification\",\"valueRequired\":true,\"valueName\":\"search_term_string\"}}],\"inLanguage\":\"fr-FR\"}]}<\/script>\n<!-- \/ Yoast SEO plugin. -->","yoast_head_json":{"title":"R\u00e9cup\u00e9rer et garder vos enfants - APAE Liceo Franc\u00e9s Val\u00e8ncia","robots":{"index":"index","follow":"follow","max-snippet":"max-snippet:-1","max-image-preview":"max-image-preview:large","max-video-preview":"max-video-preview:-1"},"canonical":"https:\/\/apaliceovalencia.com\/fr\/mkt-anuncios\/recuperer-et-garder-vos-enfants\/","og_locale":"fr_FR","og_type":"article","og_title":"R\u00e9cup\u00e9rer et garder vos enfants - APAE Liceo Franc\u00e9s Val\u00e8ncia","og_description":"Je suis disponible pour venir r\u00e9cup\u00e9rer et garder vos enfants apr\u00e8s l\u2019\u00e9cole. Je suis fran\u00e7aise, je parle espagnol et anglais. Ancienne animatrice BAFA et actuellement professeure de basket au lyc\u00e9e [&hellip;]","og_url":"https:\/\/apaliceovalencia.com\/fr\/mkt-anuncios\/recuperer-et-garder-vos-enfants\/","og_site_name":"APAE Liceo Franc\u00e9s Val\u00e8ncia","twitter_card":"summary_large_image","schema":{"@context":"https:\/\/schema.org","@graph":[{"@type":"WebPage","@id":"https:\/\/apaliceovalencia.com\/fr\/mkt-anuncios\/recuperer-et-garder-vos-enfants\/","url":"https:\/\/apaliceovalencia.com\/fr\/mkt-anuncios\/recuperer-et-garder-vos-enfants\/","name":"R\u00e9cup\u00e9rer et garder vos enfants - APAE Liceo Franc\u00e9s Val\u00e8ncia","isPartOf":{"@id":"https:\/\/apaliceovalencia.com\/fr\/#website"},"datePublished":"2022-10-04T15:46:44+00:00","breadcrumb":{"@id":"https:\/\/apaliceovalencia.com\/fr\/mkt-anuncios\/recuperer-et-garder-vos-enfants\/#breadcrumb"},"inLanguage":"fr-FR","potentialAction":[{"@type":"ReadAction","target":["https:\/\/apaliceovalencia.com\/fr\/mkt-anuncios\/recuperer-et-garder-vos-enfants\/"]}]},{"@type":"BreadcrumbList","@id":"https:\/\/apaliceovalencia.com\/fr\/mkt-anuncios\/recuperer-et-garder-vos-enfants\/#breadcrumb","itemListElement":[{"@type":"ListItem","position":1,"name":"Home","item":"https:\/\/apaliceovalencia.com\/fr\/"},{"@type":"ListItem","position":2,"name":"Anuncios","item":"https:\/\/apaliceovalencia.com\/fr\/mkt-anuncios\/"},{"@type":"ListItem","position":3,"name":"R\u00e9cup\u00e9rer et garder vos enfants"}]},{"@type":"WebSite","@id":"https:\/\/apaliceovalencia.com\/fr\/#website","url":"https:\/\/apaliceovalencia.com\/fr\/","name":"APAE Liceo Franc\u00e9s Val\u00e8ncia","description":"Asocaci\u00f3n de padres de alumnos Lyc\u00e9e Fran\u00e7ais de Val\u00e8ncia","potentialAction":[{"@type":"SearchAction","target":{"@type":"EntryPoint","urlTemplate":"https:\/\/apaliceovalencia.com\/fr\/?s={search_term_string}"},"query-input":{"@type":"PropertyValueSpecification","valueRequired":true,"valueName":"search_term_string"}}],"inLanguage":"fr-FR"}]}},"_links":{"self":[{"href":"https:\/\/apaliceovalencia.com\/fr\/wp-json\/wp\/v2\/mkt-anuncios\/1020","targetHints":{"allow":["GET"]}}],"collection":[{"href":"https:\/\/apaliceovalencia.com\/fr\/wp-json\/wp\/v2\/mkt-anuncios"}],"about":[{"href":"https:\/\/apaliceovalencia.com\/fr\/wp-json\/wp\/v2\/types\/mkt-anuncios"}],"wp:attachment":[{"href":"https:\/\/apaliceovalencia.com\/fr\/wp-json\/wp\/v2\/media?parent=1020"}],"wp:term":[{"taxonomy":"mkt_categoria","embeddable":true,"href":"https:\/\/apaliceovalencia.com\/fr\/wp-json\/wp\/v2\/mkt_categoria?post=1020"}],"curies":[{"name":"wp","href":"https:\/\/api.w.org\/{rel}","templated":true}]}}