{"id":2261,"date":"2023-05-15T13:11:12","date_gmt":"2023-05-15T13:11:12","guid":{"rendered":"https:\/\/apaliceovalencia.com\/?post_type=mkt-anuncios&#038;p=2261"},"modified":"2023-05-15T13:11:12","modified_gmt":"2023-05-15T13:11:12","slug":"garde-denfants-baby-sitting","status":"publish","type":"mkt-anuncios","link":"https:\/\/apaliceovalencia.com\/fr\/mkt-anuncios\/garde-denfants-baby-sitting\/","title":{"rendered":"Garde d&rsquo;enfants \/ baby-sitting"},"content":{"rendered":"<p>Je m\u2019appelle Juliette, je suis fran\u00e7aise et parle couramment l\u2019espagnol ainsi que l\u2019anglais.<\/p>\n<p>Si vous cherchez une garde d\u2019enfants je suis disponible apr\u00e8s l\u2019\u00e9cole pour cette fin d\u2019ann\u00e9e, l\u2019ann\u00e9e scolaire prochaine ainsi qu\u2019en Ao\u00fbt 2023.<\/p>\n<p>Je suis animatrice depuis 6 ans en France et maintenant en Espagne, j\u2019enseigne le basket au lyc\u00e9e fran\u00e7ais de Valencia depuis deux ans et je fais des babysittings.<\/p>\n<p>N\u2019h\u00e9sitez pas \u00e0 me joindre par t\u00e9l\u00e9phone ou par mail.  <\/p>\n","protected":false},"featured_media":0,"template":"","mkt_categoria":[37],"class_list":["post-2261","mkt-anuncios","type-mkt-anuncios","status-publish","hentry","mkt_categoria-baby-sitter-au-pair-fr"],"acf":[],"yoast_head":"<!-- This site is optimized with the Yoast SEO plugin v27.1.1 - https:\/\/yoast.com\/product\/yoast-seo-wordpress\/ -->\n<title>Garde d&#039;enfants \/ baby-sitting - APAE Liceo Franc\u00e9s Val\u00e8ncia<\/title>\n<meta name=\"robots\" content=\"index, follow, max-snippet:-1, max-image-preview:large, max-video-preview:-1\" \/>\n<link rel=\"canonical\" href=\"https:\/\/apaliceovalencia.com\/fr\/mkt-anuncios\/garde-denfants-baby-sitting\/\" \/>\n<meta property=\"og:locale\" content=\"fr_FR\" \/>\n<meta property=\"og:type\" content=\"article\" \/>\n<meta property=\"og:title\" content=\"Garde d&#039;enfants \/ baby-sitting - APAE Liceo Franc\u00e9s Val\u00e8ncia\" \/>\n<meta property=\"og:description\" content=\"Je m\u2019appelle Juliette, je suis fran\u00e7aise et parle couramment l\u2019espagnol ainsi que l\u2019anglais. Si vous cherchez une garde d\u2019enfants je suis disponible apr\u00e8s l\u2019\u00e9cole pour cette fin d\u2019ann\u00e9e, l\u2019ann\u00e9e scolaire [&hellip;]\" \/>\n<meta property=\"og:url\" content=\"https:\/\/apaliceovalencia.com\/fr\/mkt-anuncios\/garde-denfants-baby-sitting\/\" \/>\n<meta property=\"og:site_name\" content=\"APAE Liceo Franc\u00e9s Val\u00e8ncia\" \/>\n<meta name=\"twitter:card\" content=\"summary_large_image\" \/>\n<script type=\"application\/ld+json\" class=\"yoast-schema-graph\">{\"@context\":\"https:\/\/schema.org\",\"@graph\":[{\"@type\":\"WebPage\",\"@id\":\"https:\/\/apaliceovalencia.com\/fr\/mkt-anuncios\/garde-denfants-baby-sitting\/\",\"url\":\"https:\/\/apaliceovalencia.com\/fr\/mkt-anuncios\/garde-denfants-baby-sitting\/\",\"name\":\"Garde d'enfants \/ baby-sitting - APAE Liceo Franc\u00e9s Val\u00e8ncia\",\"isPartOf\":{\"@id\":\"https:\/\/apaliceovalencia.com\/fr\/#website\"},\"datePublished\":\"2023-05-15T13:11:12+00:00\",\"breadcrumb\":{\"@id\":\"https:\/\/apaliceovalencia.com\/fr\/mkt-anuncios\/garde-denfants-baby-sitting\/#breadcrumb\"},\"inLanguage\":\"fr-FR\",\"potentialAction\":[{\"@type\":\"ReadAction\",\"target\":[\"https:\/\/apaliceovalencia.com\/fr\/mkt-anuncios\/garde-denfants-baby-sitting\/\"]}]},{\"@type\":\"BreadcrumbList\",\"@id\":\"https:\/\/apaliceovalencia.com\/fr\/mkt-anuncios\/garde-denfants-baby-sitting\/#breadcrumb\",\"itemListElement\":[{\"@type\":\"ListItem\",\"position\":1,\"name\":\"Home\",\"item\":\"https:\/\/apaliceovalencia.com\/fr\/\"},{\"@type\":\"ListItem\",\"position\":2,\"name\":\"Anuncios\",\"item\":\"https:\/\/apaliceovalencia.com\/fr\/mkt-anuncios\/\"},{\"@type\":\"ListItem\",\"position\":3,\"name\":\"Garde d&#8217;enfants \/ baby-sitting\"}]},{\"@type\":\"WebSite\",\"@id\":\"https:\/\/apaliceovalencia.com\/fr\/#website\",\"url\":\"https:\/\/apaliceovalencia.com\/fr\/\",\"name\":\"APAE Liceo Franc\u00e9s Val\u00e8ncia\",\"description\":\"Asocaci\u00f3n de padres de alumnos Lyc\u00e9e Fran\u00e7ais de Val\u00e8ncia\",\"potentialAction\":[{\"@type\":\"SearchAction\",\"target\":{\"@type\":\"EntryPoint\",\"urlTemplate\":\"https:\/\/apaliceovalencia.com\/fr\/?s={search_term_string}\"},\"query-input\":{\"@type\":\"PropertyValueSpecification\",\"valueRequired\":true,\"valueName\":\"search_term_string\"}}],\"inLanguage\":\"fr-FR\"}]}<\/script>\n<!-- \/ Yoast SEO plugin. -->","yoast_head_json":{"title":"Garde d'enfants \/ baby-sitting - APAE Liceo Franc\u00e9s Val\u00e8ncia","robots":{"index":"index","follow":"follow","max-snippet":"max-snippet:-1","max-image-preview":"max-image-preview:large","max-video-preview":"max-video-preview:-1"},"canonical":"https:\/\/apaliceovalencia.com\/fr\/mkt-anuncios\/garde-denfants-baby-sitting\/","og_locale":"fr_FR","og_type":"article","og_title":"Garde d'enfants \/ baby-sitting - APAE Liceo Franc\u00e9s Val\u00e8ncia","og_description":"Je m\u2019appelle Juliette, je suis fran\u00e7aise et parle couramment l\u2019espagnol ainsi que l\u2019anglais. Si vous cherchez une garde d\u2019enfants je suis disponible apr\u00e8s l\u2019\u00e9cole pour cette fin d\u2019ann\u00e9e, l\u2019ann\u00e9e scolaire [&hellip;]","og_url":"https:\/\/apaliceovalencia.com\/fr\/mkt-anuncios\/garde-denfants-baby-sitting\/","og_site_name":"APAE Liceo Franc\u00e9s Val\u00e8ncia","twitter_card":"summary_large_image","schema":{"@context":"https:\/\/schema.org","@graph":[{"@type":"WebPage","@id":"https:\/\/apaliceovalencia.com\/fr\/mkt-anuncios\/garde-denfants-baby-sitting\/","url":"https:\/\/apaliceovalencia.com\/fr\/mkt-anuncios\/garde-denfants-baby-sitting\/","name":"Garde d'enfants \/ baby-sitting - APAE Liceo Franc\u00e9s Val\u00e8ncia","isPartOf":{"@id":"https:\/\/apaliceovalencia.com\/fr\/#website"},"datePublished":"2023-05-15T13:11:12+00:00","breadcrumb":{"@id":"https:\/\/apaliceovalencia.com\/fr\/mkt-anuncios\/garde-denfants-baby-sitting\/#breadcrumb"},"inLanguage":"fr-FR","potentialAction":[{"@type":"ReadAction","target":["https:\/\/apaliceovalencia.com\/fr\/mkt-anuncios\/garde-denfants-baby-sitting\/"]}]},{"@type":"BreadcrumbList","@id":"https:\/\/apaliceovalencia.com\/fr\/mkt-anuncios\/garde-denfants-baby-sitting\/#breadcrumb","itemListElement":[{"@type":"ListItem","position":1,"name":"Home","item":"https:\/\/apaliceovalencia.com\/fr\/"},{"@type":"ListItem","position":2,"name":"Anuncios","item":"https:\/\/apaliceovalencia.com\/fr\/mkt-anuncios\/"},{"@type":"ListItem","position":3,"name":"Garde d&#8217;enfants \/ baby-sitting"}]},{"@type":"WebSite","@id":"https:\/\/apaliceovalencia.com\/fr\/#website","url":"https:\/\/apaliceovalencia.com\/fr\/","name":"APAE Liceo Franc\u00e9s Val\u00e8ncia","description":"Asocaci\u00f3n de padres de alumnos Lyc\u00e9e Fran\u00e7ais de Val\u00e8ncia","potentialAction":[{"@type":"SearchAction","target":{"@type":"EntryPoint","urlTemplate":"https:\/\/apaliceovalencia.com\/fr\/?s={search_term_string}"},"query-input":{"@type":"PropertyValueSpecification","valueRequired":true,"valueName":"search_term_string"}}],"inLanguage":"fr-FR"}]}},"_links":{"self":[{"href":"https:\/\/apaliceovalencia.com\/fr\/wp-json\/wp\/v2\/mkt-anuncios\/2261","targetHints":{"allow":["GET"]}}],"collection":[{"href":"https:\/\/apaliceovalencia.com\/fr\/wp-json\/wp\/v2\/mkt-anuncios"}],"about":[{"href":"https:\/\/apaliceovalencia.com\/fr\/wp-json\/wp\/v2\/types\/mkt-anuncios"}],"wp:attachment":[{"href":"https:\/\/apaliceovalencia.com\/fr\/wp-json\/wp\/v2\/media?parent=2261"}],"wp:term":[{"taxonomy":"mkt_categoria","embeddable":true,"href":"https:\/\/apaliceovalencia.com\/fr\/wp-json\/wp\/v2\/mkt_categoria?post=2261"}],"curies":[{"name":"wp","href":"https:\/\/api.w.org\/{rel}","templated":true}]}}