{"id":2966,"date":"2023-09-18T11:32:39","date_gmt":"2023-09-18T11:32:39","guid":{"rendered":"https:\/\/apaliceovalencia.com\/?post_type=mkt-anuncios&#038;p=2966"},"modified":"2023-09-18T11:32:39","modified_gmt":"2023-09-18T11:32:39","slug":"baby-sitter-sur-la-canada","status":"publish","type":"mkt-anuncios","link":"https:\/\/apaliceovalencia.com\/fr\/mkt-anuncios\/baby-sitter-sur-la-canada\/","title":{"rendered":"Baby-sitter sur La Ca\u00f1ada"},"content":{"rendered":"<div>Bonjour,<\/div>\n<div>Nous recherchons une babysitter pour nous aider apr\u00e8s l&rsquo;\u00e9cole plusieurs soir par semaine (de 17h30 \u00e0 19h30\/20h). Nous avons 3 gar\u00e7ons de 8, 6 et 2 ans 1\/2 et venons de nous installer \u00e0 la Canyada. Notre fils le plus jeune est \u00e0 la cr\u00e8che \u00e0 la Canyada, \u00e0 8mn \u00e0 pied de chez nous. Tous les trois sont fans de sport et de musique \ud83d\ude42<\/div>\n","protected":false},"featured_media":0,"template":"","mkt_categoria":[37,40],"class_list":["post-2966","mkt-anuncios","type-mkt-anuncios","status-publish","hentry","mkt_categoria-baby-sitter-au-pair-fr","mkt_categoria-offres-demploi"],"acf":[],"yoast_head":"<!-- This site is optimized with the Yoast SEO plugin v27.1.1 - https:\/\/yoast.com\/product\/yoast-seo-wordpress\/ -->\n<title>Baby-sitter sur La Ca\u00f1ada - APAE Liceo Franc\u00e9s Val\u00e8ncia<\/title>\n<meta name=\"robots\" content=\"index, follow, max-snippet:-1, max-image-preview:large, max-video-preview:-1\" \/>\n<link rel=\"canonical\" href=\"https:\/\/apaliceovalencia.com\/fr\/mkt-anuncios\/baby-sitter-sur-la-canada\/\" \/>\n<meta property=\"og:locale\" content=\"fr_FR\" \/>\n<meta property=\"og:type\" content=\"article\" \/>\n<meta property=\"og:title\" content=\"Baby-sitter sur La Ca\u00f1ada - APAE Liceo Franc\u00e9s Val\u00e8ncia\" \/>\n<meta property=\"og:description\" content=\"Bonjour, Nous recherchons une babysitter pour nous aider apr\u00e8s l&rsquo;\u00e9cole plusieurs soir par semaine (de 17h30 \u00e0 19h30\/20h). Nous avons 3 gar\u00e7ons de 8, 6 et 2 ans 1\/2 et [&hellip;]\" \/>\n<meta property=\"og:url\" content=\"https:\/\/apaliceovalencia.com\/fr\/mkt-anuncios\/baby-sitter-sur-la-canada\/\" \/>\n<meta property=\"og:site_name\" content=\"APAE Liceo Franc\u00e9s Val\u00e8ncia\" \/>\n<meta name=\"twitter:card\" content=\"summary_large_image\" \/>\n<meta name=\"twitter:label1\" content=\"Dur\u00e9e de lecture estim\u00e9e\" \/>\n\t<meta name=\"twitter:data1\" content=\"1 minute\" \/>\n<script type=\"application\/ld+json\" class=\"yoast-schema-graph\">{\"@context\":\"https:\/\/schema.org\",\"@graph\":[{\"@type\":\"WebPage\",\"@id\":\"https:\/\/apaliceovalencia.com\/fr\/mkt-anuncios\/baby-sitter-sur-la-canada\/\",\"url\":\"https:\/\/apaliceovalencia.com\/fr\/mkt-anuncios\/baby-sitter-sur-la-canada\/\",\"name\":\"Baby-sitter sur La Ca\u00f1ada - APAE Liceo Franc\u00e9s Val\u00e8ncia\",\"isPartOf\":{\"@id\":\"https:\/\/apaliceovalencia.com\/fr\/#website\"},\"datePublished\":\"2023-09-18T11:32:39+00:00\",\"breadcrumb\":{\"@id\":\"https:\/\/apaliceovalencia.com\/fr\/mkt-anuncios\/baby-sitter-sur-la-canada\/#breadcrumb\"},\"inLanguage\":\"fr-FR\",\"potentialAction\":[{\"@type\":\"ReadAction\",\"target\":[\"https:\/\/apaliceovalencia.com\/fr\/mkt-anuncios\/baby-sitter-sur-la-canada\/\"]}]},{\"@type\":\"BreadcrumbList\",\"@id\":\"https:\/\/apaliceovalencia.com\/fr\/mkt-anuncios\/baby-sitter-sur-la-canada\/#breadcrumb\",\"itemListElement\":[{\"@type\":\"ListItem\",\"position\":1,\"name\":\"Home\",\"item\":\"https:\/\/apaliceovalencia.com\/fr\/\"},{\"@type\":\"ListItem\",\"position\":2,\"name\":\"Anuncios\",\"item\":\"https:\/\/apaliceovalencia.com\/fr\/mkt-anuncios\/\"},{\"@type\":\"ListItem\",\"position\":3,\"name\":\"Baby-sitter sur La Ca\u00f1ada\"}]},{\"@type\":\"WebSite\",\"@id\":\"https:\/\/apaliceovalencia.com\/fr\/#website\",\"url\":\"https:\/\/apaliceovalencia.com\/fr\/\",\"name\":\"APAE Liceo Franc\u00e9s Val\u00e8ncia\",\"description\":\"Asocaci\u00f3n de padres de alumnos Lyc\u00e9e Fran\u00e7ais de Val\u00e8ncia\",\"potentialAction\":[{\"@type\":\"SearchAction\",\"target\":{\"@type\":\"EntryPoint\",\"urlTemplate\":\"https:\/\/apaliceovalencia.com\/fr\/?s={search_term_string}\"},\"query-input\":{\"@type\":\"PropertyValueSpecification\",\"valueRequired\":true,\"valueName\":\"search_term_string\"}}],\"inLanguage\":\"fr-FR\"}]}<\/script>\n<!-- \/ Yoast SEO plugin. -->","yoast_head_json":{"title":"Baby-sitter sur La Ca\u00f1ada - APAE Liceo Franc\u00e9s Val\u00e8ncia","robots":{"index":"index","follow":"follow","max-snippet":"max-snippet:-1","max-image-preview":"max-image-preview:large","max-video-preview":"max-video-preview:-1"},"canonical":"https:\/\/apaliceovalencia.com\/fr\/mkt-anuncios\/baby-sitter-sur-la-canada\/","og_locale":"fr_FR","og_type":"article","og_title":"Baby-sitter sur La Ca\u00f1ada - APAE Liceo Franc\u00e9s Val\u00e8ncia","og_description":"Bonjour, Nous recherchons une babysitter pour nous aider apr\u00e8s l&rsquo;\u00e9cole plusieurs soir par semaine (de 17h30 \u00e0 19h30\/20h). Nous avons 3 gar\u00e7ons de 8, 6 et 2 ans 1\/2 et [&hellip;]","og_url":"https:\/\/apaliceovalencia.com\/fr\/mkt-anuncios\/baby-sitter-sur-la-canada\/","og_site_name":"APAE Liceo Franc\u00e9s Val\u00e8ncia","twitter_card":"summary_large_image","twitter_misc":{"Dur\u00e9e de lecture estim\u00e9e":"1 minute"},"schema":{"@context":"https:\/\/schema.org","@graph":[{"@type":"WebPage","@id":"https:\/\/apaliceovalencia.com\/fr\/mkt-anuncios\/baby-sitter-sur-la-canada\/","url":"https:\/\/apaliceovalencia.com\/fr\/mkt-anuncios\/baby-sitter-sur-la-canada\/","name":"Baby-sitter sur La Ca\u00f1ada - APAE Liceo Franc\u00e9s Val\u00e8ncia","isPartOf":{"@id":"https:\/\/apaliceovalencia.com\/fr\/#website"},"datePublished":"2023-09-18T11:32:39+00:00","breadcrumb":{"@id":"https:\/\/apaliceovalencia.com\/fr\/mkt-anuncios\/baby-sitter-sur-la-canada\/#breadcrumb"},"inLanguage":"fr-FR","potentialAction":[{"@type":"ReadAction","target":["https:\/\/apaliceovalencia.com\/fr\/mkt-anuncios\/baby-sitter-sur-la-canada\/"]}]},{"@type":"BreadcrumbList","@id":"https:\/\/apaliceovalencia.com\/fr\/mkt-anuncios\/baby-sitter-sur-la-canada\/#breadcrumb","itemListElement":[{"@type":"ListItem","position":1,"name":"Home","item":"https:\/\/apaliceovalencia.com\/fr\/"},{"@type":"ListItem","position":2,"name":"Anuncios","item":"https:\/\/apaliceovalencia.com\/fr\/mkt-anuncios\/"},{"@type":"ListItem","position":3,"name":"Baby-sitter sur La Ca\u00f1ada"}]},{"@type":"WebSite","@id":"https:\/\/apaliceovalencia.com\/fr\/#website","url":"https:\/\/apaliceovalencia.com\/fr\/","name":"APAE Liceo Franc\u00e9s Val\u00e8ncia","description":"Asocaci\u00f3n de padres de alumnos Lyc\u00e9e Fran\u00e7ais de Val\u00e8ncia","potentialAction":[{"@type":"SearchAction","target":{"@type":"EntryPoint","urlTemplate":"https:\/\/apaliceovalencia.com\/fr\/?s={search_term_string}"},"query-input":{"@type":"PropertyValueSpecification","valueRequired":true,"valueName":"search_term_string"}}],"inLanguage":"fr-FR"}]}},"_links":{"self":[{"href":"https:\/\/apaliceovalencia.com\/fr\/wp-json\/wp\/v2\/mkt-anuncios\/2966","targetHints":{"allow":["GET"]}}],"collection":[{"href":"https:\/\/apaliceovalencia.com\/fr\/wp-json\/wp\/v2\/mkt-anuncios"}],"about":[{"href":"https:\/\/apaliceovalencia.com\/fr\/wp-json\/wp\/v2\/types\/mkt-anuncios"}],"wp:attachment":[{"href":"https:\/\/apaliceovalencia.com\/fr\/wp-json\/wp\/v2\/media?parent=2966"}],"wp:term":[{"taxonomy":"mkt_categoria","embeddable":true,"href":"https:\/\/apaliceovalencia.com\/fr\/wp-json\/wp\/v2\/mkt_categoria?post=2966"}],"curies":[{"name":"wp","href":"https:\/\/api.w.org\/{rel}","templated":true}]}}