{"id":3040,"date":"2023-09-27T09:53:56","date_gmt":"2023-09-27T09:53:56","guid":{"rendered":"https:\/\/apaliceovalencia.com\/mkt-anuncios\/profesora-titulada-francesa\/"},"modified":"2023-09-27T15:11:59","modified_gmt":"2023-09-27T15:11:59","slug":"profesora-titulada-francesa","status":"publish","type":"mkt-anuncios","link":"https:\/\/apaliceovalencia.com\/fr\/mkt-anuncios\/profesora-titulada-francesa\/","title":{"rendered":"Professeure de l&rsquo;Education Nationale"},"content":{"rendered":"<p>Professeure des \u00e9coles titulaire de l&rsquo;Education Nationale en France depuis 20 ans, je poss\u00e8de une grande exp\u00e9rience dans le domaine de la p\u00e9dagogie et une tr\u00e8s bonne connaissance des programmes et des attentes du syst\u00e8me \u00e9ducatif fran\u00e7ais.<br \/>\nPour suivre ma famille \u00e0 Valencia, je suis en disponibilit\u00e9 et propose:<br \/>\n\uf02d des cours de soutien scolaire de la moyenne section \u00e0 la 6\u00e8me (4 ans \u00e0 12 ans)<br \/>\n\uf02d des r\u00e9visions et une aide m\u00e9thodologique du CP \u00e0 la 6\u00e8me (6 ans \u00e0 12 ans)<br \/>\n\uf02d de l&rsquo;aide aux devoirs du CP \u00e0 la 6\u00e8me (6 ans \u00e0 12 ans)<br \/>\n\uf02d des cours de fran\u00e7ais, tous niveaux.<br \/>\nVous pouvez me joindre soit sur mon num\u00e9ro espagnol ou sur mon num\u00e9ro fran\u00e7ais au +336 82 75 81 28<br \/>\nJ&rsquo;habite dans le quartier du Carmen, je peux me d\u00e9placer si vous habitez dans le centre ville, je peux aussi accueillir votre enfant chez moi ou bien encore travailler en visio.<br \/>\nJ&rsquo;ai h\u00e2te de pouvoir faire la connaissance de votre enfant et de lui apporter mon aide\t<\/p>\n","protected":false},"featured_media":0,"template":"","mkt_categoria":[38],"class_list":["post-3040","mkt-anuncios","type-mkt-anuncios","status-publish","hentry","mkt_categoria-cours-particuliers"],"acf":[],"yoast_head":"<!-- This site is optimized with the Yoast SEO plugin v27.1.1 - https:\/\/yoast.com\/product\/yoast-seo-wordpress\/ -->\n<title>Professeure de l&#039;Education Nationale - APAE Liceo Franc\u00e9s Val\u00e8ncia<\/title>\n<meta name=\"robots\" content=\"index, follow, max-snippet:-1, max-image-preview:large, max-video-preview:-1\" \/>\n<link rel=\"canonical\" href=\"https:\/\/apaliceovalencia.com\/fr\/mkt-anuncios\/profesora-titulada-francesa\/\" \/>\n<meta property=\"og:locale\" content=\"fr_FR\" \/>\n<meta property=\"og:type\" content=\"article\" \/>\n<meta property=\"og:title\" content=\"Professeure de l&#039;Education Nationale - APAE Liceo Franc\u00e9s Val\u00e8ncia\" \/>\n<meta property=\"og:description\" content=\"Professeure des \u00e9coles titulaire de l&rsquo;Education Nationale en France depuis 20 ans, je poss\u00e8de une grande exp\u00e9rience dans le domaine de la p\u00e9dagogie et une tr\u00e8s bonne connaissance des programmes [&hellip;]\" \/>\n<meta property=\"og:url\" content=\"https:\/\/apaliceovalencia.com\/fr\/mkt-anuncios\/profesora-titulada-francesa\/\" \/>\n<meta property=\"og:site_name\" content=\"APAE Liceo Franc\u00e9s Val\u00e8ncia\" \/>\n<meta property=\"article:modified_time\" content=\"2023-09-27T15:11:59+00:00\" \/>\n<meta name=\"twitter:card\" content=\"summary_large_image\" \/>\n<meta name=\"twitter:label1\" content=\"Dur\u00e9e de lecture estim\u00e9e\" \/>\n\t<meta name=\"twitter:data1\" content=\"1 minute\" \/>\n<script type=\"application\/ld+json\" class=\"yoast-schema-graph\">{\"@context\":\"https:\/\/schema.org\",\"@graph\":[{\"@type\":\"WebPage\",\"@id\":\"https:\/\/apaliceovalencia.com\/fr\/mkt-anuncios\/profesora-titulada-francesa\/\",\"url\":\"https:\/\/apaliceovalencia.com\/fr\/mkt-anuncios\/profesora-titulada-francesa\/\",\"name\":\"Professeure de l'Education Nationale - APAE Liceo Franc\u00e9s Val\u00e8ncia\",\"isPartOf\":{\"@id\":\"https:\/\/apaliceovalencia.com\/fr\/#website\"},\"datePublished\":\"2023-09-27T09:53:56+00:00\",\"dateModified\":\"2023-09-27T15:11:59+00:00\",\"breadcrumb\":{\"@id\":\"https:\/\/apaliceovalencia.com\/fr\/mkt-anuncios\/profesora-titulada-francesa\/#breadcrumb\"},\"inLanguage\":\"fr-FR\",\"potentialAction\":[{\"@type\":\"ReadAction\",\"target\":[\"https:\/\/apaliceovalencia.com\/fr\/mkt-anuncios\/profesora-titulada-francesa\/\"]}]},{\"@type\":\"BreadcrumbList\",\"@id\":\"https:\/\/apaliceovalencia.com\/fr\/mkt-anuncios\/profesora-titulada-francesa\/#breadcrumb\",\"itemListElement\":[{\"@type\":\"ListItem\",\"position\":1,\"name\":\"Home\",\"item\":\"https:\/\/apaliceovalencia.com\/fr\/\"},{\"@type\":\"ListItem\",\"position\":2,\"name\":\"Anuncios\",\"item\":\"https:\/\/apaliceovalencia.com\/fr\/mkt-anuncios\/\"},{\"@type\":\"ListItem\",\"position\":3,\"name\":\"Professeure de l&#8217;Education Nationale\"}]},{\"@type\":\"WebSite\",\"@id\":\"https:\/\/apaliceovalencia.com\/fr\/#website\",\"url\":\"https:\/\/apaliceovalencia.com\/fr\/\",\"name\":\"APAE Liceo Franc\u00e9s Val\u00e8ncia\",\"description\":\"Asocaci\u00f3n de padres de alumnos Lyc\u00e9e Fran\u00e7ais de Val\u00e8ncia\",\"potentialAction\":[{\"@type\":\"SearchAction\",\"target\":{\"@type\":\"EntryPoint\",\"urlTemplate\":\"https:\/\/apaliceovalencia.com\/fr\/?s={search_term_string}\"},\"query-input\":{\"@type\":\"PropertyValueSpecification\",\"valueRequired\":true,\"valueName\":\"search_term_string\"}}],\"inLanguage\":\"fr-FR\"}]}<\/script>\n<!-- \/ Yoast SEO plugin. -->","yoast_head_json":{"title":"Professeure de l'Education Nationale - APAE Liceo Franc\u00e9s Val\u00e8ncia","robots":{"index":"index","follow":"follow","max-snippet":"max-snippet:-1","max-image-preview":"max-image-preview:large","max-video-preview":"max-video-preview:-1"},"canonical":"https:\/\/apaliceovalencia.com\/fr\/mkt-anuncios\/profesora-titulada-francesa\/","og_locale":"fr_FR","og_type":"article","og_title":"Professeure de l'Education Nationale - APAE Liceo Franc\u00e9s Val\u00e8ncia","og_description":"Professeure des \u00e9coles titulaire de l&rsquo;Education Nationale en France depuis 20 ans, je poss\u00e8de une grande exp\u00e9rience dans le domaine de la p\u00e9dagogie et une tr\u00e8s bonne connaissance des programmes [&hellip;]","og_url":"https:\/\/apaliceovalencia.com\/fr\/mkt-anuncios\/profesora-titulada-francesa\/","og_site_name":"APAE Liceo Franc\u00e9s Val\u00e8ncia","article_modified_time":"2023-09-27T15:11:59+00:00","twitter_card":"summary_large_image","twitter_misc":{"Dur\u00e9e de lecture estim\u00e9e":"1 minute"},"schema":{"@context":"https:\/\/schema.org","@graph":[{"@type":"WebPage","@id":"https:\/\/apaliceovalencia.com\/fr\/mkt-anuncios\/profesora-titulada-francesa\/","url":"https:\/\/apaliceovalencia.com\/fr\/mkt-anuncios\/profesora-titulada-francesa\/","name":"Professeure de l'Education Nationale - APAE Liceo Franc\u00e9s Val\u00e8ncia","isPartOf":{"@id":"https:\/\/apaliceovalencia.com\/fr\/#website"},"datePublished":"2023-09-27T09:53:56+00:00","dateModified":"2023-09-27T15:11:59+00:00","breadcrumb":{"@id":"https:\/\/apaliceovalencia.com\/fr\/mkt-anuncios\/profesora-titulada-francesa\/#breadcrumb"},"inLanguage":"fr-FR","potentialAction":[{"@type":"ReadAction","target":["https:\/\/apaliceovalencia.com\/fr\/mkt-anuncios\/profesora-titulada-francesa\/"]}]},{"@type":"BreadcrumbList","@id":"https:\/\/apaliceovalencia.com\/fr\/mkt-anuncios\/profesora-titulada-francesa\/#breadcrumb","itemListElement":[{"@type":"ListItem","position":1,"name":"Home","item":"https:\/\/apaliceovalencia.com\/fr\/"},{"@type":"ListItem","position":2,"name":"Anuncios","item":"https:\/\/apaliceovalencia.com\/fr\/mkt-anuncios\/"},{"@type":"ListItem","position":3,"name":"Professeure de l&#8217;Education Nationale"}]},{"@type":"WebSite","@id":"https:\/\/apaliceovalencia.com\/fr\/#website","url":"https:\/\/apaliceovalencia.com\/fr\/","name":"APAE Liceo Franc\u00e9s Val\u00e8ncia","description":"Asocaci\u00f3n de padres de alumnos Lyc\u00e9e Fran\u00e7ais de Val\u00e8ncia","potentialAction":[{"@type":"SearchAction","target":{"@type":"EntryPoint","urlTemplate":"https:\/\/apaliceovalencia.com\/fr\/?s={search_term_string}"},"query-input":{"@type":"PropertyValueSpecification","valueRequired":true,"valueName":"search_term_string"}}],"inLanguage":"fr-FR"}]}},"_links":{"self":[{"href":"https:\/\/apaliceovalencia.com\/fr\/wp-json\/wp\/v2\/mkt-anuncios\/3040","targetHints":{"allow":["GET"]}}],"collection":[{"href":"https:\/\/apaliceovalencia.com\/fr\/wp-json\/wp\/v2\/mkt-anuncios"}],"about":[{"href":"https:\/\/apaliceovalencia.com\/fr\/wp-json\/wp\/v2\/types\/mkt-anuncios"}],"wp:attachment":[{"href":"https:\/\/apaliceovalencia.com\/fr\/wp-json\/wp\/v2\/media?parent=3040"}],"wp:term":[{"taxonomy":"mkt_categoria","embeddable":true,"href":"https:\/\/apaliceovalencia.com\/fr\/wp-json\/wp\/v2\/mkt_categoria?post=3040"}],"curies":[{"name":"wp","href":"https:\/\/api.w.org\/{rel}","templated":true}]}}