{"id":3160,"date":"2023-10-18T10:13:11","date_gmt":"2023-10-18T10:13:11","guid":{"rendered":"https:\/\/apaliceovalencia.com\/mkt-anuncios\/familia-francesa-busca-intercambio\/"},"modified":"2023-10-18T10:19:40","modified_gmt":"2023-10-18T10:19:40","slug":"echange_linguistique","status":"publish","type":"mkt-anuncios","link":"https:\/\/apaliceovalencia.com\/fr\/mkt-anuncios\/echange_linguistique\/","title":{"rendered":"\u00c9change ling\u00fcistique"},"content":{"rendered":"<p>Famille fran\u00e7aise habitant Nantes souhaite un \u00e9change ling\u00fcistique pour sa fille de 13 ans qui est en classe de 3\u00e8me. Ce serait pour les vacances scolaires printemps ou \u00e9t\u00e9 2024 et\/ou \u00e9changes sur temps scolaires pour l\u2019ann\u00e9e 2024\/2025.<br \/>\nFamilles int\u00e9ress\u00e9es, contactez par courriel.<\/p>\n","protected":false},"featured_media":0,"template":"","mkt_categoria":[39],"class_list":["post-3160","mkt-anuncios","type-mkt-anuncios","status-publish","hentry","mkt_categoria-annonces-variees"],"acf":[],"yoast_head":"<!-- This site is optimized with the Yoast SEO plugin v27.1.1 - https:\/\/yoast.com\/product\/yoast-seo-wordpress\/ -->\n<title>\u00c9change ling\u00fcistique - APAE Liceo Franc\u00e9s Val\u00e8ncia<\/title>\n<meta name=\"robots\" content=\"index, follow, max-snippet:-1, max-image-preview:large, max-video-preview:-1\" \/>\n<link rel=\"canonical\" href=\"https:\/\/apaliceovalencia.com\/fr\/mkt-anuncios\/echange_linguistique\/\" \/>\n<meta property=\"og:locale\" content=\"fr_FR\" \/>\n<meta property=\"og:type\" content=\"article\" \/>\n<meta property=\"og:title\" content=\"\u00c9change ling\u00fcistique - APAE Liceo Franc\u00e9s Val\u00e8ncia\" \/>\n<meta property=\"og:description\" content=\"Famille fran\u00e7aise habitant Nantes souhaite un \u00e9change ling\u00fcistique pour sa fille de 13 ans qui est en classe de 3\u00e8me. Ce serait pour les vacances scolaires printemps ou \u00e9t\u00e9 2024 [&hellip;]\" \/>\n<meta property=\"og:url\" content=\"https:\/\/apaliceovalencia.com\/fr\/mkt-anuncios\/echange_linguistique\/\" \/>\n<meta property=\"og:site_name\" content=\"APAE Liceo Franc\u00e9s Val\u00e8ncia\" \/>\n<meta property=\"article:modified_time\" content=\"2023-10-18T10:19:40+00:00\" \/>\n<meta name=\"twitter:card\" content=\"summary_large_image\" \/>\n<meta name=\"twitter:label1\" content=\"Dur\u00e9e de lecture estim\u00e9e\" \/>\n\t<meta name=\"twitter:data1\" content=\"1 minute\" \/>\n<script type=\"application\/ld+json\" class=\"yoast-schema-graph\">{\"@context\":\"https:\/\/schema.org\",\"@graph\":[{\"@type\":\"WebPage\",\"@id\":\"https:\/\/apaliceovalencia.com\/fr\/mkt-anuncios\/echange_linguistique\/\",\"url\":\"https:\/\/apaliceovalencia.com\/fr\/mkt-anuncios\/echange_linguistique\/\",\"name\":\"\u00c9change ling\u00fcistique - APAE Liceo Franc\u00e9s Val\u00e8ncia\",\"isPartOf\":{\"@id\":\"https:\/\/apaliceovalencia.com\/fr\/#website\"},\"datePublished\":\"2023-10-18T10:13:11+00:00\",\"dateModified\":\"2023-10-18T10:19:40+00:00\",\"breadcrumb\":{\"@id\":\"https:\/\/apaliceovalencia.com\/fr\/mkt-anuncios\/echange_linguistique\/#breadcrumb\"},\"inLanguage\":\"fr-FR\",\"potentialAction\":[{\"@type\":\"ReadAction\",\"target\":[\"https:\/\/apaliceovalencia.com\/fr\/mkt-anuncios\/echange_linguistique\/\"]}]},{\"@type\":\"BreadcrumbList\",\"@id\":\"https:\/\/apaliceovalencia.com\/fr\/mkt-anuncios\/echange_linguistique\/#breadcrumb\",\"itemListElement\":[{\"@type\":\"ListItem\",\"position\":1,\"name\":\"Home\",\"item\":\"https:\/\/apaliceovalencia.com\/fr\/\"},{\"@type\":\"ListItem\",\"position\":2,\"name\":\"Anuncios\",\"item\":\"https:\/\/apaliceovalencia.com\/fr\/mkt-anuncios\/\"},{\"@type\":\"ListItem\",\"position\":3,\"name\":\"\u00c9change ling\u00fcistique\"}]},{\"@type\":\"WebSite\",\"@id\":\"https:\/\/apaliceovalencia.com\/fr\/#website\",\"url\":\"https:\/\/apaliceovalencia.com\/fr\/\",\"name\":\"APAE Liceo Franc\u00e9s Val\u00e8ncia\",\"description\":\"Asocaci\u00f3n de padres de alumnos Lyc\u00e9e Fran\u00e7ais de Val\u00e8ncia\",\"potentialAction\":[{\"@type\":\"SearchAction\",\"target\":{\"@type\":\"EntryPoint\",\"urlTemplate\":\"https:\/\/apaliceovalencia.com\/fr\/?s={search_term_string}\"},\"query-input\":{\"@type\":\"PropertyValueSpecification\",\"valueRequired\":true,\"valueName\":\"search_term_string\"}}],\"inLanguage\":\"fr-FR\"}]}<\/script>\n<!-- \/ Yoast SEO plugin. -->","yoast_head_json":{"title":"\u00c9change ling\u00fcistique - APAE Liceo Franc\u00e9s Val\u00e8ncia","robots":{"index":"index","follow":"follow","max-snippet":"max-snippet:-1","max-image-preview":"max-image-preview:large","max-video-preview":"max-video-preview:-1"},"canonical":"https:\/\/apaliceovalencia.com\/fr\/mkt-anuncios\/echange_linguistique\/","og_locale":"fr_FR","og_type":"article","og_title":"\u00c9change ling\u00fcistique - APAE Liceo Franc\u00e9s Val\u00e8ncia","og_description":"Famille fran\u00e7aise habitant Nantes souhaite un \u00e9change ling\u00fcistique pour sa fille de 13 ans qui est en classe de 3\u00e8me. Ce serait pour les vacances scolaires printemps ou \u00e9t\u00e9 2024 [&hellip;]","og_url":"https:\/\/apaliceovalencia.com\/fr\/mkt-anuncios\/echange_linguistique\/","og_site_name":"APAE Liceo Franc\u00e9s Val\u00e8ncia","article_modified_time":"2023-10-18T10:19:40+00:00","twitter_card":"summary_large_image","twitter_misc":{"Dur\u00e9e de lecture estim\u00e9e":"1 minute"},"schema":{"@context":"https:\/\/schema.org","@graph":[{"@type":"WebPage","@id":"https:\/\/apaliceovalencia.com\/fr\/mkt-anuncios\/echange_linguistique\/","url":"https:\/\/apaliceovalencia.com\/fr\/mkt-anuncios\/echange_linguistique\/","name":"\u00c9change ling\u00fcistique - APAE Liceo Franc\u00e9s Val\u00e8ncia","isPartOf":{"@id":"https:\/\/apaliceovalencia.com\/fr\/#website"},"datePublished":"2023-10-18T10:13:11+00:00","dateModified":"2023-10-18T10:19:40+00:00","breadcrumb":{"@id":"https:\/\/apaliceovalencia.com\/fr\/mkt-anuncios\/echange_linguistique\/#breadcrumb"},"inLanguage":"fr-FR","potentialAction":[{"@type":"ReadAction","target":["https:\/\/apaliceovalencia.com\/fr\/mkt-anuncios\/echange_linguistique\/"]}]},{"@type":"BreadcrumbList","@id":"https:\/\/apaliceovalencia.com\/fr\/mkt-anuncios\/echange_linguistique\/#breadcrumb","itemListElement":[{"@type":"ListItem","position":1,"name":"Home","item":"https:\/\/apaliceovalencia.com\/fr\/"},{"@type":"ListItem","position":2,"name":"Anuncios","item":"https:\/\/apaliceovalencia.com\/fr\/mkt-anuncios\/"},{"@type":"ListItem","position":3,"name":"\u00c9change ling\u00fcistique"}]},{"@type":"WebSite","@id":"https:\/\/apaliceovalencia.com\/fr\/#website","url":"https:\/\/apaliceovalencia.com\/fr\/","name":"APAE Liceo Franc\u00e9s Val\u00e8ncia","description":"Asocaci\u00f3n de padres de alumnos Lyc\u00e9e Fran\u00e7ais de Val\u00e8ncia","potentialAction":[{"@type":"SearchAction","target":{"@type":"EntryPoint","urlTemplate":"https:\/\/apaliceovalencia.com\/fr\/?s={search_term_string}"},"query-input":{"@type":"PropertyValueSpecification","valueRequired":true,"valueName":"search_term_string"}}],"inLanguage":"fr-FR"}]}},"_links":{"self":[{"href":"https:\/\/apaliceovalencia.com\/fr\/wp-json\/wp\/v2\/mkt-anuncios\/3160","targetHints":{"allow":["GET"]}}],"collection":[{"href":"https:\/\/apaliceovalencia.com\/fr\/wp-json\/wp\/v2\/mkt-anuncios"}],"about":[{"href":"https:\/\/apaliceovalencia.com\/fr\/wp-json\/wp\/v2\/types\/mkt-anuncios"}],"wp:attachment":[{"href":"https:\/\/apaliceovalencia.com\/fr\/wp-json\/wp\/v2\/media?parent=3160"}],"wp:term":[{"taxonomy":"mkt_categoria","embeddable":true,"href":"https:\/\/apaliceovalencia.com\/fr\/wp-json\/wp\/v2\/mkt_categoria?post=3160"}],"curies":[{"name":"wp","href":"https:\/\/api.w.org\/{rel}","templated":true}]}}