{"id":6346,"date":"2024-08-24T19:25:54","date_gmt":"2024-08-24T19:25:54","guid":{"rendered":"https:\/\/apaliceovalencia.com\/?page_id=6346"},"modified":"2025-08-30T11:25:24","modified_gmt":"2025-08-30T11:25:24","slug":"le-conseil-decole","status":"publish","type":"page","link":"https:\/\/apaliceovalencia.com\/fr\/le-conseil-decole\/","title":{"rendered":"Le Conseil d&rsquo;\u00e9cole"},"content":{"rendered":"\t\t<div data-elementor-type=\"wp-page\" data-elementor-id=\"6346\" class=\"elementor elementor-6346 elementor-6285\" data-elementor-post-type=\"page\">\n\t\t\t\t<div class=\"elementor-element elementor-element-f5a61d0 e-flex e-con-boxed e-con e-parent\" data-id=\"f5a61d0\" data-element_type=\"container\" data-e-type=\"container\">\n\t\t\t\t\t<div class=\"e-con-inner\">\n\t\t\t\t<div class=\"elementor-element elementor-element-c058540 elementor-widget__width-initial elementor-widget elementor-widget-heading\" data-id=\"c058540\" data-element_type=\"widget\" data-e-type=\"widget\" data-widget_type=\"heading.default\">\n\t\t\t\t<div class=\"elementor-widget-container\">\n\t\t\t\t\t<h1 class=\"elementor-heading-title elementor-size-default\">CONSEIL D'\u00c9COLE du Lyc\u00e9e Fran\u00e7ais de Valencia\n<\/h1>\t\t\t\t<\/div>\n\t\t\t\t<\/div>\n\t\t\t\t<div class=\"elementor-element elementor-element-10d5f23 elementor-widget elementor-widget-image\" data-id=\"10d5f23\" data-element_type=\"widget\" data-e-type=\"widget\" data-widget_type=\"image.default\">\n\t\t\t\t<div class=\"elementor-widget-container\">\n\t\t\t\t\t\t\t\t\t\t\t\t\t\t\t<img fetchpriority=\"high\" fetchpriority=\"high\" decoding=\"async\" width=\"1024\" height=\"683\" src=\"https:\/\/apaliceovalencia.com\/wp-content\/uploads\/2025\/08\/Conseil-decole-1024x683.png\" class=\"attachment-large size-large wp-image-10971\" alt=\"\" srcset=\"https:\/\/apaliceovalencia.com\/wp-content\/uploads\/2025\/08\/Conseil-decole-980x653.png 980w, https:\/\/apaliceovalencia.com\/wp-content\/uploads\/2025\/08\/Conseil-decole-480x320.png 480w\" sizes=\"(min-width: 0px) and (max-width: 480px) 480px, (min-width: 481px) and (max-width: 980px) 980px, (min-width: 981px) 1024px, 100vw\" \/>\t\t\t\t\t\t\t\t\t\t\t\t\t\t\t<\/div>\n\t\t\t\t<\/div>\n\t\t\t\t\t<\/div>\n\t\t\t\t<\/div>\n\t\t<div class=\"elementor-element elementor-element-17811d5 e-flex e-con-boxed e-con e-parent\" data-id=\"17811d5\" data-element_type=\"container\" data-e-type=\"container\">\n\t\t\t\t\t<div class=\"e-con-inner\">\n\t\t\t\t<div class=\"elementor-element elementor-element-140f7ed elementor-widget elementor-widget-text-editor\" data-id=\"140f7ed\" data-element_type=\"widget\" data-e-type=\"widget\" data-widget_type=\"text-editor.default\">\n\t\t\t\t<div class=\"elementor-widget-container\">\n\t\t\t\t\t\t\t\t\t<p><strong>Le Conseil d&rsquo;\u00c9cole<\/strong> est un organe coll\u00e9gial fondamental pour la gestion et la vie scolaire du Lyc\u00e9e Fran\u00e7ais de Valence. Il est compos\u00e9 de la direction de l&rsquo;\u00e9cole, des repr\u00e9sentants du personnel enseignant et des repr\u00e9sentants des parents d&rsquo;\u00e9l\u00e8ves. Les membres avec voix consultative au Conseil d&rsquo;\u00c9cole incluent le chef d&rsquo;\u00e9tablissement ou son adjoint, le directeur administratif et financier ou son adjoint, l&rsquo;inspecteur de l&rsquo;\u00e9ducation nationale en r\u00e9sidence, ainsi que des repr\u00e9sentants d&rsquo;autres membres du personnel travaillant \u00e0 l&rsquo;\u00e9cole.<\/p><p>Ce conseil est charg\u00e9 de discuter et de prendre des d\u00e9cisions sur des sujets essentiels li\u00e9s au premier cycle de l&rsquo;\u00e9ducation, qui comprend les niveaux <strong>de la maternelle et du primaire<\/strong>.<\/p>\t\t\t\t\t\t\t\t<\/div>\n\t\t\t\t<\/div>\n\t\t\t\t<div class=\"elementor-element elementor-element-af524c4 elementor-align-center elementor-widget elementor-widget-button\" data-id=\"af524c4\" data-element_type=\"widget\" data-e-type=\"widget\" data-widget_type=\"button.default\">\n\t\t\t\t<div class=\"elementor-widget-container\">\n\t\t\t\t\t\t\t\t\t<div class=\"elementor-button-wrapper\">\n\t\t\t\t\t<a class=\"elementor-button elementor-button-link elementor-size-sm\" href=\"#CONSEJOESCUELA\">\n\t\t\t\t\t\t<span class=\"elementor-button-content-wrapper\">\n\t\t\t\t\t\t\t\t\t<span class=\"elementor-button-text\">JE VEUX \u00caTRE CANDIDAT AVEC L'APAE<\/span>\n\t\t\t\t\t<\/span>\n\t\t\t\t\t<\/a>\n\t\t\t\t<\/div>\n\t\t\t\t\t\t\t\t<\/div>\n\t\t\t\t<\/div>\n\t\t\t\t\t<\/div>\n\t\t\t\t<\/div>\n\t\t<div class=\"elementor-element elementor-element-6928b35 e-flex e-con-boxed e-con e-parent\" data-id=\"6928b35\" data-element_type=\"container\" data-e-type=\"container\">\n\t\t\t\t\t<div class=\"e-con-inner\">\n\t\t<div class=\"elementor-element elementor-element-fb6d447 e-con-full e-flex e-con e-child\" data-id=\"fb6d447\" data-element_type=\"container\" data-e-type=\"container\">\n\t\t\t\t<div class=\"elementor-element elementor-element-c126050 elementor-widget elementor-widget-heading\" data-id=\"c126050\" data-element_type=\"widget\" data-e-type=\"widget\" data-widget_type=\"heading.default\">\n\t\t\t\t<div class=\"elementor-widget-container\">\n\t\t\t\t\t<h2 class=\"elementor-heading-title elementor-size-default\">Conseil d'\u00c9cole du Lyc\u00e9e Fran\u00e7ais de Valencia<\/h2>\t\t\t\t<\/div>\n\t\t\t\t<\/div>\n\t\t\t\t<\/div>\n\t\t<div class=\"elementor-element elementor-element-c4ad7ca e-con-full e-flex e-con e-child\" data-id=\"c4ad7ca\" data-element_type=\"container\" data-e-type=\"container\">\n\t\t\t\t<div class=\"elementor-element elementor-element-8c90533 elementor-widget elementor-widget-text-editor\" data-id=\"8c90533\" data-element_type=\"widget\" data-e-type=\"widget\" data-widget_type=\"text-editor.default\">\n\t\t\t\t<div class=\"elementor-widget-container\">\n\t\t\t\t\t\t\t\t\t<p>La repr\u00e9sentation des parents au <strong>Conseil d&rsquo;\u00c9cole<\/strong> du Lyc\u00e9e Fran\u00e7ais de Valencia est compos\u00e9e de <strong>15 repr\u00e9sentants des parents<\/strong>.<\/p><p>Pour les \u00e9lections, une liste de candidats peut inclure jusqu&rsquo;\u00e0 <strong>30 personnes<\/strong> : 15 titulaires et 15 suppl\u00e9ants.<\/p><p>Les \u00e9lections permettent de r\u00e9partir ces 15 si\u00e8ges entre les diff\u00e9rentes listes de candidats. Actuellement, l&rsquo;APAE occupe <strong>12 de ces si\u00e8ges<\/strong>.<\/p><p>\u00c0 l&rsquo;APAE, s&rsquo;il y a plus de 30 candidats au total, tous pourront participer \u00e0 notre groupe de travail du conseil (via WhatsApp, exclusif aux candidats), o\u00f9 les sujets sont pr\u00e9par\u00e9s et d\u00e9battus pour pr\u00e9senter des propositions au Conseil, m\u00eame si tous n&rsquo;ont pas un si\u00e8ge. Ce processus assure une repr\u00e9sentation \u00e9quitable et l&rsquo;inclusion de diverses voix dans les d\u00e9cisions importantes pour la vie scolaire.<\/p>\t\t\t\t\t\t\t\t<\/div>\n\t\t\t\t<\/div>\n\t\t\t\t<\/div>\n\t\t\t\t\t<\/div>\n\t\t\t\t<\/div>\n\t\t<div class=\"elementor-element elementor-element-fb71af5 e-flex e-con-boxed e-con e-parent\" data-id=\"fb71af5\" data-element_type=\"container\" data-e-type=\"container\">\n\t\t\t\t\t<div class=\"e-con-inner\">\n\t\t<div class=\"elementor-element elementor-element-86584ad e-con-full e-flex e-con e-child\" data-id=\"86584ad\" data-element_type=\"container\" data-e-type=\"container\">\n\t\t\t\t<div class=\"elementor-element elementor-element-b3cc739 elementor-widget elementor-widget-heading\" data-id=\"b3cc739\" data-element_type=\"widget\" data-e-type=\"widget\" data-widget_type=\"heading.default\">\n\t\t\t\t<div class=\"elementor-widget-container\">\n\t\t\t\t\t<h2 class=\"elementor-heading-title elementor-size-default\">Fonctions du Conseil d'\u00c9cole<\/h2>\t\t\t\t<\/div>\n\t\t\t\t<\/div>\n\t\t\t\t<\/div>\n\t\t<div class=\"elementor-element elementor-element-733c588 e-con-full e-flex e-con e-child\" data-id=\"733c588\" data-element_type=\"container\" data-e-type=\"container\">\n\t\t\t\t<div class=\"elementor-element elementor-element-bfd00ef elementor-widget elementor-widget-text-editor\" data-id=\"bfd00ef\" data-element_type=\"widget\" data-e-type=\"widget\" data-widget_type=\"text-editor.default\">\n\t\t\t\t<div class=\"elementor-widget-container\">\n\t\t\t\t\t\t\t\t\t<p>Le Conseil d&rsquo;\u00c9cole a plusieurs attributions importantes :<\/p><p>\u00a0<\/p>\t\t\t\t\t\t\t\t<\/div>\n\t\t\t\t<\/div>\n\t\t\t\t<div class=\"elementor-element elementor-element-3bf685e elementor-widget elementor-widget-text-editor\" data-id=\"3bf685e\" data-element_type=\"widget\" data-e-type=\"widget\" data-widget_type=\"text-editor.default\">\n\t\t\t\t<div class=\"elementor-widget-container\">\n\t\t\t\t\t\t\t\t\t<p><strong>Approbation du r\u00e8glement int\u00e9rieur de l&rsquo;\u00e9cole :<\/strong> Ce conseil est responsable d&rsquo;approuver les r\u00e8gles qui r\u00e9gissent la vie scolaire.<\/p><p><strong>Consultations obligatoires :<\/strong> Le conseil est consult\u00e9 pour \u00e9mettre des avis sur des sujets tels que les structures p\u00e9dagogiques, l&rsquo;organisation du temps scolaire, les projets \u00e9ducatifs, les conditions de s\u00e9curit\u00e9, l&rsquo;hygi\u00e8ne et la sant\u00e9 des \u00e9l\u00e8ves, entre autres.<\/p><p><strong>Projets et activit\u00e9s :<\/strong> Le conseil examine et d\u00e9cide des projets \u00e9ducatifs et des actions sp\u00e9cifiques pour am\u00e9liorer l&rsquo;adaptation de l&rsquo;\u00e9cole \u00e0 son environnement et aux besoins des \u00e9l\u00e8ves, en particulier ceux ayant des besoins \u00e9ducatifs particuliers.<\/p>\t\t\t\t\t\t\t\t<\/div>\n\t\t\t\t<\/div>\n\t\t\t\t<\/div>\n\t\t\t\t\t<\/div>\n\t\t\t\t<\/div>\n\t\t<div class=\"elementor-element elementor-element-bcef7bb e-flex e-con-boxed e-con e-parent\" data-id=\"bcef7bb\" data-element_type=\"container\" data-e-type=\"container\">\n\t\t\t\t\t<div class=\"e-con-inner\">\n\t\t<div class=\"elementor-element elementor-element-369d689 e-con-full e-flex e-con e-child\" data-id=\"369d689\" data-element_type=\"container\" data-e-type=\"container\">\n\t\t\t\t<div class=\"elementor-element elementor-element-f71f84f elementor-widget elementor-widget-heading\" data-id=\"f71f84f\" data-element_type=\"widget\" data-e-type=\"widget\" data-widget_type=\"heading.default\">\n\t\t\t\t<div class=\"elementor-widget-container\">\n\t\t\t\t\t<h2 class=\"elementor-heading-title elementor-size-default\">Que signifie \u00eatre repr\u00e9sentant des parents ?<\/h2>\t\t\t\t<\/div>\n\t\t\t\t<\/div>\n\t\t\t\t<\/div>\n\t\t<div class=\"elementor-element elementor-element-b82eb4f e-con-full e-flex e-con e-child\" data-id=\"b82eb4f\" data-element_type=\"container\" data-e-type=\"container\">\n\t\t\t\t<div class=\"elementor-element elementor-element-7bd8c46 elementor-widget elementor-widget-text-editor\" data-id=\"7bd8c46\" data-element_type=\"widget\" data-e-type=\"widget\" data-widget_type=\"text-editor.default\">\n\t\t\t\t<div class=\"elementor-widget-container\">\n\t\t\t\t\t\t\t\t\t<p>En tant que repr\u00e9sentant des parents au Conseil d&rsquo;\u00c9cole, votre r\u00f4le sera essentiel pour garantir que les opinions et les besoins de toutes les familles soient entendus et pris en compte dans les d\u00e9cisions. Vous participerez <strong>aux r\u00e9unions du conseil (3 par an)<\/strong> et aux r\u00e9unions pr\u00e9paratoires avec les autres repr\u00e9sentants de l&rsquo;APAE, vous contribuerez \u00e0 la discussion des sujets mentionn\u00e9s et collaborerez \u00e0 l&rsquo;am\u00e9lioration continue de l&rsquo;exp\u00e9rience \u00e9ducative des \u00e9l\u00e8ves.<\/p>\t\t\t\t\t\t\t\t<\/div>\n\t\t\t\t<\/div>\n\t\t\t\t<\/div>\n\t\t\t\t\t<\/div>\n\t\t\t\t<\/div>\n\t\t<div class=\"elementor-element elementor-element-bb560db e-flex e-con-boxed e-con e-parent\" data-id=\"bb560db\" data-element_type=\"container\" data-e-type=\"container\">\n\t\t\t\t\t<div class=\"e-con-inner\">\n\t\t<div class=\"elementor-element elementor-element-6d99d85 e-con-full e-flex e-con e-child\" data-id=\"6d99d85\" data-element_type=\"container\" data-e-type=\"container\">\n\t\t\t\t<div class=\"elementor-element elementor-element-4ed7435 elementor-widget elementor-widget-heading\" data-id=\"4ed7435\" data-element_type=\"widget\" data-e-type=\"widget\" data-widget_type=\"heading.default\">\n\t\t\t\t<div class=\"elementor-widget-container\">\n\t\t\t\t\t<h2 class=\"elementor-heading-title elementor-size-default\">Sujets trait\u00e9s au Conseil d'\u00c9cole :\n<\/h2>\t\t\t\t<\/div>\n\t\t\t\t<\/div>\n\t\t\t\t<div class=\"elementor-element elementor-element-3f9c921 elementor-widget elementor-widget-text-editor\" data-id=\"3f9c921\" data-element_type=\"widget\" data-e-type=\"widget\" data-widget_type=\"text-editor.default\">\n\t\t\t\t<div class=\"elementor-widget-container\">\n\t\t\t\t\t\t\t\t\t<p><strong>Organisation et structure p\u00e9dagogique :<\/strong> Discussion sur la r\u00e9partition des classes, les horaires et les calendriers scolaires.<\/p><p><strong>Projets \u00e9ducatifs :<\/strong> R\u00e9vision et approbation des projets qui affectent l&rsquo;\u00e9ducation des \u00e9l\u00e8ves, comme les activit\u00e9s p\u00e9riscolaires et les sorties scolaires.<\/p><p><strong>S\u00e9curit\u00e9 et bien-\u00eatre :<\/strong> \u00c9valuation des conditions de s\u00e9curit\u00e9 et d&rsquo;hygi\u00e8ne dans l&rsquo;environnement scolaire.<\/p><p><strong>Besoins \u00e9ducatifs particuliers :<\/strong> Adaptations n\u00e9cessaires pour les \u00e9l\u00e8ves ayant des besoins \u00e9ducatifs particuliers.<\/p>\t\t\t\t\t\t\t\t<\/div>\n\t\t\t\t<\/div>\n\t\t\t\t<\/div>\n\t\t<div class=\"elementor-element elementor-element-9a02d29 e-con-full e-flex e-con e-child\" data-id=\"9a02d29\" data-element_type=\"container\" data-e-type=\"container\">\n\t\t\t\t<div class=\"elementor-element elementor-element-57bd8f4 elementor-widget elementor-widget-heading\" data-id=\"57bd8f4\" data-element_type=\"widget\" data-e-type=\"widget\" data-widget_type=\"heading.default\">\n\t\t\t\t<div class=\"elementor-widget-container\">\n\t\t\t\t\t<h2 class=\"elementor-heading-title elementor-size-default\">Sujets qui NE sont PAS trait\u00e9s au Conseil d'\u00c9cole :\n<\/h2>\t\t\t\t<\/div>\n\t\t\t\t<\/div>\n\t\t\t\t<div class=\"elementor-element elementor-element-a679918 elementor-widget elementor-widget-text-editor\" data-id=\"a679918\" data-element_type=\"widget\" data-e-type=\"widget\" data-widget_type=\"text-editor.default\">\n\t\t\t\t<div class=\"elementor-widget-container\">\n\t\t\t\t\t\t\t\t\t<p><strong>Politique g\u00e9n\u00e9rale de l&rsquo;\u00e9tablissement :<\/strong> Cela rel\u00e8ve de la comp\u00e9tence du Conseil d&rsquo;\u00c9tablissement, o\u00f9 sont discut\u00e9s des sujets tels que l&rsquo;orientation g\u00e9n\u00e9rale de l&rsquo;\u00e9cole et les grandes lignes de sa politique \u00e9ducative.<\/p><p><strong>Budget et gestion financi\u00e8re :<\/strong> Cela est \u00e9galement trait\u00e9 au Conseil d&rsquo;\u00c9tablissement, qui g\u00e8re les aspects financiers et budg\u00e9taires au niveau global de l&rsquo;\u00e9tablissement.<\/p><p><strong>Projets p\u00e9dagogiques sp\u00e9cifiques au niveau secondaire :<\/strong> Ces sujets sont trait\u00e9s au Conseil d&rsquo;\u00c9tablissement, qui couvre \u00e0 la fois le primaire et le secondaire.<\/p><p><strong>Recrutement et gestion du personnel :<\/strong> Les questions li\u00e9es au personnel enseignant et non enseignant de l&rsquo;\u00e9tablissement sont discut\u00e9es au Conseil d&rsquo;\u00c9tablissement.<\/p>\t\t\t\t\t\t\t\t<\/div>\n\t\t\t\t<\/div>\n\t\t\t\t<\/div>\n\t\t\t\t\t<\/div>\n\t\t\t\t<\/div>\n\t\t<div class=\"elementor-element elementor-element-712c8d6 e-grid e-con-boxed e-con e-parent\" data-id=\"712c8d6\" data-element_type=\"container\" data-e-type=\"container\">\n\t\t\t\t\t<div class=\"e-con-inner\">\n\t\t<div class=\"elementor-element elementor-element-92b5a70 e-con-full e-flex e-con e-child\" data-id=\"92b5a70\" data-element_type=\"container\" data-e-type=\"container\">\n\t\t\t\t<div class=\"elementor-element elementor-element-6d45a3f elementor-widget elementor-widget-heading\" data-id=\"6d45a3f\" data-element_type=\"widget\" data-e-type=\"widget\" data-widget_type=\"heading.default\">\n\t\t\t\t<div class=\"elementor-widget-container\">\n\t\t\t\t\t<h2 class=\"elementor-heading-title elementor-size-default\">Inscrivez-vous sur nos listes !<\/h2>\t\t\t\t<\/div>\n\t\t\t\t<\/div>\n\t\t\t\t<div class=\"elementor-element elementor-element-a7cdca9 elementor-widget elementor-widget-image\" data-id=\"a7cdca9\" data-element_type=\"widget\" data-e-type=\"widget\" data-widget_type=\"image.default\">\n\t\t\t\t<div class=\"elementor-widget-container\">\n\t\t\t\t\t\t\t\t\t\t\t\t\t\t\t<img decoding=\"async\" width=\"1024\" height=\"1024\" src=\"https:\/\/apaliceovalencia.com\/wp-content\/uploads\/2024\/08\/Conseil_d_ecole-1.png\" class=\"attachment-large size-large wp-image-6311\" alt=\"\" srcset=\"https:\/\/apaliceovalencia.com\/wp-content\/uploads\/2024\/08\/Conseil_d_ecole-1.png 1024w, https:\/\/apaliceovalencia.com\/wp-content\/uploads\/2024\/08\/Conseil_d_ecole-1-980x980.png 980w, https:\/\/apaliceovalencia.com\/wp-content\/uploads\/2024\/08\/Conseil_d_ecole-1-480x480.png 480w\" sizes=\"(min-width: 0px) and (max-width: 480px) 480px, (min-width: 481px) and (max-width: 980px) 980px, (min-width: 981px) 1024px, 100vw\" \/>\t\t\t\t\t\t\t\t\t\t\t\t\t\t\t<\/div>\n\t\t\t\t<\/div>\n\t\t\t\t<div class=\"elementor-element elementor-element-4975b40 elementor-widget elementor-widget-text-editor\" data-id=\"4975b40\" data-element_type=\"widget\" data-e-type=\"widget\" data-widget_type=\"text-editor.default\">\n\t\t\t\t<div class=\"elementor-widget-container\">\n\t\t\t\t\t\t\t\t\t<p>Les Conseils d&rsquo;\u00c9cole se d\u00e9roulent en fran\u00e7ais, il est donc important que les candidats puissent comprendre cette langue.<\/p>\t\t\t\t\t\t\t\t<\/div>\n\t\t\t\t<\/div>\n\t\t\t\t<\/div>\n\t\t<div class=\"elementor-element elementor-element-e0f0186 e-con-full e-flex e-con e-child\" data-id=\"e0f0186\" data-element_type=\"container\" data-e-type=\"container\">\n\t\t\t\t<div class=\"elementor-element elementor-element-1690e12 elementor-widget elementor-widget-text-editor\" data-id=\"1690e12\" data-element_type=\"widget\" data-e-type=\"widget\" data-widget_type=\"text-editor.default\">\n\t\t\t\t<div class=\"elementor-widget-container\">\n\t\t\t\t\t\t\t\t\t<p>La priorit\u00e9 num\u00e9ro un dans la formation de nos listes est la connaissance du <strong>fran\u00e7ais<\/strong> : Premi\u00e8rement, les places seront attribu\u00e9es aux candidats qui parlent couramment le fran\u00e7ais. Ensuite, \u00e0 ceux qui, bien que parlant principalement l&rsquo;espagnol, comprennent bien le fran\u00e7ais. Enfin, les candidats qui ne parlent que l&rsquo;espagnol seront inclus.<\/p><p>Le deuxi\u00e8me crit\u00e8re est la <strong>vie associative<\/strong> : Premi\u00e8rement, la priorit\u00e9 sera donn\u00e9e aux membres du Bureau Directeur de l&rsquo;Association. Ensuite, aux membres actifs dans nos commissions. Enfin, aux volontaires qui n&rsquo;ont pas encore eu l&rsquo;opportunit\u00e9 de participer \u00e0 nos commissions.<\/p><p>Conform\u00e9ment aux statuts de l&rsquo;association, les listes de candidats seront approuv\u00e9es par le Conseil d&rsquo;Administration de l&rsquo;APAE. Ce processus garantit que les candidatures r\u00e9pondent aux crit\u00e8res \u00e9tablis et sont align\u00e9es avec les objectifs de l&rsquo;association.<\/p><p>Nous vous encourageons \u00e0 rejoindre nos listes. C&rsquo;est une occasion unique de contribuer activement au d\u00e9veloppement de la communaut\u00e9 \u00e9ducative, toujours dans le respect et la bienveillance. Notre mission est de repr\u00e9senter les pr\u00e9occupations de la majorit\u00e9 des parents, pr\u00eats \u00e0 d\u00e9battre des sujets importants et \u00e0 travailler ensemble sans chercher la confrontation.<\/p><p><br \/>Une fois la liste de 30 candidats pour les \u00e9lections compl\u00e9t\u00e9e \u2705, les autres volontaires inscrits sur notre liste resteront int\u00e9gr\u00e9s dans un groupe WhatsApp commun \ud83d\udcf2 avec les candidats. Ce dispositif permettra de pr\u00e9parer ensemble les Conseils, de partager les besoins et les questions des familles, et d\u2019apporter un soutien actif au travail en amont des r\u00e9unions.<\/p>\t\t\t\t\t\t\t\t<\/div>\n\t\t\t\t<\/div>\n\t\t\t\t<\/div>\n\t\t\t\t\t<\/div>\n\t\t\t\t<\/div>\n\t\t<div class=\"elementor-element elementor-element-19c06d9 e-flex e-con-boxed e-con e-parent\" data-id=\"19c06d9\" data-element_type=\"container\" data-e-type=\"container\" id=\"CONSEJOESCUELA\">\n\t\t\t\t\t<div class=\"e-con-inner\">\n\t\t\t\t<div class=\"elementor-element elementor-element-5861f10 elementor-widget elementor-widget-heading\" data-id=\"5861f10\" data-element_type=\"widget\" data-e-type=\"widget\" data-widget_type=\"heading.default\">\n\t\t\t\t<div class=\"elementor-widget-container\">\n\t\t\t\t\t<h2 class=\"elementor-heading-title elementor-size-default\">Inscrivez-vous sur la liste APAe pour le Conseil d'\u00c9cole !<\/h2>\t\t\t\t<\/div>\n\t\t\t\t<\/div>\n\t\t\t\t<div class=\"elementor-element elementor-element-4de88f7 elementor-button-align-stretch elementor-widget elementor-widget-form\" data-id=\"4de88f7\" data-element_type=\"widget\" data-e-type=\"widget\" data-settings=\"{&quot;step_next_label&quot;:&quot;Siguiente&quot;,&quot;step_previous_label&quot;:&quot;Anterior&quot;,&quot;button_width&quot;:&quot;100&quot;,&quot;step_type&quot;:&quot;number_text&quot;,&quot;step_icon_shape&quot;:&quot;circle&quot;}\" data-widget_type=\"form.default\">\n\t\t\t\t<div class=\"elementor-widget-container\">\n\t\t\t\t\t\t\t<form class=\"elementor-form\" method=\"post\" id=\"Consejodeescuela\" name=\"Nuevo formulario\" aria-label=\"Nuevo formulario\">\n\t\t\t<input type=\"hidden\" name=\"post_id\" value=\"6346\"\/>\n\t\t\t<input type=\"hidden\" name=\"form_id\" value=\"4de88f7\"\/>\n\t\t\t<input type=\"hidden\" name=\"referer_title\" value=\"Le Conseil d&#039;\u00e9cole - APAE Liceo Franc\u00e9s Val\u00e8ncia\" \/>\n\n\t\t\t\t\t\t\t<input type=\"hidden\" name=\"queried_id\" value=\"6346\"\/>\n\t\t\t\n\t\t\t<div class=\"elementor-form-fields-wrapper elementor-labels-above\">\n\t\t\t\t\t\t\t\t<div class=\"elementor-field-type-text elementor-field-group elementor-column elementor-field-group-name elementor-col-100 elementor-field-required\">\n\t\t\t\t\t\t\t\t\t\t\t\t<label for=\"form-field-name\" class=\"elementor-field-label\">\n\t\t\t\t\t\t\t\tPr\u00e9nom du candidat\t\t\t\t\t\t\t<\/label>\n\t\t\t\t\t\t\t\t\t\t\t\t\t\t<input size=\"1\" type=\"text\" name=\"form_fields[name]\" id=\"form-field-name\" class=\"elementor-field elementor-size-sm  elementor-field-textual\" placeholder=\"Pr\u00e9nom\" required=\"required\">\n\t\t\t\t\t\t\t\t\t\t\t<\/div>\n\t\t\t\t\t\t\t\t<div class=\"elementor-field-type-text elementor-field-group elementor-column elementor-field-group-field_1804de3 elementor-col-100 elementor-field-required\">\n\t\t\t\t\t\t\t\t\t\t\t\t<label for=\"form-field-field_1804de3\" class=\"elementor-field-label\">\n\t\t\t\t\t\t\t\tNoms du candidat\t\t\t\t\t\t\t<\/label>\n\t\t\t\t\t\t\t\t\t\t\t\t\t\t<input size=\"1\" type=\"text\" name=\"form_fields[field_1804de3]\" id=\"form-field-field_1804de3\" class=\"elementor-field elementor-size-sm  elementor-field-textual\" placeholder=\"Noms\" required=\"required\">\n\t\t\t\t\t\t\t\t\t\t\t<\/div>\n\t\t\t\t\t\t\t\t<div class=\"elementor-field-type-text elementor-field-group elementor-column elementor-field-group-field_4ebe923 elementor-col-100 elementor-field-required\">\n\t\t\t\t\t\t\t\t\t\t\t\t<label for=\"form-field-field_4ebe923\" class=\"elementor-field-label\">\n\t\t\t\t\t\t\t\tClasse de vos enfants dans l'\u00e9tablissement  cursus 24\/25\t\t\t\t\t\t\t<\/label>\n\t\t\t\t\t\t\t\t\t\t\t\t\t\t<input size=\"1\" type=\"text\" name=\"form_fields[field_4ebe923]\" id=\"form-field-field_4ebe923\" class=\"elementor-field elementor-size-sm  elementor-field-textual\" placeholder=\"Classe des enfants (seuls les parents de maternelle et primaire peuvent participer \u00e0 ce conseil)\" required=\"required\">\n\t\t\t\t\t\t\t\t\t\t\t<\/div>\n\t\t\t\t\t\t\t\t<div class=\"elementor-field-type-tel elementor-field-group elementor-column elementor-field-group-field_d1a845c elementor-col-100 elementor-field-required\">\n\t\t\t\t\t\t\t\t\t\t\t\t<label for=\"form-field-field_d1a845c\" class=\"elementor-field-label\">\n\t\t\t\t\t\t\t\tT\u00e9l\u00e9phone\t\t\t\t\t\t\t<\/label>\n\t\t\t\t\t\t\t\t<input size=\"1\" type=\"tel\" name=\"form_fields[field_d1a845c]\" id=\"form-field-field_d1a845c\" class=\"elementor-field elementor-size-sm  elementor-field-textual\" placeholder=\"T\u00e9l\u00e9phone (communication via WhatsApp)\" required=\"required\" pattern=\"[0-9()#&amp;+*-=.]+\" title=\"Seuls les caract\u00e8res de num\u00e9ros de t\u00e9l\u00e9phone (#, -, *, etc.) sont accept\u00e9s.\">\n\n\t\t\t\t\t\t<\/div>\n\t\t\t\t\t\t\t\t<div class=\"elementor-field-type-email elementor-field-group elementor-column elementor-field-group-email elementor-col-100 elementor-field-required\">\n\t\t\t\t\t\t\t\t\t\t\t\t<label for=\"form-field-email\" class=\"elementor-field-label\">\n\t\t\t\t\t\t\t\tAdresse e-mail\t\t\t\t\t\t\t<\/label>\n\t\t\t\t\t\t\t\t\t\t\t\t\t\t<input size=\"1\" type=\"email\" name=\"form_fields[email]\" id=\"form-field-email\" class=\"elementor-field elementor-size-sm  elementor-field-textual\" placeholder=\"E-mail\" required=\"required\">\n\t\t\t\t\t\t\t\t\t\t\t<\/div>\n\t\t\t\t\t\t\t\t<div class=\"elementor-field-type-radio elementor-field-group elementor-column elementor-field-group-message elementor-col-100\">\n\t\t\t\t\t\t\t\t\t\t\t\t<label for=\"form-field-message\" class=\"elementor-field-label\">\n\t\t\t\t\t\t\t\tNiveau de fran\u00e7ais\t\t\t\t\t\t\t<\/label>\n\t\t\t\t\t\t<div class=\"elementor-field-subgroup  elementor-subgroup-inline\"><span class=\"elementor-field-option\"><input type=\"radio\" value=\"Je le comprends et je le parle\" id=\"form-field-message-0\" name=\"form_fields[message]\"> <label for=\"form-field-message-0\">Je le comprends et je le parle<\/label><\/span><span class=\"elementor-field-option\"><input type=\"radio\" value=\"Je le comprends mais je ne le parle pas\" id=\"form-field-message-1\" name=\"form_fields[message]\"> <label for=\"form-field-message-1\">Je le comprends mais je ne le parle pas<\/label><\/span><span class=\"elementor-field-option\"><input type=\"radio\" value=\"Je le comprends tr\u00e8s peu\" id=\"form-field-message-2\" name=\"form_fields[message]\"> <label for=\"form-field-message-2\">Je le comprends tr\u00e8s peu<\/label><\/span><span class=\"elementor-field-option\"><input type=\"radio\" value=\"Je ne le comprends pas et je ne le parle pas\" id=\"form-field-message-3\" name=\"form_fields[message]\"> <label for=\"form-field-message-3\">Je ne le comprends pas et je ne le parle pas<\/label><\/span><\/div>\t\t\t\t<\/div>\n\t\t\t\t\t\t\t\t<div class=\"elementor-field-type-radio elementor-field-group elementor-column elementor-field-group-field_32bba7d elementor-col-100\">\n\t\t\t\t\t\t\t\t\t\t\t\t<label for=\"form-field-field_32bba7d\" class=\"elementor-field-label\">\n\t\t\t\t\t\t\t\t\u00cates-vous membre d'une commission de l'APAE (sinon... rejoignez-nous !)\t\t\t\t\t\t\t<\/label>\n\t\t\t\t\t\t<div class=\"elementor-field-subgroup  elementor-subgroup-inline\"><span class=\"elementor-field-option\"><input type=\"radio\" value=\"Communication\" id=\"form-field-field_32bba7d-0\" name=\"form_fields[field_32bba7d]\"> <label for=\"form-field-field_32bba7d-0\">Communication<\/label><\/span><span class=\"elementor-field-option\"><input type=\"radio\" value=\"Climat scolaire\" id=\"form-field-field_32bba7d-1\" name=\"form_fields[field_32bba7d]\"> <label for=\"form-field-field_32bba7d-1\">Climat scolaire<\/label><\/span><span class=\"elementor-field-option\"><input type=\"radio\" value=\"EBEP\" id=\"form-field-field_32bba7d-2\" name=\"form_fields[field_32bba7d]\"> <label for=\"form-field-field_32bba7d-2\">EBEP<\/label><\/span><span class=\"elementor-field-option\"><input type=\"radio\" value=\"Accueil\" id=\"form-field-field_32bba7d-3\" name=\"form_fields[field_32bba7d]\"> <label for=\"form-field-field_32bba7d-3\">Accueil<\/label><\/span><span class=\"elementor-field-option\"><input type=\"radio\" value=\"Secondaire\" id=\"form-field-field_32bba7d-4\" name=\"form_fields[field_32bba7d]\"> <label for=\"form-field-field_32bba7d-4\">Secondaire<\/label><\/span><span class=\"elementor-field-option\"><input type=\"radio\" value=\"Transport\" id=\"form-field-field_32bba7d-5\" name=\"form_fields[field_32bba7d]\"> <label for=\"form-field-field_32bba7d-5\">Transport<\/label><\/span><span class=\"elementor-field-option\"><input type=\"radio\" value=\"Activit\u00e9s p\u00e9riscolaires\" id=\"form-field-field_32bba7d-6\" name=\"form_fields[field_32bba7d]\"> <label for=\"form-field-field_32bba7d-6\">Activit\u00e9s p\u00e9riscolaires<\/label><\/span><span class=\"elementor-field-option\"><input type=\"radio\" value=\"Alimentation\" id=\"form-field-field_32bba7d-7\" name=\"form_fields[field_32bba7d]\"> <label for=\"form-field-field_32bba7d-7\">Alimentation<\/label><\/span><span class=\"elementor-field-option\"><input type=\"radio\" value=\"Aucune (pour l&#039;instant :-))\" id=\"form-field-field_32bba7d-8\" name=\"form_fields[field_32bba7d]\"> <label for=\"form-field-field_32bba7d-8\">Aucune (pour l'instant :-))<\/label><\/span><\/div>\t\t\t\t<\/div>\n\t\t\t\t\t\t\t\t<div class=\"elementor-field-type-radio elementor-field-group elementor-column elementor-field-group-field_5b9c139 elementor-col-100\">\n\t\t\t\t\t\t\t\t\t\t\t\t<label for=\"form-field-field_5b9c139\" class=\"elementor-field-label\">\n\t\t\t\t\t\t\t\tAutres participations au Conseil d'\u00c9cole\t\t\t\t\t\t\t<\/label>\n\t\t\t\t\t\t<div class=\"elementor-field-subgroup  elementor-subgroup-inline\"><span class=\"elementor-field-option\"><input type=\"radio\" value=\"Premi\u00e8re fois\" id=\"form-field-field_5b9c139-0\" name=\"form_fields[field_5b9c139]\"> <label for=\"form-field-field_5b9c139-0\">Premi\u00e8re fois<\/label><\/span><span class=\"elementor-field-option\"><input type=\"radio\" value=\"J&#039;ai d\u00e9j\u00e0 particip\u00e9\" id=\"form-field-field_5b9c139-1\" name=\"form_fields[field_5b9c139]\"> <label for=\"form-field-field_5b9c139-1\">J'ai d\u00e9j\u00e0 particip\u00e9<\/label><\/span><\/div>\t\t\t\t<\/div>\n\t\t\t\t\t\t\t\t<div class=\"elementor-field-group elementor-column elementor-field-type-submit elementor-col-100 e-form__buttons\">\n\t\t\t\t\t<button class=\"elementor-button elementor-size-sm\" type=\"submit\">\n\t\t\t\t\t\t<span class=\"elementor-button-content-wrapper\">\n\t\t\t\t\t\t\t\t\t\t\t\t\t\t\t<span class=\"elementor-button-icon\">\n\t\t\t\t\t\t\t\t\t<svg aria-hidden=\"true\" class=\"e-font-icon-svg e-far-grin-stars\" viewBox=\"0 0 496 512\" xmlns=\"http:\/\/www.w3.org\/2000\/svg\"><path d=\"M248 8C111 8 0 119 0 256s111 248 248 248 248-111 248-248S385 8 248 8zm0 448c-110.3 0-200-89.7-200-200S137.7 56 248 56s200 89.7 200 200-89.7 200-200 200zm105.6-151.4c-25.9 8.3-64.4 13.1-105.6 13.1s-79.6-4.8-105.6-13.1c-9.8-3.1-19.4 5.3-17.7 15.3 7.9 47.2 71.3 80 123.3 80s115.3-32.9 123.3-80c1.6-9.8-7.7-18.4-17.7-15.3zm-227.9-57.5c-1 6.2 5.4 11 11 7.9l31.3-16.3 31.3 16.3c5.6 3.1 12-1.7 11-7.9l-6-34.9 25.4-24.6c4.5-4.5 1.9-12.2-4.3-13.2l-34.9-5-15.5-31.6c-2.9-5.8-11-5.8-13.9 0l-15.5 31.6-34.9 5c-6.2.9-8.9 8.6-4.3 13.2l25.4 24.6-6.1 34.9zm259.7-72.7l-34.9-5-15.5-31.6c-2.9-5.8-11-5.8-13.9 0l-15.5 31.6-34.9 5c-6.2.9-8.9 8.6-4.3 13.2l25.4 24.6-6 34.9c-1 6.2 5.4 11 11 7.9l31.3-16.3 31.3 16.3c5.6 3.1 12-1.7 11-7.9l-6-34.9 25.4-24.6c4.5-4.6 1.8-12.2-4.4-13.2z\"><\/path><\/svg>\t\t\t\t\t\t\t\t\t\t\t\t\t\t\t\t\t<\/span>\n\t\t\t\t\t\t\t\t\t\t\t\t\t\t\t\t\t\t\t\t\t\t<span class=\"elementor-button-text\">JE VEUX \u00caTRE SUR LES LISTES DE L'APAE<\/span>\n\t\t\t\t\t\t\t\t\t\t\t\t\t<\/span>\n\t\t\t\t\t<\/button>\n\t\t\t\t<\/div>\n\t\t\t<\/div>\n\t\t<\/form>\n\t\t\t\t\t\t<\/div>\n\t\t\t\t<\/div>\n\t\t\t\t\t<\/div>\n\t\t\t\t<\/div>\n\t\t\t\t<\/div>\n\t\t","protected":false},"excerpt":{"rendered":"<p>CONSEIL D&rsquo;\u00c9COLE du Lyc\u00e9e Fran\u00e7ais de Valencia Le Conseil d&rsquo;\u00c9cole est un organe coll\u00e9gial fondamental pour la gestion et la vie scolaire du Lyc\u00e9e Fran\u00e7ais de Valence. Il est compos\u00e9 [&hellip;]<\/p>\n","protected":false},"author":8,"featured_media":0,"parent":0,"menu_order":0,"comment_status":"closed","ping_status":"closed","template":"elementor_header_footer","meta":{"_acf_changed":false,"_et_pb_use_builder":"","_et_pb_old_content":"","_et_gb_content_width":"","footnotes":""},"class_list":["post-6346","page","type-page","status-publish","hentry"],"acf":[],"yoast_head":"<!-- This site is optimized with the Yoast SEO plugin v27.1.1 - https:\/\/yoast.com\/product\/yoast-seo-wordpress\/ -->\n<title>Le Conseil d&#039;\u00e9cole - APAE Liceo Franc\u00e9s Val\u00e8ncia<\/title>\n<meta name=\"robots\" content=\"index, follow, max-snippet:-1, max-image-preview:large, max-video-preview:-1\" \/>\n<link rel=\"canonical\" href=\"https:\/\/apaliceovalencia.com\/fr\/le-conseil-decole\/\" \/>\n<meta property=\"og:locale\" content=\"fr_FR\" \/>\n<meta property=\"og:type\" content=\"article\" \/>\n<meta property=\"og:title\" content=\"Le Conseil d&#039;\u00e9cole - APAE Liceo Franc\u00e9s Val\u00e8ncia\" \/>\n<meta property=\"og:description\" content=\"CONSEIL D&rsquo;\u00c9COLE du Lyc\u00e9e Fran\u00e7ais de Valencia Le Conseil d&rsquo;\u00c9cole est un organe coll\u00e9gial fondamental pour la gestion et la vie scolaire du Lyc\u00e9e Fran\u00e7ais de Valence. Il est compos\u00e9 [&hellip;]\" \/>\n<meta property=\"og:url\" content=\"https:\/\/apaliceovalencia.com\/fr\/le-conseil-decole\/\" \/>\n<meta property=\"og:site_name\" content=\"APAE Liceo Franc\u00e9s Val\u00e8ncia\" \/>\n<meta property=\"article:modified_time\" content=\"2025-08-30T11:25:24+00:00\" \/>\n<meta property=\"og:image\" content=\"https:\/\/apaliceovalencia.com\/wp-content\/uploads\/2025\/08\/Conseil-decole-1024x683.png\" \/>\n\t<meta property=\"og:image:width\" content=\"1024\" \/>\n\t<meta property=\"og:image:height\" content=\"683\" \/>\n\t<meta property=\"og:image:type\" content=\"image\/png\" \/>\n<meta name=\"twitter:card\" content=\"summary_large_image\" \/>\n<meta name=\"twitter:label1\" content=\"Dur\u00e9e de lecture estim\u00e9e\" \/>\n\t<meta name=\"twitter:data1\" content=\"6 minutes\" \/>\n<script type=\"application\/ld+json\" class=\"yoast-schema-graph\">{\"@context\":\"https:\/\/schema.org\",\"@graph\":[{\"@type\":\"WebPage\",\"@id\":\"https:\/\/apaliceovalencia.com\/fr\/le-conseil-decole\/\",\"url\":\"https:\/\/apaliceovalencia.com\/fr\/le-conseil-decole\/\",\"name\":\"Le Conseil d'\u00e9cole - APAE Liceo Franc\u00e9s Val\u00e8ncia\",\"isPartOf\":{\"@id\":\"https:\/\/apaliceovalencia.com\/fr\/#website\"},\"primaryImageOfPage\":{\"@id\":\"https:\/\/apaliceovalencia.com\/fr\/le-conseil-decole\/#primaryimage\"},\"image\":{\"@id\":\"https:\/\/apaliceovalencia.com\/fr\/le-conseil-decole\/#primaryimage\"},\"thumbnailUrl\":\"https:\/\/apaliceovalencia.com\/wp-content\/uploads\/2025\/08\/Conseil-decole-1024x683.png\",\"datePublished\":\"2024-08-24T19:25:54+00:00\",\"dateModified\":\"2025-08-30T11:25:24+00:00\",\"breadcrumb\":{\"@id\":\"https:\/\/apaliceovalencia.com\/fr\/le-conseil-decole\/#breadcrumb\"},\"inLanguage\":\"fr-FR\",\"potentialAction\":[{\"@type\":\"ReadAction\",\"target\":[\"https:\/\/apaliceovalencia.com\/fr\/le-conseil-decole\/\"]}]},{\"@type\":\"ImageObject\",\"inLanguage\":\"fr-FR\",\"@id\":\"https:\/\/apaliceovalencia.com\/fr\/le-conseil-decole\/#primaryimage\",\"url\":\"https:\/\/apaliceovalencia.com\/wp-content\/uploads\/2025\/08\/Conseil-decole-1024x683.png\",\"contentUrl\":\"https:\/\/apaliceovalencia.com\/wp-content\/uploads\/2025\/08\/Conseil-decole-1024x683.png\"},{\"@type\":\"BreadcrumbList\",\"@id\":\"https:\/\/apaliceovalencia.com\/fr\/le-conseil-decole\/#breadcrumb\",\"itemListElement\":[{\"@type\":\"ListItem\",\"position\":1,\"name\":\"Home\",\"item\":\"https:\/\/apaliceovalencia.com\/fr\/\"},{\"@type\":\"ListItem\",\"position\":2,\"name\":\"Le Conseil d&#8217;\u00e9cole\"}]},{\"@type\":\"WebSite\",\"@id\":\"https:\/\/apaliceovalencia.com\/fr\/#website\",\"url\":\"https:\/\/apaliceovalencia.com\/fr\/\",\"name\":\"APAE Liceo Franc\u00e9s Val\u00e8ncia\",\"description\":\"Asocaci\u00f3n de padres de alumnos Lyc\u00e9e Fran\u00e7ais de Val\u00e8ncia\",\"potentialAction\":[{\"@type\":\"SearchAction\",\"target\":{\"@type\":\"EntryPoint\",\"urlTemplate\":\"https:\/\/apaliceovalencia.com\/fr\/?s={search_term_string}\"},\"query-input\":{\"@type\":\"PropertyValueSpecification\",\"valueRequired\":true,\"valueName\":\"search_term_string\"}}],\"inLanguage\":\"fr-FR\"}]}<\/script>\n<!-- \/ Yoast SEO plugin. -->","yoast_head_json":{"title":"Le Conseil d'\u00e9cole - APAE Liceo Franc\u00e9s Val\u00e8ncia","robots":{"index":"index","follow":"follow","max-snippet":"max-snippet:-1","max-image-preview":"max-image-preview:large","max-video-preview":"max-video-preview:-1"},"canonical":"https:\/\/apaliceovalencia.com\/fr\/le-conseil-decole\/","og_locale":"fr_FR","og_type":"article","og_title":"Le Conseil d'\u00e9cole - APAE Liceo Franc\u00e9s Val\u00e8ncia","og_description":"CONSEIL D&rsquo;\u00c9COLE du Lyc\u00e9e Fran\u00e7ais de Valencia Le Conseil d&rsquo;\u00c9cole est un organe coll\u00e9gial fondamental pour la gestion et la vie scolaire du Lyc\u00e9e Fran\u00e7ais de Valence. Il est compos\u00e9 [&hellip;]","og_url":"https:\/\/apaliceovalencia.com\/fr\/le-conseil-decole\/","og_site_name":"APAE Liceo Franc\u00e9s Val\u00e8ncia","article_modified_time":"2025-08-30T11:25:24+00:00","og_image":[{"width":1024,"height":683,"url":"https:\/\/apaliceovalencia.com\/wp-content\/uploads\/2025\/08\/Conseil-decole-1024x683.png","type":"image\/png"}],"twitter_card":"summary_large_image","twitter_misc":{"Dur\u00e9e de lecture estim\u00e9e":"6 minutes"},"schema":{"@context":"https:\/\/schema.org","@graph":[{"@type":"WebPage","@id":"https:\/\/apaliceovalencia.com\/fr\/le-conseil-decole\/","url":"https:\/\/apaliceovalencia.com\/fr\/le-conseil-decole\/","name":"Le Conseil d'\u00e9cole - APAE Liceo Franc\u00e9s Val\u00e8ncia","isPartOf":{"@id":"https:\/\/apaliceovalencia.com\/fr\/#website"},"primaryImageOfPage":{"@id":"https:\/\/apaliceovalencia.com\/fr\/le-conseil-decole\/#primaryimage"},"image":{"@id":"https:\/\/apaliceovalencia.com\/fr\/le-conseil-decole\/#primaryimage"},"thumbnailUrl":"https:\/\/apaliceovalencia.com\/wp-content\/uploads\/2025\/08\/Conseil-decole-1024x683.png","datePublished":"2024-08-24T19:25:54+00:00","dateModified":"2025-08-30T11:25:24+00:00","breadcrumb":{"@id":"https:\/\/apaliceovalencia.com\/fr\/le-conseil-decole\/#breadcrumb"},"inLanguage":"fr-FR","potentialAction":[{"@type":"ReadAction","target":["https:\/\/apaliceovalencia.com\/fr\/le-conseil-decole\/"]}]},{"@type":"ImageObject","inLanguage":"fr-FR","@id":"https:\/\/apaliceovalencia.com\/fr\/le-conseil-decole\/#primaryimage","url":"https:\/\/apaliceovalencia.com\/wp-content\/uploads\/2025\/08\/Conseil-decole-1024x683.png","contentUrl":"https:\/\/apaliceovalencia.com\/wp-content\/uploads\/2025\/08\/Conseil-decole-1024x683.png"},{"@type":"BreadcrumbList","@id":"https:\/\/apaliceovalencia.com\/fr\/le-conseil-decole\/#breadcrumb","itemListElement":[{"@type":"ListItem","position":1,"name":"Home","item":"https:\/\/apaliceovalencia.com\/fr\/"},{"@type":"ListItem","position":2,"name":"Le Conseil d&#8217;\u00e9cole"}]},{"@type":"WebSite","@id":"https:\/\/apaliceovalencia.com\/fr\/#website","url":"https:\/\/apaliceovalencia.com\/fr\/","name":"APAE Liceo Franc\u00e9s Val\u00e8ncia","description":"Asocaci\u00f3n de padres de alumnos Lyc\u00e9e Fran\u00e7ais de Val\u00e8ncia","potentialAction":[{"@type":"SearchAction","target":{"@type":"EntryPoint","urlTemplate":"https:\/\/apaliceovalencia.com\/fr\/?s={search_term_string}"},"query-input":{"@type":"PropertyValueSpecification","valueRequired":true,"valueName":"search_term_string"}}],"inLanguage":"fr-FR"}]}},"_links":{"self":[{"href":"https:\/\/apaliceovalencia.com\/fr\/wp-json\/wp\/v2\/pages\/6346","targetHints":{"allow":["GET"]}}],"collection":[{"href":"https:\/\/apaliceovalencia.com\/fr\/wp-json\/wp\/v2\/pages"}],"about":[{"href":"https:\/\/apaliceovalencia.com\/fr\/wp-json\/wp\/v2\/types\/page"}],"author":[{"embeddable":true,"href":"https:\/\/apaliceovalencia.com\/fr\/wp-json\/wp\/v2\/users\/8"}],"replies":[{"embeddable":true,"href":"https:\/\/apaliceovalencia.com\/fr\/wp-json\/wp\/v2\/comments?post=6346"}],"version-history":[{"count":16,"href":"https:\/\/apaliceovalencia.com\/fr\/wp-json\/wp\/v2\/pages\/6346\/revisions"}],"predecessor-version":[{"id":11000,"href":"https:\/\/apaliceovalencia.com\/fr\/wp-json\/wp\/v2\/pages\/6346\/revisions\/11000"}],"wp:attachment":[{"href":"https:\/\/apaliceovalencia.com\/fr\/wp-json\/wp\/v2\/media?parent=6346"}],"curies":[{"name":"wp","href":"https:\/\/api.w.org\/{rel}","templated":true}]}}