{"id":6373,"date":"2024-08-24T20:55:45","date_gmt":"2024-08-24T20:55:45","guid":{"rendered":"https:\/\/apaliceovalencia.com\/?page_id=6373"},"modified":"2025-09-05T13:29:08","modified_gmt":"2025-09-05T13:29:08","slug":"le-conseil-detablissement","status":"publish","type":"page","link":"https:\/\/apaliceovalencia.com\/fr\/le-conseil-detablissement\/","title":{"rendered":"Le Conseil d&rsquo;\u00c9tablissement"},"content":{"rendered":"\t\t<div data-elementor-type=\"wp-page\" data-elementor-id=\"6373\" class=\"elementor elementor-6373 elementor-6360\" data-elementor-post-type=\"page\">\n\t\t\t\t<div class=\"elementor-element elementor-element-f5a61d0 e-flex e-con-boxed e-con e-parent\" data-id=\"f5a61d0\" data-element_type=\"container\" data-e-type=\"container\">\n\t\t\t\t\t<div class=\"e-con-inner\">\n\t\t\t\t<div class=\"elementor-element elementor-element-c058540 elementor-widget__width-initial elementor-widget elementor-widget-heading\" data-id=\"c058540\" data-element_type=\"widget\" data-e-type=\"widget\" data-widget_type=\"heading.default\">\n\t\t\t\t<div class=\"elementor-widget-container\">\n\t\t\t\t\t<h1 class=\"elementor-heading-title elementor-size-default\">Le Conseil d'\u00c9tablissement du Lyc\u00e9e Fran\u00e7ais de Valencia\n\n<\/h1>\t\t\t\t<\/div>\n\t\t\t\t<\/div>\n\t\t\t\t<div class=\"elementor-element elementor-element-10d5f23 elementor-widget elementor-widget-image\" data-id=\"10d5f23\" data-element_type=\"widget\" data-e-type=\"widget\" data-widget_type=\"image.default\">\n\t\t\t\t<div class=\"elementor-widget-container\">\n\t\t\t\t\t\t\t\t\t\t\t\t\t\t\t<img fetchpriority=\"high\" fetchpriority=\"high\" decoding=\"async\" width=\"1024\" height=\"683\" src=\"https:\/\/apaliceovalencia.com\/wp-content\/uploads\/2025\/08\/conseil-etablissement-1024x683.png\" class=\"attachment-large size-large wp-image-10983\" alt=\"\" srcset=\"https:\/\/apaliceovalencia.com\/wp-content\/uploads\/2025\/08\/conseil-etablissement-980x653.png 980w, https:\/\/apaliceovalencia.com\/wp-content\/uploads\/2025\/08\/conseil-etablissement-480x320.png 480w\" sizes=\"(min-width: 0px) and (max-width: 480px) 480px, (min-width: 481px) and (max-width: 980px) 980px, (min-width: 981px) 1024px, 100vw\" \/>\t\t\t\t\t\t\t\t\t\t\t\t\t\t\t<\/div>\n\t\t\t\t<\/div>\n\t\t\t\t\t<\/div>\n\t\t\t\t<\/div>\n\t\t<div class=\"elementor-element elementor-element-17811d5 e-flex e-con-boxed e-con e-parent\" data-id=\"17811d5\" data-element_type=\"container\" data-e-type=\"container\">\n\t\t\t\t\t<div class=\"e-con-inner\">\n\t\t\t\t<div class=\"elementor-element elementor-element-140f7ed elementor-widget elementor-widget-text-editor\" data-id=\"140f7ed\" data-element_type=\"widget\" data-e-type=\"widget\" data-widget_type=\"text-editor.default\">\n\t\t\t\t<div class=\"elementor-widget-container\">\n\t\t\t\t\t\t\t\t\t<p><strong>Le Conseil d&rsquo;\u00c9tablissement<\/strong> est une instance cl\u00e9 dans la gestion globale du Lyc\u00e9e Fran\u00e7ais de Valencia. Ce conseil est charg\u00e9 de prendre des d\u00e9cisions importantes qui concernent \u00e0 la fois le primaire et le secondaire, en abordant des sujets d&rsquo;ordre p\u00e9dagogique, administratif et financier.<\/p><h4>\u00a0<\/h4>\t\t\t\t\t\t\t\t<\/div>\n\t\t\t\t<\/div>\n\t\t\t\t<div class=\"elementor-element elementor-element-af524c4 elementor-align-center elementor-widget elementor-widget-button\" data-id=\"af524c4\" data-element_type=\"widget\" data-e-type=\"widget\" data-widget_type=\"button.default\">\n\t\t\t\t<div class=\"elementor-widget-container\">\n\t\t\t\t\t\t\t\t\t<div class=\"elementor-button-wrapper\">\n\t\t\t\t\t<a class=\"elementor-button elementor-button-link elementor-size-sm\" href=\"#CONSEJOCENTRO\">\n\t\t\t\t\t\t<span class=\"elementor-button-content-wrapper\">\n\t\t\t\t\t\t\t\t\t<span class=\"elementor-button-text\">JE VEUX \u00caTRE CANDIDAT AVEC L'APAE<\/span>\n\t\t\t\t\t<\/span>\n\t\t\t\t\t<\/a>\n\t\t\t\t<\/div>\n\t\t\t\t\t\t\t\t<\/div>\n\t\t\t\t<\/div>\n\t\t\t\t\t<\/div>\n\t\t\t\t<\/div>\n\t\t<div class=\"elementor-element elementor-element-6928b35 e-flex e-con-boxed e-con e-parent\" data-id=\"6928b35\" data-element_type=\"container\" data-e-type=\"container\">\n\t\t\t\t\t<div class=\"e-con-inner\">\n\t\t<div class=\"elementor-element elementor-element-fb6d447 e-con-full e-flex e-con e-child\" data-id=\"fb6d447\" data-element_type=\"container\" data-e-type=\"container\">\n\t\t\t\t<div class=\"elementor-element elementor-element-c126050 elementor-widget elementor-widget-heading\" data-id=\"c126050\" data-element_type=\"widget\" data-e-type=\"widget\" data-widget_type=\"heading.default\">\n\t\t\t\t<div class=\"elementor-widget-container\">\n\t\t\t\t\t<h2 class=\"elementor-heading-title elementor-size-default\">Le Conseil d'\u00c9tablissement du Liceo Franc\u00e9s de Valencia\n<\/h2>\t\t\t\t<\/div>\n\t\t\t\t<\/div>\n\t\t\t\t<\/div>\n\t\t<div class=\"elementor-element elementor-element-c4ad7ca e-con-full e-flex e-con e-child\" data-id=\"c4ad7ca\" data-element_type=\"container\" data-e-type=\"container\">\n\t\t\t\t<div class=\"elementor-element elementor-element-8c90533 elementor-widget elementor-widget-text-editor\" data-id=\"8c90533\" data-element_type=\"widget\" data-e-type=\"widget\" data-widget_type=\"text-editor.default\">\n\t\t\t\t<div class=\"elementor-widget-container\">\n\t\t\t\t\t\t\t\t\t<p><strong>Le Conseil d&rsquo;\u00c9tablissement<\/strong> est compos\u00e9 du chef d&rsquo;\u00e9tablissement (directeur), qui pr\u00e9side le conseil, de repr\u00e9sentants du personnel enseignant du primaire et du secondaire, de repr\u00e9sentants des parents d&rsquo;\u00e9l\u00e8ves, de repr\u00e9sentants du personnel non enseignant, et de repr\u00e9sentants des \u00e9l\u00e8ves, g\u00e9n\u00e9ralement du secondaire, qui apportent leur perspective dans la prise de d\u00e9cisions. Au Lyc\u00e9e Fran\u00e7ais de Valencia, il y a <strong>5 si\u00e8ges pour les repr\u00e9sentants des parents,<\/strong> dont <strong>3 ont \u00e9t\u00e9 occup\u00e9s par l&rsquo;APAE l&rsquo;ann\u00e9e derni\u00e8re<\/strong>. La r\u00e9partition de ces 5 si\u00e8ges est d\u00e9cid\u00e9e lors des \u00e9lections des repr\u00e9sentants au d\u00e9but de l&rsquo;ann\u00e9e scolaire.<\/p>\t\t\t\t\t\t\t\t<\/div>\n\t\t\t\t<\/div>\n\t\t\t\t<\/div>\n\t\t\t\t\t<\/div>\n\t\t\t\t<\/div>\n\t\t<div class=\"elementor-element elementor-element-fb71af5 e-flex e-con-boxed e-con e-parent\" data-id=\"fb71af5\" data-element_type=\"container\" data-e-type=\"container\">\n\t\t\t\t\t<div class=\"e-con-inner\">\n\t\t<div class=\"elementor-element elementor-element-86584ad e-con-full e-flex e-con e-child\" data-id=\"86584ad\" data-element_type=\"container\" data-e-type=\"container\">\n\t\t\t\t<div class=\"elementor-element elementor-element-b3cc739 elementor-widget elementor-widget-heading\" data-id=\"b3cc739\" data-element_type=\"widget\" data-e-type=\"widget\" data-widget_type=\"heading.default\">\n\t\t\t\t<div class=\"elementor-widget-container\">\n\t\t\t\t\t<h2 class=\"elementor-heading-title elementor-size-default\">Fonctions du Conseil d'\u00c9tablissement<\/h2>\t\t\t\t<\/div>\n\t\t\t\t<\/div>\n\t\t\t\t<\/div>\n\t\t<div class=\"elementor-element elementor-element-733c588 e-con-full e-flex e-con e-child\" data-id=\"733c588\" data-element_type=\"container\" data-e-type=\"container\">\n\t\t\t\t<div class=\"elementor-element elementor-element-bfd00ef elementor-widget elementor-widget-text-editor\" data-id=\"bfd00ef\" data-element_type=\"widget\" data-e-type=\"widget\" data-widget_type=\"text-editor.default\">\n\t\t\t\t<div class=\"elementor-widget-container\">\n\t\t\t\t\t\t\t\t\t<p>Le Conseil d&rsquo;\u00c9tablissement a plusieurs attributions importantes :<\/p>\t\t\t\t\t\t\t\t<\/div>\n\t\t\t\t<\/div>\n\t\t\t\t<div class=\"elementor-element elementor-element-3bf685e elementor-widget elementor-widget-text-editor\" data-id=\"3bf685e\" data-element_type=\"widget\" data-e-type=\"widget\" data-widget_type=\"text-editor.default\">\n\t\t\t\t<div class=\"elementor-widget-container\">\n\t\t\t\t\t\t\t\t\t<p><strong>Orientation g\u00e9n\u00e9rale de l&rsquo;\u00e9tablissement<\/strong> : Ce conseil d\u00e9finit les grandes lignes de la politique \u00e9ducative de l&rsquo;\u00e9tablissement, en veillant \u00e0 ce qu&rsquo;elles soient adapt\u00e9es aux besoins et aux attentes de la communaut\u00e9 scolaire.<\/p><p><strong>Gestion du budget :<\/strong> Il est charg\u00e9 d&rsquo;approuver et de superviser le budget de l&rsquo;\u00e9tablissement, garantissant une gestion financi\u00e8re transparente et efficace.<\/p><p><strong>Projets p\u00e9dagogiques :<\/strong> Il examine et approuve des projets p\u00e9dagogiques sp\u00e9cifiques, tant pour le primaire que pour le secondaire, en assurant la coh\u00e9rence et la qualit\u00e9 de l&rsquo;enseignement.<\/p><p><strong>R\u00e8glement int\u00e9rieur et normes de fonctionnement :<\/strong> Il approuve et met \u00e0 jour le r\u00e8glement int\u00e9rieur de l&rsquo;\u00e9tablissement, ainsi que les normes qui r\u00e9gissent la vie scolaire.<\/p>\t\t\t\t\t\t\t\t<\/div>\n\t\t\t\t<\/div>\n\t\t\t\t<\/div>\n\t\t\t\t\t<\/div>\n\t\t\t\t<\/div>\n\t\t<div class=\"elementor-element elementor-element-bcef7bb e-flex e-con-boxed e-con e-parent\" data-id=\"bcef7bb\" data-element_type=\"container\" data-e-type=\"container\">\n\t\t\t\t\t<div class=\"e-con-inner\">\n\t\t<div class=\"elementor-element elementor-element-369d689 e-con-full e-flex e-con e-child\" data-id=\"369d689\" data-element_type=\"container\" data-e-type=\"container\">\n\t\t\t\t<div class=\"elementor-element elementor-element-f71f84f elementor-widget elementor-widget-heading\" data-id=\"f71f84f\" data-element_type=\"widget\" data-e-type=\"widget\" data-widget_type=\"heading.default\">\n\t\t\t\t<div class=\"elementor-widget-container\">\n\t\t\t\t\t<h2 class=\"elementor-heading-title elementor-size-default\">Que signifie \u00eatre repr\u00e9sentant des parents ?<\/h2>\t\t\t\t<\/div>\n\t\t\t\t<\/div>\n\t\t\t\t<\/div>\n\t\t<div class=\"elementor-element elementor-element-b82eb4f e-con-full e-flex e-con e-child\" data-id=\"b82eb4f\" data-element_type=\"container\" data-e-type=\"container\">\n\t\t\t\t<div class=\"elementor-element elementor-element-7bd8c46 elementor-widget elementor-widget-text-editor\" data-id=\"7bd8c46\" data-element_type=\"widget\" data-e-type=\"widget\" data-widget_type=\"text-editor.default\">\n\t\t\t\t<div class=\"elementor-widget-container\">\n\t\t\t\t\t\t\t\t\t<div class=\"elementor-element elementor-element-bcef7bb e-flex e-con-boxed e-con e-parent e-lazyloaded\" data-id=\"bcef7bb\" data-element_type=\"container\"><div class=\"e-con-inner\"><div class=\"elementor-element elementor-element-b82eb4f e-con-full e-flex e-con e-child\" data-id=\"b82eb4f\" data-element_type=\"container\"><div class=\"elementor-element elementor-element-7bd8c46 elementor-widget elementor-widget-text-editor\" data-id=\"7bd8c46\" data-element_type=\"widget\" data-widget_type=\"text-editor.default\"><div class=\"elementor-widget-container\"><p>En tant que repr\u00e9sentant des parents au Conseil d\u2019\u00c9cole, votre r\u00f4le sera essentiel pour garantir que les opinions et les besoins de toutes les familles soient entendus et pris en compte dans les d\u00e9cisions. Vous participerez\u00a0<strong>aux r\u00e9unions du conseil (3 par an)<\/strong> et aux r\u00e9unions pr\u00e9paratoires avec les autres repr\u00e9sentants de l\u2019APAE, vous contribuerez \u00e0 la discussion des sujets mentionn\u00e9s et collaborerez \u00e0 l\u2019am\u00e9lioration continue de l\u2019exp\u00e9rience \u00e9ducative des \u00e9l\u00e8ves.<\/p><\/div><\/div><\/div><\/div><\/div>\t\t\t\t\t\t\t\t<\/div>\n\t\t\t\t<\/div>\n\t\t\t\t<\/div>\n\t\t\t\t\t<\/div>\n\t\t\t\t<\/div>\n\t\t<div class=\"elementor-element elementor-element-bb560db e-flex e-con-boxed e-con e-parent\" data-id=\"bb560db\" data-element_type=\"container\" data-e-type=\"container\">\n\t\t\t\t\t<div class=\"e-con-inner\">\n\t\t<div class=\"elementor-element elementor-element-6d99d85 e-con-full e-flex e-con e-child\" data-id=\"6d99d85\" data-element_type=\"container\" data-e-type=\"container\">\n\t\t\t\t<div class=\"elementor-element elementor-element-4ed7435 elementor-widget elementor-widget-heading\" data-id=\"4ed7435\" data-element_type=\"widget\" data-e-type=\"widget\" data-widget_type=\"heading.default\">\n\t\t\t\t<div class=\"elementor-widget-container\">\n\t\t\t\t\t<h2 class=\"elementor-heading-title elementor-size-default\">Sujets trait\u00e9s au Conseil d'\u00c9tablissement:<\/h2>\t\t\t\t<\/div>\n\t\t\t\t<\/div>\n\t\t\t\t<div class=\"elementor-element elementor-element-3f9c921 elementor-widget elementor-widget-text-editor\" data-id=\"3f9c921\" data-element_type=\"widget\" data-e-type=\"widget\" data-widget_type=\"text-editor.default\">\n\t\t\t\t<div class=\"elementor-widget-container\">\n\t\t\t\t\t\t\t\t\t<p><strong>Politique g\u00e9n\u00e9rale de l&rsquo;\u00e9tablissement :<\/strong> D\u00e9finition de l&rsquo;orientation \u00e9ducative et des d\u00e9cisions strat\u00e9giques de l&rsquo;\u00e9tablissement.<\/p><p><strong>Gestion financi\u00e8re :<\/strong> Approbation et supervision du budget et des finances de l&rsquo;\u00e9tablissement.<\/p><p><strong>Projets p\u00e9dagogiques :<\/strong> Approbation de projets sp\u00e9cifiques pour le primaire et le secondaire, ainsi que des activit\u00e9s \u00e9ducatives suppl\u00e9mentaires.<\/p><p><strong>Recrutement et gestion du personnel<\/strong> : D\u00e9cisions relatives au recrutement et \u00e0 la gestion du personnel enseignant et non enseignant.<\/p>\t\t\t\t\t\t\t\t<\/div>\n\t\t\t\t<\/div>\n\t\t\t\t<\/div>\n\t\t<div class=\"elementor-element elementor-element-9a02d29 e-con-full e-flex e-con e-child\" data-id=\"9a02d29\" data-element_type=\"container\" data-e-type=\"container\">\n\t\t\t\t<div class=\"elementor-element elementor-element-57bd8f4 elementor-widget elementor-widget-heading\" data-id=\"57bd8f4\" data-element_type=\"widget\" data-e-type=\"widget\" data-widget_type=\"heading.default\">\n\t\t\t\t<div class=\"elementor-widget-container\">\n\t\t\t\t\t<h2 class=\"elementor-heading-title elementor-size-default\">Sujets qui NE sont PAS trait\u00e9s au Conseil d'\u00c9tablissement:\n<\/h2>\t\t\t\t<\/div>\n\t\t\t\t<\/div>\n\t\t\t\t<div class=\"elementor-element elementor-element-a679918 elementor-widget elementor-widget-text-editor\" data-id=\"a679918\" data-element_type=\"widget\" data-e-type=\"widget\" data-widget_type=\"text-editor.default\">\n\t\t\t\t<div class=\"elementor-widget-container\">\n\t\t\t\t\t\t\t\t\t<p><strong>Affaires individuelles des \u00e9l\u00e8ves :<\/strong> Celles-ci sont trait\u00e9es de mani\u00e8re confidentielle avec l&rsquo;administration et les enseignants concern\u00e9s.<\/p><p><strong>D\u00e9cisions op\u00e9rationnelles quotidiennes :<\/strong> Ces sujets sont g\u00e9r\u00e9s directement par la direction de l&rsquo;\u00e9tablissement.<\/p><p><strong>Aspects sp\u00e9cifiques de chaque classe<\/strong> : Ces questions sont abord\u00e9es lors de r\u00e9unions sp\u00e9cifiques avec les enseignants ou au Conseil de Classe.<\/p>\t\t\t\t\t\t\t\t<\/div>\n\t\t\t\t<\/div>\n\t\t\t\t<\/div>\n\t\t\t\t\t<\/div>\n\t\t\t\t<\/div>\n\t\t<div class=\"elementor-element elementor-element-712c8d6 e-grid e-con-boxed e-con e-parent\" data-id=\"712c8d6\" data-element_type=\"container\" data-e-type=\"container\">\n\t\t\t\t\t<div class=\"e-con-inner\">\n\t\t<div class=\"elementor-element elementor-element-92b5a70 e-con-full e-flex e-con e-child\" data-id=\"92b5a70\" data-element_type=\"container\" data-e-type=\"container\">\n\t\t\t\t<div class=\"elementor-element elementor-element-6d45a3f elementor-widget elementor-widget-heading\" data-id=\"6d45a3f\" data-element_type=\"widget\" data-e-type=\"widget\" data-widget_type=\"heading.default\">\n\t\t\t\t<div class=\"elementor-widget-container\">\n\t\t\t\t\t<h2 class=\"elementor-heading-title elementor-size-default\">Inscrivez-vous sur nos listes !\n<\/h2>\t\t\t\t<\/div>\n\t\t\t\t<\/div>\n\t\t\t\t<div class=\"elementor-element elementor-element-a83570c elementor-widget elementor-widget-heading\" data-id=\"a83570c\" data-element_type=\"widget\" data-e-type=\"widget\" data-widget_type=\"heading.default\">\n\t\t\t\t<div class=\"elementor-widget-container\">\n\t\t\t\t\t<h2 class=\"elementor-heading-title elementor-size-default\">Inscrivez-vous sur nos listes !\n<\/h2>\t\t\t\t<\/div>\n\t\t\t\t<\/div>\n\t\t\t\t<div class=\"elementor-element elementor-element-a7cdca9 elementor-widget elementor-widget-image\" data-id=\"a7cdca9\" data-element_type=\"widget\" data-e-type=\"widget\" data-widget_type=\"image.default\">\n\t\t\t\t<div class=\"elementor-widget-container\">\n\t\t\t\t\t\t\t\t\t\t\t\t\t\t\t<img decoding=\"async\" width=\"1024\" height=\"1024\" src=\"https:\/\/apaliceovalencia.com\/wp-content\/uploads\/2024\/08\/Conseil_d_ecole-1.png\" class=\"attachment-large size-large wp-image-6311\" alt=\"\" srcset=\"https:\/\/apaliceovalencia.com\/wp-content\/uploads\/2024\/08\/Conseil_d_ecole-1.png 1024w, https:\/\/apaliceovalencia.com\/wp-content\/uploads\/2024\/08\/Conseil_d_ecole-1-980x980.png 980w, https:\/\/apaliceovalencia.com\/wp-content\/uploads\/2024\/08\/Conseil_d_ecole-1-480x480.png 480w\" sizes=\"(min-width: 0px) and (max-width: 480px) 480px, (min-width: 481px) and (max-width: 980px) 980px, (min-width: 981px) 1024px, 100vw\" \/>\t\t\t\t\t\t\t\t\t\t\t\t\t\t\t<\/div>\n\t\t\t\t<\/div>\n\t\t\t\t<div class=\"elementor-element elementor-element-4975b40 elementor-widget elementor-widget-text-editor\" data-id=\"4975b40\" data-element_type=\"widget\" data-e-type=\"widget\" data-widget_type=\"text-editor.default\">\n\t\t\t\t<div class=\"elementor-widget-container\">\n\t\t\t\t\t\t\t\t\t<div class=\"elementor-element elementor-element-92b5a70 e-con-full e-flex e-con e-child\" data-id=\"92b5a70\" data-element_type=\"container\"><div class=\"elementor-element elementor-element-4975b40 elementor-widget elementor-widget-text-editor\" data-id=\"4975b40\" data-element_type=\"widget\" data-widget_type=\"text-editor.default\"><div class=\"elementor-widget-container\"><p>Les Conseils d\u2019\u00c9tablissements se d\u00e9roulent en fran\u00e7ais, il est donc important que les candidats puissent comprendre cette langue.<\/p><\/div><\/div><\/div><div class=\"elementor-element elementor-element-e0f0186 e-con-full e-flex e-con e-child\" data-id=\"e0f0186\" data-element_type=\"container\"><div class=\"elementor-element elementor-element-1690e12 elementor-widget elementor-widget-text-editor\" data-id=\"1690e12\" data-element_type=\"widget\" data-widget_type=\"text-editor.default\"><div class=\"elementor-widget-container\">\u00a0<\/div><\/div><\/div>\t\t\t\t\t\t\t\t<\/div>\n\t\t\t\t<\/div>\n\t\t\t\t<\/div>\n\t\t<div class=\"elementor-element elementor-element-e0f0186 e-con-full e-flex e-con e-child\" data-id=\"e0f0186\" data-element_type=\"container\" data-e-type=\"container\">\n\t\t\t\t<div class=\"elementor-element elementor-element-1690e12 elementor-widget elementor-widget-text-editor\" data-id=\"1690e12\" data-element_type=\"widget\" data-e-type=\"widget\" data-widget_type=\"text-editor.default\">\n\t\t\t\t<div class=\"elementor-widget-container\">\n\t\t\t\t\t\t\t\t\t<p>La priorit\u00e9 num\u00e9ro un dans la formation de nos listes est la connaissance du\u00a0<strong>fran\u00e7ais<\/strong>\u00a0: Premi\u00e8rement, les places seront attribu\u00e9es aux candidats qui parlent couramment le fran\u00e7ais. Ensuite, \u00e0 ceux qui, bien que parlant principalement l\u2019espagnol, comprennent bien le fran\u00e7ais. Enfin, les candidats qui ne parlent que l\u2019espagnol seront inclus.<\/p><p>Le deuxi\u00e8me crit\u00e8re est la\u00a0<strong>vie associative<\/strong>\u00a0: Premi\u00e8rement, la priorit\u00e9 sera donn\u00e9e aux membres du Bureau Directeur de l\u2019Association. Ensuite, aux membres actifs dans nos commissions. Enfin, aux volontaires qui n\u2019ont pas encore eu l\u2019opportunit\u00e9 de participer \u00e0 nos commissions.<\/p><p>Conform\u00e9ment aux statuts de l\u2019association, les listes de candidats seront approuv\u00e9es par le Conseil d\u2019Administration de l\u2019APAE. Ce processus garantit que les candidatures r\u00e9pondent aux crit\u00e8res \u00e9tablis et sont align\u00e9es avec les objectifs de l\u2019association.<\/p><p>Nous vous encourageons \u00e0 rejoindre nos listes. C\u2019est une occasion unique de contribuer activement au d\u00e9veloppement de la communaut\u00e9 \u00e9ducative, toujours dans le respect et la bienveillance. Notre mission est de repr\u00e9senter les pr\u00e9occupations de la majorit\u00e9 des parents, pr\u00eats \u00e0 d\u00e9battre des sujets importants et \u00e0 travailler ensemble sans chercher la confrontation.<\/p><p>Une fois la liste de 10 candidats pour les \u00e9lections compl\u00e9t\u00e9e \u2705, les autres volontaires inscrits sur notre liste resteront int\u00e9gr\u00e9s dans un groupe WhatsApp commun \ud83d\udcf2 avec les candidats. Ce dispositif permettra de pr\u00e9parer ensemble les Conseils, de partager les besoins et les questions des familles, et d\u2019apporter un soutien actif au travail en amont des r\u00e9unions.<\/p>\t\t\t\t\t\t\t\t<\/div>\n\t\t\t\t<\/div>\n\t\t\t\t<\/div>\n\t\t\t\t\t<\/div>\n\t\t\t\t<\/div>\n\t\t<div class=\"elementor-element elementor-element-fa6d99b e-flex e-con-boxed e-con e-parent\" data-id=\"fa6d99b\" data-element_type=\"container\" data-e-type=\"container\" id=\"CONSEJOCENTRO\">\n\t\t\t\t\t<div class=\"e-con-inner\">\n\t\t<div class=\"elementor-element elementor-element-b730c1a e-con-full e-flex e-con e-child\" data-id=\"b730c1a\" data-element_type=\"container\" data-e-type=\"container\">\n\t\t\t\t<div class=\"elementor-element elementor-element-fce6830 elementor-widget elementor-widget-heading\" data-id=\"fce6830\" data-element_type=\"widget\" data-e-type=\"widget\" data-widget_type=\"heading.default\">\n\t\t\t\t<div class=\"elementor-widget-container\">\n\t\t\t\t\t<h2 class=\"elementor-heading-title elementor-size-default\">Inscrivez-vous sur la liste APAe du Conseil d'\u00c9tablissement !\n<\/h2>\t\t\t\t<\/div>\n\t\t\t\t<\/div>\n\t\t\t\t<div class=\"elementor-element elementor-element-c796dfd elementor-button-align-stretch elementor-widget elementor-widget-form\" data-id=\"c796dfd\" data-element_type=\"widget\" data-e-type=\"widget\" id=\"#CONSEILETABLISSEMENT\" data-settings=\"{&quot;step_next_label&quot;:&quot;Siguiente&quot;,&quot;step_previous_label&quot;:&quot;Anterior&quot;,&quot;button_width&quot;:&quot;100&quot;,&quot;step_type&quot;:&quot;number_text&quot;,&quot;step_icon_shape&quot;:&quot;circle&quot;}\" data-widget_type=\"form.default\">\n\t\t\t\t<div class=\"elementor-widget-container\">\n\t\t\t\t\t\t\t<form class=\"elementor-form\" method=\"post\" id=\"Consejodeescuela\" name=\"CONSEILETABLISSEMENT\" aria-label=\"CONSEILETABLISSEMENT\">\n\t\t\t<input type=\"hidden\" name=\"post_id\" value=\"6373\"\/>\n\t\t\t<input type=\"hidden\" name=\"form_id\" value=\"c796dfd\"\/>\n\t\t\t<input type=\"hidden\" name=\"referer_title\" value=\"Le Conseil d&#039;\u00c9tablissement - APAE Liceo Franc\u00e9s Val\u00e8ncia\" \/>\n\n\t\t\t\t\t\t\t<input type=\"hidden\" name=\"queried_id\" value=\"6373\"\/>\n\t\t\t\n\t\t\t<div class=\"elementor-form-fields-wrapper elementor-labels-above\">\n\t\t\t\t\t\t\t\t<div class=\"elementor-field-type-text elementor-field-group elementor-column elementor-field-group-name elementor-col-100 elementor-field-required\">\n\t\t\t\t\t\t\t\t\t\t\t\t<label for=\"form-field-name\" class=\"elementor-field-label\">\n\t\t\t\t\t\t\t\tPr\u00e9nom du candidat\t\t\t\t\t\t\t<\/label>\n\t\t\t\t\t\t\t\t\t\t\t\t\t\t<input size=\"1\" type=\"text\" name=\"form_fields[name]\" id=\"form-field-name\" class=\"elementor-field elementor-size-sm  elementor-field-textual\" placeholder=\"Pr\u00e9nom\" required=\"required\">\n\t\t\t\t\t\t\t\t\t\t\t<\/div>\n\t\t\t\t\t\t\t\t<div class=\"elementor-field-type-text elementor-field-group elementor-column elementor-field-group-field_1804de3 elementor-col-100 elementor-field-required\">\n\t\t\t\t\t\t\t\t\t\t\t\t<label for=\"form-field-field_1804de3\" class=\"elementor-field-label\">\n\t\t\t\t\t\t\t\tNoms du candidat\t\t\t\t\t\t\t<\/label>\n\t\t\t\t\t\t\t\t\t\t\t\t\t\t<input size=\"1\" type=\"text\" name=\"form_fields[field_1804de3]\" id=\"form-field-field_1804de3\" class=\"elementor-field elementor-size-sm  elementor-field-textual\" placeholder=\"Noms\" required=\"required\">\n\t\t\t\t\t\t\t\t\t\t\t<\/div>\n\t\t\t\t\t\t\t\t<div class=\"elementor-field-type-text elementor-field-group elementor-column elementor-field-group-field_4ebe923 elementor-col-100 elementor-field-required\">\n\t\t\t\t\t\t\t\t\t\t\t\t<label for=\"form-field-field_4ebe923\" class=\"elementor-field-label\">\n\t\t\t\t\t\t\t\tClasse de vos enfants dans l'\u00e9tablissement  cursus 25\/26\t\t\t\t\t\t\t<\/label>\n\t\t\t\t\t\t\t\t\t\t\t\t\t\t<input size=\"1\" type=\"text\" name=\"form_fields[field_4ebe923]\" id=\"form-field-field_4ebe923\" class=\"elementor-field elementor-size-sm  elementor-field-textual\" placeholder=\"Classe des enfants \" required=\"required\">\n\t\t\t\t\t\t\t\t\t\t\t<\/div>\n\t\t\t\t\t\t\t\t<div class=\"elementor-field-type-tel elementor-field-group elementor-column elementor-field-group-field_d1a845c elementor-col-100 elementor-field-required\">\n\t\t\t\t\t\t\t\t\t\t\t\t<label for=\"form-field-field_d1a845c\" class=\"elementor-field-label\">\n\t\t\t\t\t\t\t\tT\u00e9l\u00e9phone\t\t\t\t\t\t\t<\/label>\n\t\t\t\t\t\t\t\t<input size=\"1\" type=\"tel\" name=\"form_fields[field_d1a845c]\" id=\"form-field-field_d1a845c\" class=\"elementor-field elementor-size-sm  elementor-field-textual\" placeholder=\"T\u00e9l\u00e9phone (communication via WhatsApp)\" required=\"required\" pattern=\"[0-9()#&amp;+*-=.]+\" title=\"Seuls les caract\u00e8res de num\u00e9ros de t\u00e9l\u00e9phone (#, -, *, etc.) sont accept\u00e9s.\">\n\n\t\t\t\t\t\t<\/div>\n\t\t\t\t\t\t\t\t<div class=\"elementor-field-type-email elementor-field-group elementor-column elementor-field-group-email elementor-col-100 elementor-field-required\">\n\t\t\t\t\t\t\t\t\t\t\t\t<label for=\"form-field-email\" class=\"elementor-field-label\">\n\t\t\t\t\t\t\t\tAdresse e-mail\t\t\t\t\t\t\t<\/label>\n\t\t\t\t\t\t\t\t\t\t\t\t\t\t<input size=\"1\" type=\"email\" name=\"form_fields[email]\" id=\"form-field-email\" class=\"elementor-field elementor-size-sm  elementor-field-textual\" placeholder=\"E-mail\" required=\"required\">\n\t\t\t\t\t\t\t\t\t\t\t<\/div>\n\t\t\t\t\t\t\t\t<div class=\"elementor-field-type-radio elementor-field-group elementor-column elementor-field-group-message elementor-col-100\">\n\t\t\t\t\t\t\t\t\t\t\t\t<label for=\"form-field-message\" class=\"elementor-field-label\">\n\t\t\t\t\t\t\t\tNiveau de fran\u00e7ais\t\t\t\t\t\t\t<\/label>\n\t\t\t\t\t\t<div class=\"elementor-field-subgroup  elementor-subgroup-inline\"><span class=\"elementor-field-option\"><input type=\"radio\" value=\"Je le comprends et je le parle\" id=\"form-field-message-0\" name=\"form_fields[message]\"> <label for=\"form-field-message-0\">Je le comprends et je le parle<\/label><\/span><span class=\"elementor-field-option\"><input type=\"radio\" value=\"Je le comprends mais je ne le parle pas\" id=\"form-field-message-1\" name=\"form_fields[message]\"> <label for=\"form-field-message-1\">Je le comprends mais je ne le parle pas<\/label><\/span><span class=\"elementor-field-option\"><input type=\"radio\" value=\"Je le comprends tr\u00e8s peu\" id=\"form-field-message-2\" name=\"form_fields[message]\"> <label for=\"form-field-message-2\">Je le comprends tr\u00e8s peu<\/label><\/span><span class=\"elementor-field-option\"><input type=\"radio\" value=\"Je ne le comprends pas et je ne le parle pas\" id=\"form-field-message-3\" name=\"form_fields[message]\"> <label for=\"form-field-message-3\">Je ne le comprends pas et je ne le parle pas<\/label><\/span><\/div>\t\t\t\t<\/div>\n\t\t\t\t\t\t\t\t<div class=\"elementor-field-type-radio elementor-field-group elementor-column elementor-field-group-field_32bba7d elementor-col-100\">\n\t\t\t\t\t\t\t\t\t\t\t\t<label for=\"form-field-field_32bba7d\" class=\"elementor-field-label\">\n\t\t\t\t\t\t\t\t\u00cates-vous membre d'une commission de l'APAE (sinon... rejoignez-nous !)\t\t\t\t\t\t\t<\/label>\n\t\t\t\t\t\t<div class=\"elementor-field-subgroup  elementor-subgroup-inline\"><span class=\"elementor-field-option\"><input type=\"radio\" value=\"Communication\" id=\"form-field-field_32bba7d-0\" name=\"form_fields[field_32bba7d]\"> <label for=\"form-field-field_32bba7d-0\">Communication<\/label><\/span><span class=\"elementor-field-option\"><input type=\"radio\" value=\"Climat scolaire\" id=\"form-field-field_32bba7d-1\" name=\"form_fields[field_32bba7d]\"> <label for=\"form-field-field_32bba7d-1\">Climat scolaire<\/label><\/span><span class=\"elementor-field-option\"><input type=\"radio\" value=\"EBEP\" id=\"form-field-field_32bba7d-2\" name=\"form_fields[field_32bba7d]\"> <label for=\"form-field-field_32bba7d-2\">EBEP<\/label><\/span><span class=\"elementor-field-option\"><input type=\"radio\" value=\"Accueil\" id=\"form-field-field_32bba7d-3\" name=\"form_fields[field_32bba7d]\"> <label for=\"form-field-field_32bba7d-3\">Accueil<\/label><\/span><span class=\"elementor-field-option\"><input type=\"radio\" value=\"Secondaire\" id=\"form-field-field_32bba7d-4\" name=\"form_fields[field_32bba7d]\"> <label for=\"form-field-field_32bba7d-4\">Secondaire<\/label><\/span><span class=\"elementor-field-option\"><input type=\"radio\" value=\"Transport\" id=\"form-field-field_32bba7d-5\" name=\"form_fields[field_32bba7d]\"> <label for=\"form-field-field_32bba7d-5\">Transport<\/label><\/span><span class=\"elementor-field-option\"><input type=\"radio\" value=\"Activit\u00e9s p\u00e9riscolaires\" id=\"form-field-field_32bba7d-6\" name=\"form_fields[field_32bba7d]\"> <label for=\"form-field-field_32bba7d-6\">Activit\u00e9s p\u00e9riscolaires<\/label><\/span><span class=\"elementor-field-option\"><input type=\"radio\" value=\"Alimentation\" id=\"form-field-field_32bba7d-7\" name=\"form_fields[field_32bba7d]\"> <label for=\"form-field-field_32bba7d-7\">Alimentation<\/label><\/span><span class=\"elementor-field-option\"><input type=\"radio\" value=\"Aucune (pour l&#039;instant :-))\" id=\"form-field-field_32bba7d-8\" name=\"form_fields[field_32bba7d]\"> <label for=\"form-field-field_32bba7d-8\">Aucune (pour l'instant :-))<\/label><\/span><\/div>\t\t\t\t<\/div>\n\t\t\t\t\t\t\t\t<div class=\"elementor-field-type-radio elementor-field-group elementor-column elementor-field-group-field_5b9c139 elementor-col-100\">\n\t\t\t\t\t\t\t\t\t\t\t\t<label for=\"form-field-field_5b9c139\" class=\"elementor-field-label\">\n\t\t\t\t\t\t\t\tAutres participations au Conseil d'\u00c9cole\t\t\t\t\t\t\t<\/label>\n\t\t\t\t\t\t<div class=\"elementor-field-subgroup  elementor-subgroup-inline\"><span class=\"elementor-field-option\"><input type=\"radio\" value=\"Premi\u00e8re fois\" id=\"form-field-field_5b9c139-0\" name=\"form_fields[field_5b9c139]\"> <label for=\"form-field-field_5b9c139-0\">Premi\u00e8re fois<\/label><\/span><span class=\"elementor-field-option\"><input type=\"radio\" value=\"J&#039;ai d\u00e9j\u00e0 particip\u00e9\" id=\"form-field-field_5b9c139-1\" name=\"form_fields[field_5b9c139]\"> <label for=\"form-field-field_5b9c139-1\">J'ai d\u00e9j\u00e0 particip\u00e9<\/label><\/span><\/div>\t\t\t\t<\/div>\n\t\t\t\t\t\t\t\t<div class=\"elementor-field-group elementor-column elementor-field-type-submit elementor-col-100 e-form__buttons\">\n\t\t\t\t\t<button class=\"elementor-button elementor-size-sm\" type=\"submit\">\n\t\t\t\t\t\t<span class=\"elementor-button-content-wrapper\">\n\t\t\t\t\t\t\t\t\t\t\t\t\t\t\t<span class=\"elementor-button-icon\">\n\t\t\t\t\t\t\t\t\t<svg aria-hidden=\"true\" class=\"e-font-icon-svg e-far-grin-stars\" viewBox=\"0 0 496 512\" xmlns=\"http:\/\/www.w3.org\/2000\/svg\"><path d=\"M248 8C111 8 0 119 0 256s111 248 248 248 248-111 248-248S385 8 248 8zm0 448c-110.3 0-200-89.7-200-200S137.7 56 248 56s200 89.7 200 200-89.7 200-200 200zm105.6-151.4c-25.9 8.3-64.4 13.1-105.6 13.1s-79.6-4.8-105.6-13.1c-9.8-3.1-19.4 5.3-17.7 15.3 7.9 47.2 71.3 80 123.3 80s115.3-32.9 123.3-80c1.6-9.8-7.7-18.4-17.7-15.3zm-227.9-57.5c-1 6.2 5.4 11 11 7.9l31.3-16.3 31.3 16.3c5.6 3.1 12-1.7 11-7.9l-6-34.9 25.4-24.6c4.5-4.5 1.9-12.2-4.3-13.2l-34.9-5-15.5-31.6c-2.9-5.8-11-5.8-13.9 0l-15.5 31.6-34.9 5c-6.2.9-8.9 8.6-4.3 13.2l25.4 24.6-6.1 34.9zm259.7-72.7l-34.9-5-15.5-31.6c-2.9-5.8-11-5.8-13.9 0l-15.5 31.6-34.9 5c-6.2.9-8.9 8.6-4.3 13.2l25.4 24.6-6 34.9c-1 6.2 5.4 11 11 7.9l31.3-16.3 31.3 16.3c5.6 3.1 12-1.7 11-7.9l-6-34.9 25.4-24.6c4.5-4.6 1.8-12.2-4.4-13.2z\"><\/path><\/svg>\t\t\t\t\t\t\t\t\t\t\t\t\t\t\t\t\t<\/span>\n\t\t\t\t\t\t\t\t\t\t\t\t\t\t\t\t\t\t\t\t\t\t<span class=\"elementor-button-text\">JE VEUX \u00caTRE SUR LES LISTES DE L'APAE<\/span>\n\t\t\t\t\t\t\t\t\t\t\t\t\t<\/span>\n\t\t\t\t\t<\/button>\n\t\t\t\t<\/div>\n\t\t\t<\/div>\n\t\t<\/form>\n\t\t\t\t\t\t<\/div>\n\t\t\t\t<\/div>\n\t\t\t\t<\/div>\n\t\t\t\t\t<\/div>\n\t\t\t\t<\/div>\n\t\t\t\t<\/div>\n\t\t","protected":false},"excerpt":{"rendered":"<p>Le Conseil d&rsquo;\u00c9tablissement du Lyc\u00e9e Fran\u00e7ais de Valencia Le Conseil d&rsquo;\u00c9tablissement est une instance cl\u00e9 dans la gestion globale du Lyc\u00e9e Fran\u00e7ais de Valencia. Ce conseil est charg\u00e9 de prendre [&hellip;]<\/p>\n","protected":false},"author":8,"featured_media":0,"parent":0,"menu_order":0,"comment_status":"closed","ping_status":"closed","template":"elementor_header_footer","meta":{"_acf_changed":false,"_et_pb_use_builder":"","_et_pb_old_content":"","_et_gb_content_width":"","footnotes":""},"class_list":["post-6373","page","type-page","status-publish","hentry"],"acf":[],"yoast_head":"<!-- This site is optimized with the Yoast SEO plugin v27.1.1 - https:\/\/yoast.com\/product\/yoast-seo-wordpress\/ -->\n<title>Le Conseil d&#039;\u00c9tablissement - APAE Liceo Franc\u00e9s Val\u00e8ncia<\/title>\n<meta name=\"robots\" content=\"index, follow, max-snippet:-1, max-image-preview:large, max-video-preview:-1\" \/>\n<link rel=\"canonical\" href=\"https:\/\/apaliceovalencia.com\/fr\/le-conseil-detablissement\/\" \/>\n<meta property=\"og:locale\" content=\"fr_FR\" \/>\n<meta property=\"og:type\" content=\"article\" \/>\n<meta property=\"og:title\" content=\"Le Conseil d&#039;\u00c9tablissement - APAE Liceo Franc\u00e9s Val\u00e8ncia\" \/>\n<meta property=\"og:description\" content=\"Le Conseil d&rsquo;\u00c9tablissement du Lyc\u00e9e Fran\u00e7ais de Valencia Le Conseil d&rsquo;\u00c9tablissement est une instance cl\u00e9 dans la gestion globale du Lyc\u00e9e Fran\u00e7ais de Valencia. Ce conseil est charg\u00e9 de prendre [&hellip;]\" \/>\n<meta property=\"og:url\" content=\"https:\/\/apaliceovalencia.com\/fr\/le-conseil-detablissement\/\" \/>\n<meta property=\"og:site_name\" content=\"APAE Liceo Franc\u00e9s Val\u00e8ncia\" \/>\n<meta property=\"article:modified_time\" content=\"2025-09-05T13:29:08+00:00\" \/>\n<meta property=\"og:image\" content=\"https:\/\/apaliceovalencia.com\/wp-content\/uploads\/2025\/08\/conseil-etablissement-1024x683.png\" \/>\n\t<meta property=\"og:image:width\" content=\"1024\" \/>\n\t<meta property=\"og:image:height\" content=\"683\" \/>\n\t<meta property=\"og:image:type\" content=\"image\/png\" \/>\n<meta name=\"twitter:card\" content=\"summary_large_image\" \/>\n<meta name=\"twitter:label1\" content=\"Dur\u00e9e de lecture estim\u00e9e\" \/>\n\t<meta name=\"twitter:data1\" content=\"6 minutes\" \/>\n<script type=\"application\/ld+json\" class=\"yoast-schema-graph\">{\"@context\":\"https:\/\/schema.org\",\"@graph\":[{\"@type\":\"WebPage\",\"@id\":\"https:\/\/apaliceovalencia.com\/fr\/le-conseil-detablissement\/\",\"url\":\"https:\/\/apaliceovalencia.com\/fr\/le-conseil-detablissement\/\",\"name\":\"Le Conseil d'\u00c9tablissement - APAE Liceo Franc\u00e9s Val\u00e8ncia\",\"isPartOf\":{\"@id\":\"https:\/\/apaliceovalencia.com\/fr\/#website\"},\"primaryImageOfPage\":{\"@id\":\"https:\/\/apaliceovalencia.com\/fr\/le-conseil-detablissement\/#primaryimage\"},\"image\":{\"@id\":\"https:\/\/apaliceovalencia.com\/fr\/le-conseil-detablissement\/#primaryimage\"},\"thumbnailUrl\":\"https:\/\/apaliceovalencia.com\/wp-content\/uploads\/2025\/08\/conseil-etablissement-1024x683.png\",\"datePublished\":\"2024-08-24T20:55:45+00:00\",\"dateModified\":\"2025-09-05T13:29:08+00:00\",\"breadcrumb\":{\"@id\":\"https:\/\/apaliceovalencia.com\/fr\/le-conseil-detablissement\/#breadcrumb\"},\"inLanguage\":\"fr-FR\",\"potentialAction\":[{\"@type\":\"ReadAction\",\"target\":[\"https:\/\/apaliceovalencia.com\/fr\/le-conseil-detablissement\/\"]}]},{\"@type\":\"ImageObject\",\"inLanguage\":\"fr-FR\",\"@id\":\"https:\/\/apaliceovalencia.com\/fr\/le-conseil-detablissement\/#primaryimage\",\"url\":\"https:\/\/apaliceovalencia.com\/wp-content\/uploads\/2025\/08\/conseil-etablissement-1024x683.png\",\"contentUrl\":\"https:\/\/apaliceovalencia.com\/wp-content\/uploads\/2025\/08\/conseil-etablissement-1024x683.png\"},{\"@type\":\"BreadcrumbList\",\"@id\":\"https:\/\/apaliceovalencia.com\/fr\/le-conseil-detablissement\/#breadcrumb\",\"itemListElement\":[{\"@type\":\"ListItem\",\"position\":1,\"name\":\"Home\",\"item\":\"https:\/\/apaliceovalencia.com\/fr\/\"},{\"@type\":\"ListItem\",\"position\":2,\"name\":\"Le Conseil d&#8217;\u00c9tablissement\"}]},{\"@type\":\"WebSite\",\"@id\":\"https:\/\/apaliceovalencia.com\/fr\/#website\",\"url\":\"https:\/\/apaliceovalencia.com\/fr\/\",\"name\":\"APAE Liceo Franc\u00e9s Val\u00e8ncia\",\"description\":\"Asocaci\u00f3n de padres de alumnos Lyc\u00e9e Fran\u00e7ais de Val\u00e8ncia\",\"potentialAction\":[{\"@type\":\"SearchAction\",\"target\":{\"@type\":\"EntryPoint\",\"urlTemplate\":\"https:\/\/apaliceovalencia.com\/fr\/?s={search_term_string}\"},\"query-input\":{\"@type\":\"PropertyValueSpecification\",\"valueRequired\":true,\"valueName\":\"search_term_string\"}}],\"inLanguage\":\"fr-FR\"}]}<\/script>\n<!-- \/ Yoast SEO plugin. -->","yoast_head_json":{"title":"Le Conseil d'\u00c9tablissement - APAE Liceo Franc\u00e9s Val\u00e8ncia","robots":{"index":"index","follow":"follow","max-snippet":"max-snippet:-1","max-image-preview":"max-image-preview:large","max-video-preview":"max-video-preview:-1"},"canonical":"https:\/\/apaliceovalencia.com\/fr\/le-conseil-detablissement\/","og_locale":"fr_FR","og_type":"article","og_title":"Le Conseil d'\u00c9tablissement - APAE Liceo Franc\u00e9s Val\u00e8ncia","og_description":"Le Conseil d&rsquo;\u00c9tablissement du Lyc\u00e9e Fran\u00e7ais de Valencia Le Conseil d&rsquo;\u00c9tablissement est une instance cl\u00e9 dans la gestion globale du Lyc\u00e9e Fran\u00e7ais de Valencia. Ce conseil est charg\u00e9 de prendre [&hellip;]","og_url":"https:\/\/apaliceovalencia.com\/fr\/le-conseil-detablissement\/","og_site_name":"APAE Liceo Franc\u00e9s Val\u00e8ncia","article_modified_time":"2025-09-05T13:29:08+00:00","og_image":[{"width":1024,"height":683,"url":"https:\/\/apaliceovalencia.com\/wp-content\/uploads\/2025\/08\/conseil-etablissement-1024x683.png","type":"image\/png"}],"twitter_card":"summary_large_image","twitter_misc":{"Dur\u00e9e de lecture estim\u00e9e":"6 minutes"},"schema":{"@context":"https:\/\/schema.org","@graph":[{"@type":"WebPage","@id":"https:\/\/apaliceovalencia.com\/fr\/le-conseil-detablissement\/","url":"https:\/\/apaliceovalencia.com\/fr\/le-conseil-detablissement\/","name":"Le Conseil d'\u00c9tablissement - APAE Liceo Franc\u00e9s Val\u00e8ncia","isPartOf":{"@id":"https:\/\/apaliceovalencia.com\/fr\/#website"},"primaryImageOfPage":{"@id":"https:\/\/apaliceovalencia.com\/fr\/le-conseil-detablissement\/#primaryimage"},"image":{"@id":"https:\/\/apaliceovalencia.com\/fr\/le-conseil-detablissement\/#primaryimage"},"thumbnailUrl":"https:\/\/apaliceovalencia.com\/wp-content\/uploads\/2025\/08\/conseil-etablissement-1024x683.png","datePublished":"2024-08-24T20:55:45+00:00","dateModified":"2025-09-05T13:29:08+00:00","breadcrumb":{"@id":"https:\/\/apaliceovalencia.com\/fr\/le-conseil-detablissement\/#breadcrumb"},"inLanguage":"fr-FR","potentialAction":[{"@type":"ReadAction","target":["https:\/\/apaliceovalencia.com\/fr\/le-conseil-detablissement\/"]}]},{"@type":"ImageObject","inLanguage":"fr-FR","@id":"https:\/\/apaliceovalencia.com\/fr\/le-conseil-detablissement\/#primaryimage","url":"https:\/\/apaliceovalencia.com\/wp-content\/uploads\/2025\/08\/conseil-etablissement-1024x683.png","contentUrl":"https:\/\/apaliceovalencia.com\/wp-content\/uploads\/2025\/08\/conseil-etablissement-1024x683.png"},{"@type":"BreadcrumbList","@id":"https:\/\/apaliceovalencia.com\/fr\/le-conseil-detablissement\/#breadcrumb","itemListElement":[{"@type":"ListItem","position":1,"name":"Home","item":"https:\/\/apaliceovalencia.com\/fr\/"},{"@type":"ListItem","position":2,"name":"Le Conseil d&#8217;\u00c9tablissement"}]},{"@type":"WebSite","@id":"https:\/\/apaliceovalencia.com\/fr\/#website","url":"https:\/\/apaliceovalencia.com\/fr\/","name":"APAE Liceo Franc\u00e9s Val\u00e8ncia","description":"Asocaci\u00f3n de padres de alumnos Lyc\u00e9e Fran\u00e7ais de Val\u00e8ncia","potentialAction":[{"@type":"SearchAction","target":{"@type":"EntryPoint","urlTemplate":"https:\/\/apaliceovalencia.com\/fr\/?s={search_term_string}"},"query-input":{"@type":"PropertyValueSpecification","valueRequired":true,"valueName":"search_term_string"}}],"inLanguage":"fr-FR"}]}},"_links":{"self":[{"href":"https:\/\/apaliceovalencia.com\/fr\/wp-json\/wp\/v2\/pages\/6373","targetHints":{"allow":["GET"]}}],"collection":[{"href":"https:\/\/apaliceovalencia.com\/fr\/wp-json\/wp\/v2\/pages"}],"about":[{"href":"https:\/\/apaliceovalencia.com\/fr\/wp-json\/wp\/v2\/types\/page"}],"author":[{"embeddable":true,"href":"https:\/\/apaliceovalencia.com\/fr\/wp-json\/wp\/v2\/users\/8"}],"replies":[{"embeddable":true,"href":"https:\/\/apaliceovalencia.com\/fr\/wp-json\/wp\/v2\/comments?post=6373"}],"version-history":[{"count":33,"href":"https:\/\/apaliceovalencia.com\/fr\/wp-json\/wp\/v2\/pages\/6373\/revisions"}],"predecessor-version":[{"id":11092,"href":"https:\/\/apaliceovalencia.com\/fr\/wp-json\/wp\/v2\/pages\/6373\/revisions\/11092"}],"wp:attachment":[{"href":"https:\/\/apaliceovalencia.com\/fr\/wp-json\/wp\/v2\/media?parent=6373"}],"curies":[{"name":"wp","href":"https:\/\/api.w.org\/{rel}","templated":true}]}}