{"id":6526,"date":"2024-08-30T13:28:03","date_gmt":"2024-08-30T13:28:03","guid":{"rendered":"https:\/\/apaliceovalencia.com\/?page_id=6526"},"modified":"2025-09-02T20:42:49","modified_gmt":"2025-09-02T20:42:49","slug":"la-rentree-en-secondaire-2025","status":"publish","type":"page","link":"https:\/\/apaliceovalencia.com\/fr\/la-rentree-en-secondaire-2025\/","title":{"rendered":"La rentr\u00e9e en Secondaire 2025"},"content":{"rendered":"\t\t<div data-elementor-type=\"wp-page\" data-elementor-id=\"6526\" class=\"elementor elementor-6526 elementor-6487\" data-elementor-post-type=\"page\">\n\t\t\t\t<div class=\"elementor-element elementor-element-f5a61d0 e-flex e-con-boxed e-con e-parent\" data-id=\"f5a61d0\" data-element_type=\"container\" data-e-type=\"container\">\n\t\t\t\t\t<div class=\"e-con-inner\">\n\t\t\t\t<div class=\"elementor-element elementor-element-c058540 elementor-widget__width-initial elementor-widget elementor-widget-heading\" data-id=\"c058540\" data-element_type=\"widget\" data-e-type=\"widget\" data-widget_type=\"heading.default\">\n\t\t\t\t<div class=\"elementor-widget-container\">\n\t\t\t\t\t<h1 class=\"elementor-heading-title elementor-size-default\">Bienvenue au Lyc\u00e9e Fran\u00e7ais de Valence\nVersion Secondaire<\/h1>\t\t\t\t<\/div>\n\t\t\t\t<\/div>\n\t\t<div class=\"elementor-element elementor-element-f1e6fa9 e-con-full e-flex e-con e-child\" data-id=\"f1e6fa9\" data-element_type=\"container\" data-e-type=\"container\">\n\t\t\t\t<div class=\"elementor-element elementor-element-10d5f23 elementor-widget elementor-widget-image\" data-id=\"10d5f23\" data-element_type=\"widget\" data-e-type=\"widget\" data-widget_type=\"image.default\">\n\t\t\t\t<div class=\"elementor-widget-container\">\n\t\t\t\t\t\t\t\t\t\t\t\t\t\t\t<img fetchpriority=\"high\" fetchpriority=\"high\" decoding=\"async\" width=\"1024\" height=\"1536\" src=\"https:\/\/apaliceovalencia.com\/wp-content\/uploads\/2025\/08\/caractula-secundaria-cartel.png\" class=\"attachment-full size-full wp-image-10775\" alt=\"\" srcset=\"https:\/\/apaliceovalencia.com\/wp-content\/uploads\/2025\/08\/caractula-secundaria-cartel.png 1024w, https:\/\/apaliceovalencia.com\/wp-content\/uploads\/2025\/08\/caractula-secundaria-cartel-980x1470.png 980w, https:\/\/apaliceovalencia.com\/wp-content\/uploads\/2025\/08\/caractula-secundaria-cartel-480x720.png 480w\" sizes=\"(min-width: 0px) and (max-width: 480px) 480px, (min-width: 481px) and (max-width: 980px) 980px, (min-width: 981px) 1024px, 100vw\" \/>\t\t\t\t\t\t\t\t\t\t\t\t\t\t\t<\/div>\n\t\t\t\t<\/div>\n\t\t\t\t<\/div>\n\t\t\t\t\t<\/div>\n\t\t\t\t<\/div>\n\t\t<div class=\"elementor-element elementor-element-17811d5 e-flex e-con-boxed e-con e-parent\" data-id=\"17811d5\" data-element_type=\"container\" data-e-type=\"container\">\n\t\t\t\t\t<div class=\"e-con-inner\">\n\t\t\t\t<div class=\"elementor-element elementor-element-140f7ed elementor-widget elementor-widget-text-editor\" data-id=\"140f7ed\" data-element_type=\"widget\" data-e-type=\"widget\" data-widget_type=\"text-editor.default\">\n\t\t\t\t<div class=\"elementor-widget-container\">\n\t\t\t\t\t\t\t\t\t<p><strong>Chers parents,<\/strong><\/p><p>Nous sommes ravis de vous accueillir chaleureusement dans la communaut\u00e9 du Lyc\u00e9e Fran\u00e7ais de Valencia. Nous savons qu\u2019int\u00e9grer une nouvelle \u00e9cole est un grand pas pour vous et vos enfants, et nous voulons nous assurer que vous vous sentiez soutenus \u00e0 tout moment.<\/p><p><a href=\"https:\/\/apaliceovalencia.com\/fr\/la-rentree-2024\/\" target=\"_blank\" rel=\"noopener\"><strong>J\u2019ai \u00e9galement un enfant en Maternelle ou Primaire !<\/strong><\/a><\/p>\t\t\t\t\t\t\t\t<\/div>\n\t\t\t\t<\/div>\n\t\t\t\t<div class=\"elementor-element elementor-element-89235a5 elementor-widget elementor-widget-image\" data-id=\"89235a5\" data-element_type=\"widget\" data-e-type=\"widget\" data-widget_type=\"image.default\">\n\t\t\t\t<div class=\"elementor-widget-container\">\n\t\t\t\t\t\t\t\t\t\t\t\t\t\t\t\t<a href=\"https:\/\/chat.whatsapp.com\/BWzu9X2XFH36xg8TTYFDVu\" target=\"_blank\">\n\t\t\t\t\t\t\t<img decoding=\"async\" width=\"1024\" height=\"1024\" src=\"https:\/\/apaliceovalencia.com\/wp-content\/uploads\/2024\/08\/Clases-2425-59-1024x1024.png\" class=\"attachment-large size-large wp-image-6703\" alt=\"\" srcset=\"https:\/\/apaliceovalencia.com\/wp-content\/uploads\/2024\/08\/Clases-2425-59-1024x1024.png 1024w, https:\/\/apaliceovalencia.com\/wp-content\/uploads\/2024\/08\/Clases-2425-59-980x980.png 980w, https:\/\/apaliceovalencia.com\/wp-content\/uploads\/2024\/08\/Clases-2425-59-480x480.png 480w\" sizes=\"(min-width: 0px) and (max-width: 480px) 480px, (min-width: 481px) and (max-width: 980px) 980px, (min-width: 981px) 1024px, 100vw\" \/>\t\t\t\t\t\t\t\t<\/a>\n\t\t\t\t\t\t\t\t\t\t\t\t\t\t\t<\/div>\n\t\t\t\t<\/div>\n\t\t\t\t\t<\/div>\n\t\t\t\t<\/div>\n\t\t<div class=\"elementor-element elementor-element-712c8d6 e-flex e-con-boxed e-con e-parent\" data-id=\"712c8d6\" data-element_type=\"container\" data-e-type=\"container\">\n\t\t\t\t\t<div class=\"e-con-inner\">\n\t\t<div class=\"elementor-element elementor-element-92b5a70 e-con-full e-flex e-con e-child\" data-id=\"92b5a70\" data-element_type=\"container\" data-e-type=\"container\">\n\t\t\t\t<div class=\"elementor-element elementor-element-29642a7 elementor-hidden-desktop elementor-hidden-tablet elementor-widget elementor-widget-image\" data-id=\"29642a7\" data-element_type=\"widget\" data-e-type=\"widget\" data-widget_type=\"image.default\">\n\t\t\t\t<div class=\"elementor-widget-container\">\n\t\t\t\t\t\t\t\t\t\t\t\t\t\t\t\t<a href=\"https:\/\/apaliceovalencia.com\/wp-content\/uploads\/2025\/07\/guia-novatos-secondaire-2025-FR.pdf\" target=\"_blank\">\n\t\t\t\t\t\t\t<img decoding=\"async\" width=\"534\" height=\"622\" src=\"https:\/\/apaliceovalencia.com\/wp-content\/uploads\/2025\/08\/cartel-secundaria.png\" class=\"attachment-large size-large wp-image-10777\" alt=\"\" srcset=\"https:\/\/apaliceovalencia.com\/wp-content\/uploads\/2025\/08\/cartel-secundaria.png 534w, https:\/\/apaliceovalencia.com\/wp-content\/uploads\/2025\/08\/cartel-secundaria-480x559.png 480w\" sizes=\"(min-width: 0px) and (max-width: 480px) 480px, (min-width: 481px) 534px, 100vw\" \/>\t\t\t\t\t\t\t\t<\/a>\n\t\t\t\t\t\t\t\t\t\t\t\t\t\t\t<\/div>\n\t\t\t\t<\/div>\n\t\t\t\t<div class=\"elementor-element elementor-element-dd7de96 elementor-widget elementor-widget-heading\" data-id=\"dd7de96\" data-element_type=\"widget\" data-e-type=\"widget\" data-widget_type=\"heading.default\">\n\t\t\t\t<div class=\"elementor-widget-container\">\n\t\t\t\t\t<h2 class=\"elementor-heading-title elementor-size-default\">Guide pour Novices<\/h2>\t\t\t\t<\/div>\n\t\t\t\t<\/div>\n\t\t\t\t<div class=\"elementor-element elementor-element-1dab849 elementor-widget elementor-widget-text-editor\" data-id=\"1dab849\" data-element_type=\"widget\" data-e-type=\"widget\" data-widget_type=\"text-editor.default\">\n\t\t\t\t<div class=\"elementor-widget-container\">\n\t\t\t\t\t\t\t\t\t<p>Pour faciliter votre adaptation, nous avons pr\u00e9par\u00e9 deux guides sp\u00e9cialement con\u00e7us pour nos parents et \u00e9l\u00e8ves :<\/p>\t\t\t\t\t\t\t\t<\/div>\n\t\t\t\t<\/div>\n\t\t\t\t<div class=\"elementor-element elementor-element-4975b40 elementor-widget elementor-widget-text-editor\" data-id=\"4975b40\" data-element_type=\"widget\" data-e-type=\"widget\" data-widget_type=\"text-editor.default\">\n\t\t\t\t<div class=\"elementor-widget-container\">\n\t\t\t\t\t\t\t\t\t<p><strong>Guide du Novice pour le Secondaire<\/strong> : Destin\u00e9 aux parents d&rsquo;\u00e9l\u00e8ves (et \u00e9l\u00e8ves) qui commencent leur parcours en Secondaire. Ce guide offre une vue claire des r\u00e8gles et proc\u00e9dures du Lyc\u00e9e et de l&rsquo;APAe, en aidant \u00e0 r\u00e9pondre aux questions sp\u00e9cifiques \u00e0 cette \u00e9tape \u00e9ducative.<\/p>\t\t\t\t\t\t\t\t<\/div>\n\t\t\t\t<\/div>\n\t\t\t\t<\/div>\n\t\t<div class=\"elementor-element elementor-element-de0a247 e-con-full e-flex e-con e-child\" data-id=\"de0a247\" data-element_type=\"container\" data-e-type=\"container\">\n\t\t\t\t<div class=\"elementor-element elementor-element-1dd1e2f elementor-hidden-mobile elementor-widget elementor-widget-image\" data-id=\"1dd1e2f\" data-element_type=\"widget\" data-e-type=\"widget\" data-widget_type=\"image.default\">\n\t\t\t\t<div class=\"elementor-widget-container\">\n\t\t\t\t\t\t\t\t\t\t\t\t\t\t\t\t<a href=\"https:\/\/apaliceovalencia.com\/wp-content\/uploads\/2025\/07\/guia-novatos-secondaire-2025-FR.pdf\" target=\"_blank\">\n\t\t\t\t\t\t\t<img decoding=\"async\" width=\"534\" height=\"622\" src=\"https:\/\/apaliceovalencia.com\/wp-content\/uploads\/2025\/08\/cartel-secundaria.png\" class=\"attachment-large size-large wp-image-10777\" alt=\"\" srcset=\"https:\/\/apaliceovalencia.com\/wp-content\/uploads\/2025\/08\/cartel-secundaria.png 534w, https:\/\/apaliceovalencia.com\/wp-content\/uploads\/2025\/08\/cartel-secundaria-480x559.png 480w\" sizes=\"(min-width: 0px) and (max-width: 480px) 480px, (min-width: 481px) 534px, 100vw\" \/>\t\t\t\t\t\t\t\t<\/a>\n\t\t\t\t\t\t\t\t\t\t\t\t\t\t\t<\/div>\n\t\t\t\t<\/div>\n\t\t\t\t<\/div>\n\t\t\t\t\t<\/div>\n\t\t\t\t<\/div>\n\t\t<div class=\"elementor-element elementor-element-244b280 e-grid e-con-boxed e-con e-parent\" data-id=\"244b280\" data-element_type=\"container\" data-e-type=\"container\">\n\t\t\t\t\t<div class=\"e-con-inner\">\n\t\t<div class=\"elementor-element elementor-element-62325df e-con-full e-flex e-con e-child\" data-id=\"62325df\" data-element_type=\"container\" data-e-type=\"container\">\n\t\t\t\t<div class=\"elementor-element elementor-element-07a70b4 elementor-widget elementor-widget-heading\" data-id=\"07a70b4\" data-element_type=\"widget\" data-e-type=\"widget\" data-widget_type=\"heading.default\">\n\t\t\t\t<div class=\"elementor-widget-container\">\n\t\t\t\t\t<h2 class=\"elementor-heading-title elementor-size-default\">Rejoignez l'APAe et Participez<\/h2>\t\t\t\t<\/div>\n\t\t\t\t<\/div>\n\t\t\t\t<\/div>\n\t\t\t\t\t<\/div>\n\t\t\t\t<\/div>\n\t\t<div class=\"elementor-element elementor-element-6a8cce3 e-grid e-con-boxed e-con e-parent\" data-id=\"6a8cce3\" data-element_type=\"container\" data-e-type=\"container\">\n\t\t\t\t\t<div class=\"e-con-inner\">\n\t\t<div class=\"elementor-element elementor-element-ff9b761 e-con-full e-flex e-con e-child\" data-id=\"ff9b761\" data-element_type=\"container\" data-e-type=\"container\">\n\t\t\t\t<div class=\"elementor-element elementor-element-bda2a77 elementor-widget elementor-widget-text-editor\" data-id=\"bda2a77\" data-element_type=\"widget\" data-e-type=\"widget\" data-widget_type=\"text-editor.default\">\n\t\t\t\t<div class=\"elementor-widget-container\">\n\t\t\t\t\t\t\t\t\t<p>Nous serions ravis que vous participiez activement \u00e0 l\u2019Association des Parents d\u2019\u00c9l\u00e8ves (APAe) du Lyc\u00e9e. La vie scolaire est plus riche et dynamique lorsque les parents y prennent part. Nous vous invitons \u00e0 rejoindre l\u2019une de nos commissions, o\u00f9 vous pourrez collaborer \u00e0 l&rsquo;organisation d&rsquo;activit\u00e9s, am\u00e9liorer les services de l&rsquo;\u00e9cole et contribuer au bien-\u00eatre de tous les \u00e9l\u00e8ves.<\/p><p>De plus, vous avez \u00e9galement la possibilit\u00e9 de vous porter candidat pour le<a href=\"https:\/\/apaliceovalencia.com\/fr\/le-conseil-detablissement\/\" target=\"_blank\" rel=\"noopener\"> Conseil d&rsquo;\u00c9tablissement<\/a> (puisque le <a href=\"https:\/\/apaliceovalencia.com\/fr\/le-conseil-decole\/\" target=\"_blank\" rel=\"noopener\">Conseil d&rsquo;\u00c9cole<\/a> est r\u00e9serv\u00e9 aux parents d&rsquo;\u00e9l\u00e8ves du Primaire). Ces organes de participation sont essentiels pour la prise de d\u00e9cisions et l&rsquo;am\u00e9lioration continue du Lyc\u00e9e, permettant aux parents de s&rsquo;impliquer directement dans le d\u00e9veloppement et la qualit\u00e9 \u00e9ducative de l&rsquo;\u00e9tablissement.<\/p><p>Pour plus d&rsquo;informations sur la mani\u00e8re de vous impliquer, que ce soit dans les commissions ou comme candidats aux conseils, vous pouvez visiter notre page des commissions.<\/p>\t\t\t\t\t\t\t\t<\/div>\n\t\t\t\t<\/div>\n\t\t\t\t<\/div>\n\t\t<div class=\"elementor-element elementor-element-0c0d67c e-con-full e-flex e-con e-child\" data-id=\"0c0d67c\" data-element_type=\"container\" data-e-type=\"container\">\n\t\t\t\t<div class=\"elementor-element elementor-element-121cf5f elementor-widget elementor-widget-heading\" data-id=\"121cf5f\" data-element_type=\"widget\" data-e-type=\"widget\" data-widget_type=\"heading.default\">\n\t\t\t\t<div class=\"elementor-widget-container\">\n\t\t\t\t\t<h2 class=\"elementor-heading-title elementor-size-default\">Conseil d'\u00c9tablissement<\/h2>\t\t\t\t<\/div>\n\t\t\t\t<\/div>\n\t\t\t\t<div class=\"elementor-element elementor-element-a93af41 elementor-widget elementor-widget-image\" data-id=\"a93af41\" data-element_type=\"widget\" data-e-type=\"widget\" data-widget_type=\"image.default\">\n\t\t\t\t<div class=\"elementor-widget-container\">\n\t\t\t\t\t\t\t\t\t\t\t\t\t\t\t\t<a href=\"https:\/\/apaliceovalencia.com\/fr\/le-conseil-detablissement\/\" target=\"_blank\">\n\t\t\t\t\t\t\t<img loading=\"lazy\" loading=\"lazy\" decoding=\"async\" width=\"1024\" height=\"1024\" src=\"https:\/\/apaliceovalencia.com\/wp-content\/uploads\/2024\/08\/conseil-_d_etablissement.webp\" class=\"attachment-large size-large wp-image-6369\" alt=\"\" srcset=\"https:\/\/apaliceovalencia.com\/wp-content\/uploads\/2024\/08\/conseil-_d_etablissement.webp 1024w, https:\/\/apaliceovalencia.com\/wp-content\/uploads\/2024\/08\/conseil-_d_etablissement-980x980.webp 980w, https:\/\/apaliceovalencia.com\/wp-content\/uploads\/2024\/08\/conseil-_d_etablissement-480x480.webp 480w\" sizes=\"(min-width: 0px) and (max-width: 480px) 480px, (min-width: 481px) and (max-width: 980px) 980px, (min-width: 981px) 1024px, 100vw\" \/>\t\t\t\t\t\t\t\t<\/a>\n\t\t\t\t\t\t\t\t\t\t\t\t\t\t\t<\/div>\n\t\t\t\t<\/div>\n\t\t\t\t<\/div>\n\t\t\t\t\t<\/div>\n\t\t\t\t<\/div>\n\t\t<div class=\"elementor-element elementor-element-e798326 e-grid e-con-boxed e-con e-parent\" data-id=\"e798326\" data-element_type=\"container\" data-e-type=\"container\" id=\"CONSEILDECLASSE\">\n\t\t\t\t\t<div class=\"e-con-inner\">\n\t\t<div class=\"elementor-element elementor-element-df764d4 e-con-full e-flex e-con e-child\" data-id=\"df764d4\" data-element_type=\"container\" data-e-type=\"container\">\n\t\t\t\t<div class=\"elementor-element elementor-element-96c36b5 elementor-widget elementor-widget-heading\" data-id=\"96c36b5\" data-element_type=\"widget\" data-e-type=\"widget\" data-widget_type=\"heading.default\">\n\t\t\t\t<div class=\"elementor-widget-container\">\n\t\t\t\t\t<h2 class=\"elementor-heading-title elementor-size-default\">Je souhaite \u00eatre D\u00e9l\u00e9gu\u00e9 des Parents au Conseil de Classe<\/h2>\t\t\t\t<\/div>\n\t\t\t\t<\/div>\n\t\t\t\t<div class=\"elementor-element elementor-element-c663c31 elementor-widget elementor-widget-text-editor\" data-id=\"c663c31\" data-element_type=\"widget\" data-e-type=\"widget\" data-widget_type=\"text-editor.default\">\n\t\t\t\t<div class=\"elementor-widget-container\">\n\t\t\t\t\t\t\t\t\t<p>Le Conseil de Classe est un espace fondamental o\u00f9 l&rsquo;on \u00e9value de mani\u00e8re int\u00e9grale le rendement acad\u00e9mique et le d\u00e9veloppement du groupe. Cette rencontre r\u00e9unit la direction de l&rsquo;\u00e9tablissement, les enseignants, les d\u00e9l\u00e9gu\u00e9s des \u00e9l\u00e8ves et, bien s\u00fbr, vous, les Parents D\u00e9l\u00e9gu\u00e9s. En tant que repr\u00e9sentants des parents, vous aurez non seulement l&rsquo;opportunit\u00e9 d\u2019apporter vos perspectives, mais aussi de faire entendre la voix de tous les parents de la classe, en veillant \u00e0 ce que leurs pr\u00e9occupations et observations soient prises en compte.<\/p><p>Il est important de se rappeler que le r\u00f4le des Parents D\u00e9l\u00e9gu\u00e9s dans les Conseils de Classe est crucial pour faciliter le dialogue entre la communaut\u00e9 \u00e9ducative et les familles, en promouvant un environnement de collaboration qui favorise le d\u00e9veloppement de nos enfants. De plus, la pr\u00e9paration pr\u00e9alable aux r\u00e9unions, y compris le contact avec les enseignants pour discuter des sujets sp\u00e9cifiques, permet une participation plus efficace et constructive.<\/p><p>Nous vous encourageons \u00e0 vous inscrire et \u00e0 participer activement \u00e0 ce processus vital pour le bien-\u00eatre et le progr\u00e8s de nos enfants. Ensemble, nous pouvons contribuer \u00e0 cr\u00e9er un environnement \u00e9ducatif plus inclusif et r\u00e9ussi.<\/p>\t\t\t\t\t\t\t\t<\/div>\n\t\t\t\t<\/div>\n\t\t\t\t<div class=\"elementor-element elementor-element-5541499 elementor-widget elementor-widget-html\" data-id=\"5541499\" data-element_type=\"widget\" data-e-type=\"widget\" data-widget_type=\"html.default\">\n\t\t\t\t<div class=\"elementor-widget-container\">\n\t\t\t\t\t<iframe src=\"https:\/\/forms.gle\/vWYqPxZh6zSSH3Cj9\" width=\"640\" height=\"1644\" frameborder=\"0\" marginheight=\"0\" marginwidth=\"0\">Cargando\u2026<\/iframe>\t\t\t\t<\/div>\n\t\t\t\t<\/div>\n\t\t\t\t<\/div>\n\t\t\t\t\t<\/div>\n\t\t\t\t<\/div>\n\t\t<div class=\"elementor-element elementor-element-6928b35 e-flex e-con-boxed e-con e-parent\" data-id=\"6928b35\" data-element_type=\"container\" data-e-type=\"container\">\n\t\t\t\t\t<div class=\"e-con-inner\">\n\t\t<div class=\"elementor-element elementor-element-fb6d447 e-con-full e-flex e-con e-child\" data-id=\"fb6d447\" data-element_type=\"container\" data-e-type=\"container\">\n\t\t\t\t<div class=\"elementor-element elementor-element-c126050 elementor-widget elementor-widget-heading\" data-id=\"c126050\" data-element_type=\"widget\" data-e-type=\"widget\" data-widget_type=\"heading.default\">\n\t\t\t\t<div class=\"elementor-widget-container\">\n\t\t\t\t\t<h2 class=\"elementor-heading-title elementor-size-default\">Commission de Bienvenue\n\n\n\n\n\n\n<\/h2>\t\t\t\t<\/div>\n\t\t\t\t<\/div>\n\t\t\t\t<\/div>\n\t\t<div class=\"elementor-element elementor-element-c4ad7ca e-con-full e-flex e-con e-child\" data-id=\"c4ad7ca\" data-element_type=\"container\" data-e-type=\"container\">\n\t\t\t\t<div class=\"elementor-element elementor-element-a892cb7 elementor-widget elementor-widget-text-editor\" data-id=\"a892cb7\" data-element_type=\"widget\" data-e-type=\"widget\" data-widget_type=\"text-editor.default\">\n\t\t\t\t<div class=\"elementor-widget-container\">\n\t\t\t\t\t\t\t\t\t<p>Si vous avez des questions ou besoin d&rsquo;orientation durant cette nouvelle \u00e9tape, n&rsquo;h\u00e9sitez pas \u00e0 contacter notre Commission de Bienvenue. Nous sommes l\u00e0 pour vous aider et rendre votre exp\u00e9rience au Lyc\u00e9e aussi agr\u00e9able que possible. Vous pouvez nous \u00e9crire \u00e0 <a href=\"mailto:bienvenida@apaliceovalencia.com\" target=\"_blank\" rel=\"noopener\">bienvenida@apaliceovalencia.com<\/a> ou nous appeler au bureau de l&rsquo;APAe.<\/p>\t\t\t\t\t\t\t\t<\/div>\n\t\t\t\t<\/div>\n\t\t\t\t<\/div>\n\t\t\t\t\t<\/div>\n\t\t\t\t<\/div>\n\t\t\t\t<\/div>\n\t\t","protected":false},"excerpt":{"rendered":"<p>Bienvenue au Lyc\u00e9e Fran\u00e7ais de Valence Version Secondaire Chers parents, Nous sommes ravis de vous accueillir chaleureusement dans la communaut\u00e9 du Lyc\u00e9e Fran\u00e7ais de Valencia. Nous savons qu\u2019int\u00e9grer une nouvelle [&hellip;]<\/p>\n","protected":false},"author":8,"featured_media":0,"parent":0,"menu_order":0,"comment_status":"closed","ping_status":"closed","template":"elementor_header_footer","meta":{"_acf_changed":false,"_et_pb_use_builder":"","_et_pb_old_content":"","_et_gb_content_width":"","footnotes":""},"class_list":["post-6526","page","type-page","status-publish","hentry"],"acf":[],"yoast_head":"<!-- This site is optimized with the Yoast SEO plugin v27.1.1 - https:\/\/yoast.com\/product\/yoast-seo-wordpress\/ -->\n<title>La rentr\u00e9e en Secondaire 2025 - APAE Liceo Franc\u00e9s Val\u00e8ncia<\/title>\n<meta name=\"robots\" content=\"index, follow, max-snippet:-1, max-image-preview:large, max-video-preview:-1\" \/>\n<link rel=\"canonical\" href=\"https:\/\/apaliceovalencia.com\/fr\/la-rentree-en-secondaire-2025\/\" \/>\n<meta property=\"og:locale\" content=\"fr_FR\" \/>\n<meta property=\"og:type\" content=\"article\" \/>\n<meta property=\"og:title\" content=\"La rentr\u00e9e en Secondaire 2025 - APAE Liceo Franc\u00e9s Val\u00e8ncia\" \/>\n<meta property=\"og:description\" content=\"Bienvenue au Lyc\u00e9e Fran\u00e7ais de Valence Version Secondaire Chers parents, Nous sommes ravis de vous accueillir chaleureusement dans la communaut\u00e9 du Lyc\u00e9e Fran\u00e7ais de Valencia. Nous savons qu\u2019int\u00e9grer une nouvelle [&hellip;]\" \/>\n<meta property=\"og:url\" content=\"https:\/\/apaliceovalencia.com\/fr\/la-rentree-en-secondaire-2025\/\" \/>\n<meta property=\"og:site_name\" content=\"APAE Liceo Franc\u00e9s Val\u00e8ncia\" \/>\n<meta property=\"article:modified_time\" content=\"2025-09-02T20:42:49+00:00\" \/>\n<meta property=\"og:image\" content=\"https:\/\/apaliceovalencia.com\/wp-content\/uploads\/2025\/08\/caractula-secundaria-cartel-683x1024.png\" \/>\n\t<meta property=\"og:image:width\" content=\"683\" \/>\n\t<meta property=\"og:image:height\" content=\"1024\" \/>\n\t<meta property=\"og:image:type\" content=\"image\/png\" \/>\n<meta name=\"twitter:card\" content=\"summary_large_image\" \/>\n<meta name=\"twitter:label1\" content=\"Dur\u00e9e de lecture estim\u00e9e\" \/>\n\t<meta name=\"twitter:data1\" content=\"4 minutes\" \/>\n<script type=\"application\/ld+json\" class=\"yoast-schema-graph\">{\"@context\":\"https:\/\/schema.org\",\"@graph\":[{\"@type\":\"WebPage\",\"@id\":\"https:\/\/apaliceovalencia.com\/fr\/la-rentree-en-secondaire-2025\/\",\"url\":\"https:\/\/apaliceovalencia.com\/fr\/la-rentree-en-secondaire-2025\/\",\"name\":\"La rentr\u00e9e en Secondaire 2025 - APAE Liceo Franc\u00e9s Val\u00e8ncia\",\"isPartOf\":{\"@id\":\"https:\/\/apaliceovalencia.com\/fr\/#website\"},\"primaryImageOfPage\":{\"@id\":\"https:\/\/apaliceovalencia.com\/fr\/la-rentree-en-secondaire-2025\/#primaryimage\"},\"image\":{\"@id\":\"https:\/\/apaliceovalencia.com\/fr\/la-rentree-en-secondaire-2025\/#primaryimage\"},\"thumbnailUrl\":\"https:\/\/apaliceovalencia.com\/wp-content\/uploads\/2025\/08\/caractula-secundaria-cartel.png\",\"datePublished\":\"2024-08-30T13:28:03+00:00\",\"dateModified\":\"2025-09-02T20:42:49+00:00\",\"breadcrumb\":{\"@id\":\"https:\/\/apaliceovalencia.com\/fr\/la-rentree-en-secondaire-2025\/#breadcrumb\"},\"inLanguage\":\"fr-FR\",\"potentialAction\":[{\"@type\":\"ReadAction\",\"target\":[\"https:\/\/apaliceovalencia.com\/fr\/la-rentree-en-secondaire-2025\/\"]}]},{\"@type\":\"ImageObject\",\"inLanguage\":\"fr-FR\",\"@id\":\"https:\/\/apaliceovalencia.com\/fr\/la-rentree-en-secondaire-2025\/#primaryimage\",\"url\":\"https:\/\/apaliceovalencia.com\/wp-content\/uploads\/2025\/08\/caractula-secundaria-cartel.png\",\"contentUrl\":\"https:\/\/apaliceovalencia.com\/wp-content\/uploads\/2025\/08\/caractula-secundaria-cartel.png\"},{\"@type\":\"BreadcrumbList\",\"@id\":\"https:\/\/apaliceovalencia.com\/fr\/la-rentree-en-secondaire-2025\/#breadcrumb\",\"itemListElement\":[{\"@type\":\"ListItem\",\"position\":1,\"name\":\"Home\",\"item\":\"https:\/\/apaliceovalencia.com\/fr\/\"},{\"@type\":\"ListItem\",\"position\":2,\"name\":\"La rentr\u00e9e en Secondaire 2025\"}]},{\"@type\":\"WebSite\",\"@id\":\"https:\/\/apaliceovalencia.com\/fr\/#website\",\"url\":\"https:\/\/apaliceovalencia.com\/fr\/\",\"name\":\"APAE Liceo Franc\u00e9s Val\u00e8ncia\",\"description\":\"Asocaci\u00f3n de padres de alumnos Lyc\u00e9e Fran\u00e7ais de Val\u00e8ncia\",\"potentialAction\":[{\"@type\":\"SearchAction\",\"target\":{\"@type\":\"EntryPoint\",\"urlTemplate\":\"https:\/\/apaliceovalencia.com\/fr\/?s={search_term_string}\"},\"query-input\":{\"@type\":\"PropertyValueSpecification\",\"valueRequired\":true,\"valueName\":\"search_term_string\"}}],\"inLanguage\":\"fr-FR\"}]}<\/script>\n<!-- \/ Yoast SEO plugin. -->","yoast_head_json":{"title":"La rentr\u00e9e en Secondaire 2025 - APAE Liceo Franc\u00e9s Val\u00e8ncia","robots":{"index":"index","follow":"follow","max-snippet":"max-snippet:-1","max-image-preview":"max-image-preview:large","max-video-preview":"max-video-preview:-1"},"canonical":"https:\/\/apaliceovalencia.com\/fr\/la-rentree-en-secondaire-2025\/","og_locale":"fr_FR","og_type":"article","og_title":"La rentr\u00e9e en Secondaire 2025 - APAE Liceo Franc\u00e9s Val\u00e8ncia","og_description":"Bienvenue au Lyc\u00e9e Fran\u00e7ais de Valence Version Secondaire Chers parents, Nous sommes ravis de vous accueillir chaleureusement dans la communaut\u00e9 du Lyc\u00e9e Fran\u00e7ais de Valencia. Nous savons qu\u2019int\u00e9grer une nouvelle [&hellip;]","og_url":"https:\/\/apaliceovalencia.com\/fr\/la-rentree-en-secondaire-2025\/","og_site_name":"APAE Liceo Franc\u00e9s Val\u00e8ncia","article_modified_time":"2025-09-02T20:42:49+00:00","og_image":[{"width":683,"height":1024,"url":"https:\/\/apaliceovalencia.com\/wp-content\/uploads\/2025\/08\/caractula-secundaria-cartel-683x1024.png","type":"image\/png"}],"twitter_card":"summary_large_image","twitter_misc":{"Dur\u00e9e de lecture estim\u00e9e":"4 minutes"},"schema":{"@context":"https:\/\/schema.org","@graph":[{"@type":"WebPage","@id":"https:\/\/apaliceovalencia.com\/fr\/la-rentree-en-secondaire-2025\/","url":"https:\/\/apaliceovalencia.com\/fr\/la-rentree-en-secondaire-2025\/","name":"La rentr\u00e9e en Secondaire 2025 - APAE Liceo Franc\u00e9s Val\u00e8ncia","isPartOf":{"@id":"https:\/\/apaliceovalencia.com\/fr\/#website"},"primaryImageOfPage":{"@id":"https:\/\/apaliceovalencia.com\/fr\/la-rentree-en-secondaire-2025\/#primaryimage"},"image":{"@id":"https:\/\/apaliceovalencia.com\/fr\/la-rentree-en-secondaire-2025\/#primaryimage"},"thumbnailUrl":"https:\/\/apaliceovalencia.com\/wp-content\/uploads\/2025\/08\/caractula-secundaria-cartel.png","datePublished":"2024-08-30T13:28:03+00:00","dateModified":"2025-09-02T20:42:49+00:00","breadcrumb":{"@id":"https:\/\/apaliceovalencia.com\/fr\/la-rentree-en-secondaire-2025\/#breadcrumb"},"inLanguage":"fr-FR","potentialAction":[{"@type":"ReadAction","target":["https:\/\/apaliceovalencia.com\/fr\/la-rentree-en-secondaire-2025\/"]}]},{"@type":"ImageObject","inLanguage":"fr-FR","@id":"https:\/\/apaliceovalencia.com\/fr\/la-rentree-en-secondaire-2025\/#primaryimage","url":"https:\/\/apaliceovalencia.com\/wp-content\/uploads\/2025\/08\/caractula-secundaria-cartel.png","contentUrl":"https:\/\/apaliceovalencia.com\/wp-content\/uploads\/2025\/08\/caractula-secundaria-cartel.png"},{"@type":"BreadcrumbList","@id":"https:\/\/apaliceovalencia.com\/fr\/la-rentree-en-secondaire-2025\/#breadcrumb","itemListElement":[{"@type":"ListItem","position":1,"name":"Home","item":"https:\/\/apaliceovalencia.com\/fr\/"},{"@type":"ListItem","position":2,"name":"La rentr\u00e9e en Secondaire 2025"}]},{"@type":"WebSite","@id":"https:\/\/apaliceovalencia.com\/fr\/#website","url":"https:\/\/apaliceovalencia.com\/fr\/","name":"APAE Liceo Franc\u00e9s Val\u00e8ncia","description":"Asocaci\u00f3n de padres de alumnos Lyc\u00e9e Fran\u00e7ais de Val\u00e8ncia","potentialAction":[{"@type":"SearchAction","target":{"@type":"EntryPoint","urlTemplate":"https:\/\/apaliceovalencia.com\/fr\/?s={search_term_string}"},"query-input":{"@type":"PropertyValueSpecification","valueRequired":true,"valueName":"search_term_string"}}],"inLanguage":"fr-FR"}]}},"_links":{"self":[{"href":"https:\/\/apaliceovalencia.com\/fr\/wp-json\/wp\/v2\/pages\/6526","targetHints":{"allow":["GET"]}}],"collection":[{"href":"https:\/\/apaliceovalencia.com\/fr\/wp-json\/wp\/v2\/pages"}],"about":[{"href":"https:\/\/apaliceovalencia.com\/fr\/wp-json\/wp\/v2\/types\/page"}],"author":[{"embeddable":true,"href":"https:\/\/apaliceovalencia.com\/fr\/wp-json\/wp\/v2\/users\/8"}],"replies":[{"embeddable":true,"href":"https:\/\/apaliceovalencia.com\/fr\/wp-json\/wp\/v2\/comments?post=6526"}],"version-history":[{"count":29,"href":"https:\/\/apaliceovalencia.com\/fr\/wp-json\/wp\/v2\/pages\/6526\/revisions"}],"predecessor-version":[{"id":11045,"href":"https:\/\/apaliceovalencia.com\/fr\/wp-json\/wp\/v2\/pages\/6526\/revisions\/11045"}],"wp:attachment":[{"href":"https:\/\/apaliceovalencia.com\/fr\/wp-json\/wp\/v2\/media?parent=6526"}],"curies":[{"name":"wp","href":"https:\/\/api.w.org\/{rel}","templated":true}]}}