{"id":760,"date":"2022-07-13T16:41:03","date_gmt":"2022-07-13T16:41:03","guid":{"rendered":"https:\/\/apaliceovalencia.com\/newsletters\/"},"modified":"2025-07-11T10:27:24","modified_gmt":"2025-07-11T10:27:24","slug":"newsletters","status":"publish","type":"page","link":"https:\/\/apaliceovalencia.com\/fr\/newsletters\/","title":{"rendered":"Newsletters"},"content":{"rendered":"<p>Un des objectifs de l\u2019Association des Parents d\u2019\u00c9l\u00e8ves du Lyc\u00e9e Fran\u00e7ais de Valence est de parvenir \u00e0 avoir une communication fluide avec les parents. Afin d\u2019informer toutes les familles membres de l\u2019association, nous envoyons une newsletter par email tous les mois.<\/p>\n<p>&nbsp;<\/p>\n","protected":false},"excerpt":{"rendered":"<p>Un des objectifs de l\u2019Association des Parents d\u2019\u00c9l\u00e8ves du Lyc\u00e9e Fran\u00e7ais de Valence est de parvenir \u00e0 avoir une communication fluide avec les parents. Afin d\u2019informer toutes les familles membres [&hellip;]<\/p>\n","protected":false},"author":1,"featured_media":0,"parent":0,"menu_order":0,"comment_status":"closed","ping_status":"closed","template":"page_img-izqda-texto-derecha.php","meta":{"_acf_changed":false,"_et_pb_use_builder":"","_et_pb_old_content":"","_et_gb_content_width":"","footnotes":""},"class_list":["post-760","page","type-page","status-publish","hentry"],"acf":[],"yoast_head":"<!-- This site is optimized with the Yoast SEO plugin v27.1.1 - https:\/\/yoast.com\/product\/yoast-seo-wordpress\/ -->\n<title>Newsletters - APAE Liceo Franc\u00e9s Val\u00e8ncia<\/title>\n<meta name=\"robots\" content=\"index, follow, max-snippet:-1, max-image-preview:large, max-video-preview:-1\" \/>\n<link rel=\"canonical\" href=\"https:\/\/apaliceovalencia.com\/fr\/newsletters\/\" \/>\n<meta property=\"og:locale\" content=\"fr_FR\" \/>\n<meta property=\"og:type\" content=\"article\" \/>\n<meta property=\"og:title\" content=\"Newsletters - APAE Liceo Franc\u00e9s Val\u00e8ncia\" \/>\n<meta property=\"og:description\" content=\"Un des objectifs de l\u2019Association des Parents d\u2019\u00c9l\u00e8ves du Lyc\u00e9e Fran\u00e7ais de Valence est de parvenir \u00e0 avoir une communication fluide avec les parents. Afin d\u2019informer toutes les familles membres [&hellip;]\" \/>\n<meta property=\"og:url\" content=\"https:\/\/apaliceovalencia.com\/fr\/newsletters\/\" \/>\n<meta property=\"og:site_name\" content=\"APAE Liceo Franc\u00e9s Val\u00e8ncia\" \/>\n<meta property=\"article:modified_time\" content=\"2025-07-11T10:27:24+00:00\" \/>\n<meta name=\"twitter:card\" content=\"summary_large_image\" \/>\n<meta name=\"twitter:label1\" content=\"Dur\u00e9e de lecture estim\u00e9e\" \/>\n\t<meta name=\"twitter:data1\" content=\"1 minute\" \/>\n<script type=\"application\/ld+json\" class=\"yoast-schema-graph\">{\"@context\":\"https:\/\/schema.org\",\"@graph\":[{\"@type\":\"WebPage\",\"@id\":\"https:\/\/apaliceovalencia.com\/fr\/newsletters\/\",\"url\":\"https:\/\/apaliceovalencia.com\/fr\/newsletters\/\",\"name\":\"Newsletters - APAE Liceo Franc\u00e9s Val\u00e8ncia\",\"isPartOf\":{\"@id\":\"https:\/\/apaliceovalencia.com\/fr\/#website\"},\"datePublished\":\"2022-07-13T16:41:03+00:00\",\"dateModified\":\"2025-07-11T10:27:24+00:00\",\"breadcrumb\":{\"@id\":\"https:\/\/apaliceovalencia.com\/fr\/newsletters\/#breadcrumb\"},\"inLanguage\":\"fr-FR\",\"potentialAction\":[{\"@type\":\"ReadAction\",\"target\":[\"https:\/\/apaliceovalencia.com\/fr\/newsletters\/\"]}]},{\"@type\":\"BreadcrumbList\",\"@id\":\"https:\/\/apaliceovalencia.com\/fr\/newsletters\/#breadcrumb\",\"itemListElement\":[{\"@type\":\"ListItem\",\"position\":1,\"name\":\"Home\",\"item\":\"https:\/\/apaliceovalencia.com\/fr\/\"},{\"@type\":\"ListItem\",\"position\":2,\"name\":\"Newsletters\"}]},{\"@type\":\"WebSite\",\"@id\":\"https:\/\/apaliceovalencia.com\/fr\/#website\",\"url\":\"https:\/\/apaliceovalencia.com\/fr\/\",\"name\":\"APAE Liceo Franc\u00e9s Val\u00e8ncia\",\"description\":\"Asocaci\u00f3n de padres de alumnos Lyc\u00e9e Fran\u00e7ais de Val\u00e8ncia\",\"potentialAction\":[{\"@type\":\"SearchAction\",\"target\":{\"@type\":\"EntryPoint\",\"urlTemplate\":\"https:\/\/apaliceovalencia.com\/fr\/?s={search_term_string}\"},\"query-input\":{\"@type\":\"PropertyValueSpecification\",\"valueRequired\":true,\"valueName\":\"search_term_string\"}}],\"inLanguage\":\"fr-FR\"}]}<\/script>\n<!-- \/ Yoast SEO plugin. -->","yoast_head_json":{"title":"Newsletters - APAE Liceo Franc\u00e9s Val\u00e8ncia","robots":{"index":"index","follow":"follow","max-snippet":"max-snippet:-1","max-image-preview":"max-image-preview:large","max-video-preview":"max-video-preview:-1"},"canonical":"https:\/\/apaliceovalencia.com\/fr\/newsletters\/","og_locale":"fr_FR","og_type":"article","og_title":"Newsletters - APAE Liceo Franc\u00e9s Val\u00e8ncia","og_description":"Un des objectifs de l\u2019Association des Parents d\u2019\u00c9l\u00e8ves du Lyc\u00e9e Fran\u00e7ais de Valence est de parvenir \u00e0 avoir une communication fluide avec les parents. Afin d\u2019informer toutes les familles membres [&hellip;]","og_url":"https:\/\/apaliceovalencia.com\/fr\/newsletters\/","og_site_name":"APAE Liceo Franc\u00e9s Val\u00e8ncia","article_modified_time":"2025-07-11T10:27:24+00:00","twitter_card":"summary_large_image","twitter_misc":{"Dur\u00e9e de lecture estim\u00e9e":"1 minute"},"schema":{"@context":"https:\/\/schema.org","@graph":[{"@type":"WebPage","@id":"https:\/\/apaliceovalencia.com\/fr\/newsletters\/","url":"https:\/\/apaliceovalencia.com\/fr\/newsletters\/","name":"Newsletters - APAE Liceo Franc\u00e9s Val\u00e8ncia","isPartOf":{"@id":"https:\/\/apaliceovalencia.com\/fr\/#website"},"datePublished":"2022-07-13T16:41:03+00:00","dateModified":"2025-07-11T10:27:24+00:00","breadcrumb":{"@id":"https:\/\/apaliceovalencia.com\/fr\/newsletters\/#breadcrumb"},"inLanguage":"fr-FR","potentialAction":[{"@type":"ReadAction","target":["https:\/\/apaliceovalencia.com\/fr\/newsletters\/"]}]},{"@type":"BreadcrumbList","@id":"https:\/\/apaliceovalencia.com\/fr\/newsletters\/#breadcrumb","itemListElement":[{"@type":"ListItem","position":1,"name":"Home","item":"https:\/\/apaliceovalencia.com\/fr\/"},{"@type":"ListItem","position":2,"name":"Newsletters"}]},{"@type":"WebSite","@id":"https:\/\/apaliceovalencia.com\/fr\/#website","url":"https:\/\/apaliceovalencia.com\/fr\/","name":"APAE Liceo Franc\u00e9s Val\u00e8ncia","description":"Asocaci\u00f3n de padres de alumnos Lyc\u00e9e Fran\u00e7ais de Val\u00e8ncia","potentialAction":[{"@type":"SearchAction","target":{"@type":"EntryPoint","urlTemplate":"https:\/\/apaliceovalencia.com\/fr\/?s={search_term_string}"},"query-input":{"@type":"PropertyValueSpecification","valueRequired":true,"valueName":"search_term_string"}}],"inLanguage":"fr-FR"}]}},"_links":{"self":[{"href":"https:\/\/apaliceovalencia.com\/fr\/wp-json\/wp\/v2\/pages\/760","targetHints":{"allow":["GET"]}}],"collection":[{"href":"https:\/\/apaliceovalencia.com\/fr\/wp-json\/wp\/v2\/pages"}],"about":[{"href":"https:\/\/apaliceovalencia.com\/fr\/wp-json\/wp\/v2\/types\/page"}],"author":[{"embeddable":true,"href":"https:\/\/apaliceovalencia.com\/fr\/wp-json\/wp\/v2\/users\/1"}],"replies":[{"embeddable":true,"href":"https:\/\/apaliceovalencia.com\/fr\/wp-json\/wp\/v2\/comments?post=760"}],"version-history":[{"count":7,"href":"https:\/\/apaliceovalencia.com\/fr\/wp-json\/wp\/v2\/pages\/760\/revisions"}],"predecessor-version":[{"id":10548,"href":"https:\/\/apaliceovalencia.com\/fr\/wp-json\/wp\/v2\/pages\/760\/revisions\/10548"}],"wp:attachment":[{"href":"https:\/\/apaliceovalencia.com\/fr\/wp-json\/wp\/v2\/media?parent=760"}],"curies":[{"name":"wp","href":"https:\/\/api.w.org\/{rel}","templated":true}]}}